{"id":2422,"date":"2025-01-03T08:14:39","date_gmt":"2025-01-03T05:14:39","guid":{"rendered":"https:\/\/klasikdusunceokulu.com\/?page_id=2422"},"modified":"2025-01-04T22:39:37","modified_gmt":"2025-01-04T19:39:37","slug":"ekrem-demirli-islam-dusuncesine-giris-2","status":"publish","type":"page","link":"https:\/\/klasikdusunceokulu.com\/index.php\/ekrem-demirli-islam-dusuncesine-giris-2\/","title":{"rendered":"Ekrem Demirli: \u0130slam D\u00fc\u015f\u00fcncesine Giri\u015f 2"},"content":{"rendered":"<div class=\"fusion-fullwidth fullwidth-box fusion-builder-row-1 fusion-flex-container nonhundred-percent-fullwidth non-hundred-percent-height-scrolling\" style=\"--awb-border-radius-top-left:0px;--awb-border-radius-top-right:0px;--awb-border-radius-bottom-right:0px;--awb-border-radius-bottom-left:0px;--awb-flex-wrap:wrap;\" ><div class=\"fusion-builder-row fusion-row fusion-flex-align-items-flex-start fusion-flex-content-wrap\" style=\"max-width:1248px;margin-left: calc(-4% \/ 2 );margin-right: calc(-4% \/ 2 );\"><div class=\"fusion-layout-column fusion_builder_column fusion-builder-column-0 fusion_builder_column_1_1 1_1 fusion-flex-column\" style=\"--awb-bg-size:cover;--awb-width-large:100%;--awb-margin-top-large:0px;--awb-spacing-right-large:1.92%;--awb-margin-bottom-large:0px;--awb-spacing-left-large:1.92%;--awb-width-medium:100%;--awb-spacing-right-medium:1.92%;--awb-spacing-left-medium:1.92%;--awb-width-small:100%;--awb-spacing-right-small:1.92%;--awb-spacing-left-small:1.92%;\"><div class=\"fusion-column-wrapper fusion-flex-justify-content-flex-start fusion-content-layout-column\"><div class=\"fusion-text fusion-text-1\"><p><b data-fusion-font=\"true\" data-fusion-google-font=\"Roboto Slab\" data-fusion-google-variant=\"400\" style=\"font-family: 'Roboto Slab'; font-size: 20px;\">EKREM DEM\u0130RL\u0130: \u0130SLAM D\u00dc\u015e\u00dcNCES\u0130NE G\u0130R\u0130\u015e 2. SEM\u0130NER \u00d6ZET\u0130   <\/b><\/p>\n<p>   Bu seminerde \u0130slam d\u00fc\u015f\u00fcncesinde kullan\u0131lan kavramlar\u0131n anlam ve s\u0131n\u0131rlar\u0131n\u0131n sorgulanmas\u0131 \u00fczerinde durulmu\u015ftur. &#8220;\u0130slam D\u00fc\u015f\u00fcncesi,&#8221; &#8220;\u0130slam Medeniyeti,&#8221; ve &#8220;\u0130slam Bilimleri&#8221; gibi kavramlar\u0131n i\u00e7eri\u011fi tarihsel ve entelekt\u00fcel ba\u011flamda ele al\u0131nm\u0131\u015ft\u0131r. Bu kavramlar\u0131n homojen bir yap\u0131ya i\u015faret etmedi\u011fi ve uzun bir tarihsel s\u00fcre\u00e7te farkl\u0131 toplumsal ba\u011flamlarda \u015fekillendi\u011fi belirtilmi\u015ftir.<\/p>\n<p>   Seminerde ayr\u0131ca, Bat\u0131&#8217;da kullan\u0131lan &#8220;orta\u00e7a\u011f&#8221; kavram\u0131n\u0131n M\u00fcsl\u00fcman d\u00fcnyada kabul edilmemesi ve bu durumun neden oldu\u011fu sorunlar tart\u0131\u015f\u0131lm\u0131\u015ft\u0131r. M\u00fcsl\u00fcman entelekt\u00fceller, orta\u00e7a\u011f d\u00fc\u015f\u00fcncesini bir &#8220;a\u015f\u0131lm\u0131\u015fl\u0131k&#8221; fikriyle ele\u015ftiren modern yakla\u015f\u0131mlar\u0131 reddetmi\u015ftir. Bununla birlikte, tarihsel bir perspektifin eksikli\u011fi, \u0130slam d\u00fc\u015f\u00fcncesinin evrensellik iddias\u0131n\u0131 sorgulan\u0131r hale getirmi\u015ftir.<\/p>\n<p>   Bir ba\u015fka \u00f6nemli nokta, \u0130slam felsefesinin Grek miras\u0131n\u0131 Arap\u00e7a&#8217;ya uyarlad\u0131\u011f\u0131 ilk sistemli d\u00fc\u015f\u00fcnce olarak de\u011ferlendirilmesidir. Ancak, bu d\u00fc\u015f\u00fcncenin tarihsel ba\u011flam\u0131 \u00e7o\u011funlukla g\u00f6z ard\u0131 edilmektedir. Seminer, kavramsal kesinli\u011fe ve tan\u0131mlamaya duyulan ihtiyac\u0131 vurgulam\u0131\u015f, b\u00fcy\u00fck anlat\u0131lardan daha minimal ve net kavramlara ge\u00e7i\u015f gereklili\u011fini ortaya koymu\u015ftur.<\/p>\n<p>   This seminar focused on the conceptual and definitional challenges of Islamic thought. Terms like &#8220;Islamic Thought,&#8221; &#8220;Islamic Civilization,&#8221; and &#8220;Islamic Sciences&#8221; were critically examined for their historical and intellectual context. It was noted that these concepts are not homogeneous and were shaped across diverse social and historical contexts.<\/p>\n<p>   The seminar also discussed the rejection of the term &#8220;medieval&#8221; in the Muslim world and the issues arising from this rejection. While modern perspectives criticized medieval thought as &#8220;outdated,&#8221; Muslim intellectuals resisted such notions, aiming to preserve the timeless relevance of Islamic thought. However, this lack of historical perspective has sometimes challenged the universal claims of Islamic philosophy.<\/p>\n<p>   Another key point was the evaluation of Islamic philosophy as the first systematic adaptation of Greek thought into Arabic. Yet, the historical context of this adaptation is often overlooked. The seminar emphasized the need for conceptual clarity and precise definitions, advocating a move away from broad narratives toward more minimalistic and focused terminologies.<\/p><\/p>\n<\/div><\/div><\/div><\/div><\/div>\n","protected":false},"excerpt":{"rendered":"","protected":false},"author":1,"featured_media":0,"parent":0,"menu_order":0,"comment_status":"closed","ping_status":"closed","template":"100-width.php","meta":{"footnotes":""},"class_list":["post-2422","page","type-page","status-publish","hentry"],"jetpack_sharing_enabled":true,"_links":{"self":[{"href":"https:\/\/klasikdusunceokulu.com\/index.php\/wp-json\/wp\/v2\/pages\/2422","targetHints":{"allow":["GET"]}}],"collection":[{"href":"https:\/\/klasikdusunceokulu.com\/index.php\/wp-json\/wp\/v2\/pages"}],"about":[{"href":"https:\/\/klasikdusunceokulu.com\/index.php\/wp-json\/wp\/v2\/types\/page"}],"author":[{"embeddable":true,"href":"https:\/\/klasikdusunceokulu.com\/index.php\/wp-json\/wp\/v2\/users\/1"}],"replies":[{"embeddable":true,"href":"https:\/\/klasikdusunceokulu.com\/index.php\/wp-json\/wp\/v2\/comments?post=2422"}],"version-history":[{"count":3,"href":"https:\/\/klasikdusunceokulu.com\/index.php\/wp-json\/wp\/v2\/pages\/2422\/revisions"}],"predecessor-version":[{"id":2484,"href":"https:\/\/klasikdusunceokulu.com\/index.php\/wp-json\/wp\/v2\/pages\/2422\/revisions\/2484"}],"wp:attachment":[{"href":"https:\/\/klasikdusunceokulu.com\/index.php\/wp-json\/wp\/v2\/media?parent=2422"}],"curies":[{"name":"wp","href":"https:\/\/api.w.org\/{rel}","templated":true}]}}