{"id":3325,"date":"2025-02-26T14:36:33","date_gmt":"2025-02-26T11:36:33","guid":{"rendered":"https:\/\/klasikdusunceokulu.com\/?page_id=3325"},"modified":"2025-02-26T14:36:33","modified_gmt":"2025-02-26T11:36:33","slug":"ferruh-ozpilavci-mantik-okumalari-katibi-es-semsiyye-9","status":"publish","type":"page","link":"https:\/\/klasikdusunceokulu.com\/index.php\/ferruh-ozpilavci-mantik-okumalari-katibi-es-semsiyye-9\/","title":{"rendered":"Ferruh \u00d6zpilavc\u0131, Mant\u0131k Okumalar\u0131: K\u00e2tib\u00ee, e\u015f-\u015eemsiyye 9"},"content":{"rendered":"<p><strong>FERRUH \u00d6ZP\u0130LAVCI, MANTIK OKUMALARI: K\u00c2T\u0130B\u00ce, E\u015e-\u015eEMS\u0130YYE 9. SEM\u0130NER \u00d6ZET\u0130<\/strong><\/p>\n<p>Bu seminer, K\u00e2tib\u00ee\u2019nin <em>e\u015f-\u015eemsiyye<\/em> adl\u0131 eserinde yer alan <strong>be\u015f t\u00fcmel kavram\u0131<\/strong>n\u0131 (k\u00fclliyat-\u0131 hams) detayl\u0131 bir \u015fekilde ele al\u0131r. Be\u015f t\u00fcmelin (<em>cins<\/em>, <em>t\u00fcr<\/em>, <em>fas\u0131l<\/em>, <em>hassa<\/em>, <em>araz<\/em>) mant\u0131ksal ve dilsel ba\u011flamlardaki i\u015flevleri, s\u0131n\u0131fland\u0131rma sistemine katk\u0131lar\u0131 ve epistemolojik temelleri tart\u0131\u015f\u0131lm\u0131\u015ft\u0131r. Ayr\u0131ca, t\u00fcmel ve tikel kavramlar\u0131 aras\u0131ndaki ayr\u0131mlar, onlar\u0131n zihinsel tasavvurlar ve dilsel ifadeler \u00fczerinden analiz edilmesi ba\u011flam\u0131nda ele al\u0131nm\u0131\u015ft\u0131r.<\/p>\n<p><strong>Ana Temalar<\/strong><\/p>\n<ol>\n<li><strong>Be\u015f T\u00fcmel (K\u00fclliyat-\u0131 Hams) ve Analizi<\/strong>\n<ul>\n<li><strong>Cins:<\/strong> T\u00fcmellerin bir alt grubu olarak ele al\u0131n\u0131r; farkl\u0131 t\u00fcrler aras\u0131nda ortak bir nitelik ta\u015f\u0131r ve bunlar\u0131 kapsar.<\/li>\n<li><strong>T\u00fcr:<\/strong> Cinsin bir alt seviyesinde yer al\u0131r; belirli bir gruba \u00f6zg\u00fc nitelikler ifade eder.<\/li>\n<li><strong>Fas\u0131l:<\/strong> T\u00fcrleri birbirinden ay\u0131ran \u00f6zelliklere dayan\u0131r ve \u00f6zg\u00fcn ayr\u0131\u015ft\u0131r\u0131c\u0131 bir unsurdur.<\/li>\n<li><strong>Hassa:<\/strong> Sadece belirli bir t\u00fcre \u00f6zg\u00fc, ancak onun mahiyetinden olmayan \u00f6zelliklerdir.<\/li>\n<li><strong>Araz:<\/strong> T\u00fcr\u00fcn ge\u00e7ici, mahiyetinden ba\u011f\u0131ms\u0131z \u00f6zelliklerini temsil eder.<\/li>\n<\/ul>\n<\/li>\n<li><strong>T\u00fcmel ve Tikel Ayr\u0131m\u0131:<\/strong>\n<ul>\n<li>K\u00fclli (t\u00fcmel) kavramlar, birden \u00e7ok nesneye y\u00fcklenebilirken; c\u00fcz\u2019i (tikel) kavramlar, yaln\u0131zca tek bir bireye \u00f6zg\u00fcd\u00fcr.<\/li>\n<li>Seminerde, &#8220;t\u00fcmel kavramlar\u0131n zihinde nas\u0131l soyutland\u0131\u011f\u0131&#8221; ve &#8220;d\u0131\u015f d\u00fcnyadaki kar\u015f\u0131l\u0131klar\u0131n\u0131n ne \u015fekilde y\u00fcklendi\u011fi&#8221; tart\u0131\u015f\u0131lm\u0131\u015ft\u0131r.<\/li>\n<\/ul>\n<\/li>\n<li><strong>Zihinsel Soyutlama S\u00fcreci:<\/strong>\n<ul>\n<li>\u0130nsan zihninin tikellerden t\u00fcmellere ula\u015fmas\u0131, soyutlama yoluyla kavramlar\u0131n in\u015fa edilmesi olarak a\u00e7\u0131klanm\u0131\u015ft\u0131r.<\/li>\n<li>\u00d6rnek olarak \u201cg\u00fcl\u201d ve \u201c\u00e7i\u00e7ek\u201d kavramlar\u0131 \u00fczerinden t\u00fcr ve cins ili\u015fkisi derinlemesine incelenmi\u015ftir.<\/li>\n<\/ul>\n<\/li>\n<li><strong>Hakiki T\u00fcr ile Ferdi T\u00fcr Ayr\u0131m\u0131:<\/strong>\n<ul>\n<li>Hakiki t\u00fcr, ortak bir mahiyet ta\u015f\u0131yan \u00e7oklu\u011fa y\u00fcklenebilirken; ferdi t\u00fcr, bir birey veya nesneye \u00f6zg\u00fc bir t\u00fcr olarak tan\u0131mlan\u0131r.<\/li>\n<li>\u00d6rne\u011fin, &#8220;insan&#8221; hakiki t\u00fcrd\u00fcr, ancak \u201ctek bir g\u00fcne\u015f sistemi\u201d bir ferdi t\u00fcrd\u00fcr.<\/li>\n<\/ul>\n<\/li>\n<li><strong>Mahiyet ve Delalet \u0130li\u015fkisi:<\/strong>\n<ul>\n<li>Mahiyetin ya tamam\u0131n\u0131 ya bir k\u0131sm\u0131n\u0131 ifade eden t\u00fcmellerin delalet sistemine etkisi incelenmi\u015ftir.<\/li>\n<li>\u201c\u00c7i\u00e7ek\u201d kelimesi, g\u00fcle ve papatyaya ortak bir mahiyeti ifade ederken, \u201cg\u00fcl\u201d daha dar kapsaml\u0131d\u0131r.<\/li>\n<\/ul>\n<\/li>\n<li><strong>Cins ve T\u00fcr\u00fcn Hiyerar\u015fik Yap\u0131s\u0131:<\/strong>\n<ul>\n<li>Cins ve t\u00fcr kavramlar\u0131n\u0131n mant\u0131ksal bir hiyerar\u015fi i\u00e7inde nas\u0131l yer ald\u0131\u011f\u0131 a\u00e7\u0131klanm\u0131\u015ft\u0131r.<\/li>\n<li>Yak\u0131n ve uzak cins ayr\u0131mlar\u0131 detayland\u0131r\u0131lm\u0131\u015ft\u0131r:\n<ul>\n<li><strong>Yak\u0131n Cins:<\/strong> Daha \u00f6zel bir grubu ifade eder (\u00f6r. &#8220;\u00e7i\u00e7ek&#8221;).<\/li>\n<li><strong>Uzak Cins:<\/strong> Daha genel bir grubu ifade eder (\u00f6r. &#8220;bitki&#8221;).<\/li>\n<\/ul>\n<\/li>\n<\/ul>\n<\/li>\n<li><strong>\u00d6rneklerle A\u00e7\u0131klama:<\/strong>\n<ul>\n<li>\u201cG\u00fcl\u201d hem bireysel hem de t\u00fcrsel bir nitelik ta\u015f\u0131rken, &#8220;\u00e7i\u00e7ek&#8221; bir cins olarak di\u011fer t\u00fcrlerle ortakla\u015fan mahiyeti temsil eder.<\/li>\n<li>Geometrik \u015fekiller gibi soyut kavramlarla ba\u011flant\u0131lar kurularak kavramlar somutla\u015ft\u0131r\u0131lm\u0131\u015ft\u0131r.<\/li>\n<\/ul>\n<\/li>\n<\/ol>\n<p><strong>Sonu\u00e7<\/strong><\/p>\n<p>Bu seminer, be\u015f t\u00fcmel kavram\u0131n\u0131n mant\u0131k i\u00e7indeki yerini, i\u015flevlerini ve bunlar\u0131n insan zihni taraf\u0131ndan nas\u0131l anla\u015f\u0131ld\u0131\u011f\u0131n\u0131 kapsaml\u0131 bir \u015fekilde analiz eder. T\u00fcmel ve tikel aras\u0131ndaki ayr\u0131mlar, zihinsel soyutlama s\u00fcre\u00e7leri ve delalet ili\u015fkileri, \u0130slam mant\u0131k gelene\u011fi ba\u011flam\u0131nda a\u00e7\u0131klanm\u0131\u015ft\u0131r. K\u00e2tib\u00ee\u2019nin detayl\u0131 ve sistematik yakla\u015f\u0131m\u0131, \u00f6zellikle mant\u0131\u011f\u0131n kavramlar aras\u0131 ili\u015fkileri inceleyen boyutuna g\u00fc\u00e7l\u00fc bir katk\u0131 sa\u011flar.<\/p>\n<p>&nbsp;<\/p>\n<p>This seminar explores the <strong>five universals<\/strong> (<em>kulliyat-i khams<\/em>) as discussed in K\u00e2tib\u00ee\u2019s <em>al-Shamsiyyah<\/em>. The logical and linguistic functions of the five universals (<em>genus, species, differentia, proprium, accident<\/em>) are analyzed, focusing on their role in classification systems and their epistemological foundations. The distinctions between universals and particulars are also discussed, particularly regarding their mental representations and linguistic expressions.<\/p>\n<p><strong>Key Themes<\/strong><\/p>\n<ol>\n<li><strong>The Five Universals (Kulliyat-i Khams) and Their Analysis<\/strong>\n<ul>\n<li><strong>Genus (<em>Jins<\/em>):<\/strong> Represents a broader category encompassing multiple species that share a common characteristic.<\/li>\n<li><strong>Species (<em>Naw\u2018<\/em>):<\/strong> A subgroup of a genus with specific distinguishing traits.<\/li>\n<li><strong>Differentia (<em>Fasl<\/em>):<\/strong> The unique feature that separates one species from another.<\/li>\n<li><strong>Proprium (<em>Khasa<\/em>):<\/strong> A characteristic unique to a species but not part of its essence.<\/li>\n<li><strong>Accident (<em>Aradh<\/em>):<\/strong> Non-essential and transient attributes of a species.<\/li>\n<\/ul>\n<\/li>\n<li><strong>Distinction Between Universal and Particular:<\/strong>\n<ul>\n<li>Universal (<em>kulli<\/em>) concepts can apply to multiple objects, while particular (<em>juz\u2019i<\/em>) concepts are restricted to individual instances.<\/li>\n<li>The seminar discusses how universal concepts are abstracted in the mind and how they are attributed to external objects.<\/li>\n<\/ul>\n<\/li>\n<li><strong>Mental Abstraction Process:<\/strong>\n<ul>\n<li>The human mind abstracts universals from particulars, constructing concepts through cognitive processes.<\/li>\n<li>Examples such as \u201crose\u201d and \u201cflower\u201d are used to illustrate the relationship between genus and species.<\/li>\n<\/ul>\n<\/li>\n<li><strong>Genuine and Individual Species Distinction:<\/strong>\n<ul>\n<li>Genuine species refer to categories with shared essences, while individual species are unique to a single entity.<\/li>\n<li>For instance, &#8220;human&#8221; is a genuine species, whereas \u201ca specific solar system\u201d is an individual species.<\/li>\n<\/ul>\n<\/li>\n<li><strong>The Relationship Between Essence and Indication:<\/strong>\n<ul>\n<li>The seminar analyzes how universals indicate the entirety or a portion of an essence.<\/li>\n<li>For example, \u201cflower\u201d conveys a shared essence across roses and daisies, while \u201crose\u201d has a narrower scope.<\/li>\n<\/ul>\n<\/li>\n<li><strong>Hierarchical Structure of Genus and Species:<\/strong>\n<ul>\n<li>The hierarchical relationship between genus and species is explained, with distinctions between proximate and remote genera:\n<ul>\n<li><strong>Proximate Genus:<\/strong> Represents more specific categories (e.g., \u201cflower\u201d).<\/li>\n<li><strong>Remote Genus:<\/strong> Encompasses broader categories (e.g., \u201cplant\u201d).<\/li>\n<\/ul>\n<\/li>\n<\/ul>\n<\/li>\n<li><strong>Illustrative Examples:<\/strong>\n<ul>\n<li>Terms like \u201crose\u201d function as both individual and species-level descriptors, while \u201cflower\u201d represents a genus with shared characteristics.<\/li>\n<li>Abstract concepts such as geometric shapes are also used to connect logical classifications to real-world examples.<\/li>\n<\/ul>\n<\/li>\n<\/ol>\n<p><strong>Conclusion<\/strong><\/p>\n<p>This seminar provides a comprehensive analysis of the five universals, their functions in logic, and how they are understood by the human mind. The distinctions between universals and particulars, the processes of mental abstraction, and their relationship to essence and indication are thoroughly examined within the framework of Islamic logic. K\u00e2tib\u00ee\u2019s systematic approach significantly contributes to understanding the relationships between logical categories.<\/p>\n<p>&nbsp;<\/p>\n","protected":false},"excerpt":{"rendered":"<p>FERRUH \u00d6ZP\u0130LAVCI, MANTIK OKUMALARI: K\u00c2T\u0130B\u00ce, E\u015e-\u015eEMS\u0130YYE 9. SEM\u0130NER \u00d6ZET\u0130 Bu [&hellip;]<\/p>\n","protected":false},"author":1,"featured_media":0,"parent":0,"menu_order":0,"comment_status":"closed","ping_status":"closed","template":"100-width.php","meta":{"footnotes":""},"class_list":["post-3325","page","type-page","status-publish","hentry"],"jetpack_sharing_enabled":true,"_links":{"self":[{"href":"https:\/\/klasikdusunceokulu.com\/index.php\/wp-json\/wp\/v2\/pages\/3325","targetHints":{"allow":["GET"]}}],"collection":[{"href":"https:\/\/klasikdusunceokulu.com\/index.php\/wp-json\/wp\/v2\/pages"}],"about":[{"href":"https:\/\/klasikdusunceokulu.com\/index.php\/wp-json\/wp\/v2\/types\/page"}],"author":[{"embeddable":true,"href":"https:\/\/klasikdusunceokulu.com\/index.php\/wp-json\/wp\/v2\/users\/1"}],"replies":[{"embeddable":true,"href":"https:\/\/klasikdusunceokulu.com\/index.php\/wp-json\/wp\/v2\/comments?post=3325"}],"version-history":[{"count":1,"href":"https:\/\/klasikdusunceokulu.com\/index.php\/wp-json\/wp\/v2\/pages\/3325\/revisions"}],"predecessor-version":[{"id":3326,"href":"https:\/\/klasikdusunceokulu.com\/index.php\/wp-json\/wp\/v2\/pages\/3325\/revisions\/3326"}],"wp:attachment":[{"href":"https:\/\/klasikdusunceokulu.com\/index.php\/wp-json\/wp\/v2\/media?parent=3325"}],"curies":[{"name":"wp","href":"https:\/\/api.w.org\/{rel}","templated":true}]}}