{"id":3842,"date":"2025-03-03T02:27:24","date_gmt":"2025-03-02T23:27:24","guid":{"rendered":"https:\/\/klasikdusunceokulu.com\/?page_id=3842"},"modified":"2025-03-03T02:27:24","modified_gmt":"2025-03-02T23:27:24","slug":"kursat-demirci-gilgamis-okumalari-25","status":"publish","type":"page","link":"https:\/\/klasikdusunceokulu.com\/index.php\/kursat-demirci-gilgamis-okumalari-25\/","title":{"rendered":"K\u00fcr\u015fat Demirci: G\u0131lgam\u0131\u015f Okumalar\u0131 25"},"content":{"rendered":"<p><strong>K\u00dcR\u015eAT DEM\u0130RC\u0130: GILGAMI\u015e OKUMALARI 25. SEM\u0130NER \u00d6ZET\u0130<\/strong><\/p>\n<p>Bu seminerde G\u0131lgam\u0131\u015f Destan\u0131\u2019n\u0131n 7. Tableti ele al\u0131nm\u0131\u015f ve Enkidu\u2019nun \u00f6l\u00fcm\u00fc \u00f6ncesinde g\u00f6rd\u00fc\u011f\u00fc kehanet niteli\u011findeki r\u00fcyalar ile G\u0131lgam\u0131\u015f\u2019\u0131n yazg\u0131ya kar\u015f\u0131 verdi\u011fi m\u00fccadele tart\u0131\u015f\u0131lm\u0131\u015ft\u0131r. Enkidu\u2019nun \u00f6l\u00fcm\u00fc, destan\u0131n yap\u0131s\u0131nda \u00f6nemli bir k\u0131r\u0131lma noktas\u0131d\u0131r ve kahraman\u0131n \u00f6l\u00fcms\u00fczl\u00fck aray\u0131\u015f\u0131na y\u00f6nelmesine neden olan temel olaylardan biridir. Seminerde ayr\u0131ca Mezopotamya\u2019da kader anlay\u0131\u015f\u0131, \u00f6l\u00fcme dair inan\u00e7lar ve Enkidu\u2019nun \u00f6l\u00fcm\u00fc sonras\u0131 kahraman\u0131n ya\u015fad\u0131\u011f\u0131 d\u00f6n\u00fc\u015f\u00fcm ele al\u0131nm\u0131\u015f, Grek mitolojisi ile kar\u015f\u0131la\u015ft\u0131rmalar yap\u0131lm\u0131\u015ft\u0131r.<\/p>\n<p><strong>Ana Temalar<\/strong><\/p>\n<ol>\n<li><strong>Enkidu\u2019nun Kehanet Niteli\u011findeki R\u00fcyas\u0131<\/strong><br \/>\nEnkidu, r\u00fcyas\u0131nda tanr\u0131lar\u0131n onun \u00f6lmesi y\u00f6n\u00fcnde karar ald\u0131\u011f\u0131n\u0131 g\u00f6r\u00fcr. Bu r\u00fcya, Mezopotamya\u2019da kaderin de\u011fi\u015ftirilemez oldu\u011funu g\u00f6steren \u00f6nemli bir anlat\u0131d\u0131r. \u00d6l\u00fcm\u00fcn tanr\u0131lar taraf\u0131ndan \u00f6nceden belirlenmi\u015f olmas\u0131, bireyin kendi yazg\u0131s\u0131 \u00fczerindeki etkisinin s\u0131n\u0131rl\u0131 oldu\u011fu inanc\u0131n\u0131 yans\u0131t\u0131r.<\/li>\n<li><strong>Kap\u0131n\u0131n Animizmi ve \u00d6teki D\u00fcnya Sembolizmi<\/strong><br \/>\nEnkidu, \u00f6lmeden \u00f6nce kap\u0131yla konu\u015farak ona sitem eder. Bu olay, Mezopotamya inan\u0131\u015f\u0131nda cans\u0131z nesnelerin ruhu oldu\u011funa dair animistik d\u00fc\u015f\u00fcncenin bir yans\u0131mas\u0131d\u0131r. Kap\u0131, bu d\u00fcnyadan \u00f6teki d\u00fcnyaya ge\u00e7i\u015fi sembolize eder ve Enkidu\u2019nun onunla konu\u015fmas\u0131 \u00f6l\u00fcmle y\u00fczle\u015fmesini ve ka\u00e7\u0131n\u0131lmaz sonunu kabullenmesini temsil eder.<\/li>\n<li><strong>Mezopotamya\u2019da Kader Anlay\u0131\u015f\u0131 ve De\u011fi\u015ftirilemez Yazg\u0131<\/strong><br \/>\nMezopotamya k\u00fclt\u00fcr\u00fcnde kader, tanr\u0131lar taraf\u0131ndan belirlenen ve de\u011fi\u015ftirilemez bir olgu olarak g\u00f6r\u00fclm\u00fc\u015ft\u00fcr. &#8220;\u015eimtu&#8221; (kader) kavram\u0131, &#8220;\u00f6nceden yaz\u0131lm\u0131\u015f&#8221; anlam\u0131na gelir ve insano\u011flunun kendi yazg\u0131s\u0131n\u0131 de\u011fi\u015ftirme g\u00fcc\u00fcne sahip olmad\u0131\u011f\u0131 inanc\u0131n\u0131 peki\u015ftirir. Enkidu\u2019nun \u00f6l\u00fcm\u00fc, bu ka\u00e7\u0131n\u0131lmaz kader anlay\u0131\u015f\u0131n\u0131n g\u00fc\u00e7l\u00fc bir \u00f6rne\u011fidir.<\/li>\n<li><strong>G\u0131lgam\u0131\u015f\u2019\u0131n Ac\u0131s\u0131 ve Kaderle M\u00fccadelesi<\/strong><br \/>\nEnkidu\u2019nun \u00f6l\u00fcm\u00fc, G\u0131lgam\u0131\u015f\u2019\u0131 derin bir yas ve \u00f6fkeye s\u00fcr\u00fckler. \u0130lk defa ger\u00e7ek bir kay\u0131p ya\u015fayan kahraman, \u00f6l\u00fcml\u00fc oldu\u011funu fark ederek kendi yazg\u0131s\u0131n\u0131 sorgulamaya ba\u015flar. Ancak Mezopotamya inanc\u0131na g\u00f6re tanr\u0131lar taraf\u0131ndan verilen kararlar de\u011fi\u015ftirilemez, bu y\u00fczden G\u0131lgam\u0131\u015f\u2019\u0131n yazg\u0131ya kar\u015f\u0131 m\u00fccadelesi ba\u015ftan kaybedilmi\u015f bir sava\u015ft\u0131r.<\/li>\n<li><strong>Grek Mitolojisi ile K\u0131yaslama: Kaderin Ka\u00e7\u0131n\u0131lmazl\u0131\u011f\u0131<\/strong><br \/>\nMezopotamya\u2019daki kader anlay\u0131\u015f\u0131, Grek mitolojisindeki Moirai (Kader Tanr\u0131\u00e7alar\u0131) ile benzerlik g\u00f6stermektedir. Troya Sava\u015f\u0131\u2019n\u0131n \u00e7\u0131k\u0131\u015f nedeni olarak g\u00f6r\u00fclen Eris\u2019in Alt\u0131n Elmas\u0131 miti, kaderin de\u011fi\u015ftirilemezli\u011fini vurgulayan \u00f6nemli bir \u00f6rnektir. G\u0131lgam\u0131\u015f\u2019\u0131n tanr\u0131lar taraf\u0131ndan belirlenen yazg\u0131ya kar\u015f\u0131 verdi\u011fi m\u00fccadele, Grek kahramanlar\u0131n\u0131n kendi kaderleriyle y\u00fczle\u015fmesini and\u0131rmaktad\u0131r.<\/li>\n<li><strong>\u00d6l\u00fcm\u00fcn Ka\u00e7\u0131n\u0131lmazl\u0131\u011f\u0131 ve \u0130nsanl\u0131k Durumu<\/strong><br \/>\nEnkidu\u2019nun \u00f6l\u00fcm\u00fc, yaln\u0131zca mitolojik bir olay de\u011fil, ayn\u0131 zamanda insanl\u0131k durumuna dair derin bir sorgulamad\u0131r. \u00d6l\u00fcm, insano\u011flunun ka\u00e7\u0131n\u0131lmaz ger\u00e7e\u011fidir ve Mezopotamyal\u0131lar bu yazg\u0131y\u0131 kabullenmi\u015flerdir. Kehanetler ve fal metinleri, insanlar\u0131n \u00f6l\u00fcmlerini \u00f6nceden bilmek istemelerinin bir g\u00f6stergesidir, ancak kader de\u011fi\u015ftirilemez bir ger\u00e7eklik olarak kabul edilmi\u015ftir.<\/li>\n<\/ol>\n<p><strong>\u00a0<\/strong><\/p>\n<p><strong>Sonu\u00e7<\/strong><\/p>\n<p>Bu seminerde Enkidu\u2019nun r\u00fcyalar\u0131, Mezopotamya\u2019da kader anlay\u0131\u015f\u0131 ve G\u0131lgam\u0131\u015f\u2019\u0131n ya\u015fad\u0131\u011f\u0131 duygusal d\u00f6n\u00fc\u015f\u00fcm ele al\u0131nm\u0131\u015ft\u0131r. G\u0131lgam\u0131\u015f\u2019\u0131n Enkidu\u2019nun \u00f6l\u00fcm\u00fc kar\u015f\u0131s\u0131nda verdi\u011fi tepki, kahraman\u0131n varolu\u015fsal bir yolculu\u011fa \u00e7\u0131kmas\u0131n\u0131 sa\u011flayarak destan\u0131n yeni bir a\u015famaya ge\u00e7mesine neden olmu\u015ftur. Bir sonraki seminerde, G\u0131lgam\u0131\u015f\u2019\u0131n \u00f6l\u00fcms\u00fczl\u00fck aray\u0131\u015f\u0131 ve Utnapi\u015ftim\u2019i bulma yolculu\u011fu incelenecektir.<\/p>\n<p>Formun \u00dcst\u00fc<\/p>\n<p>&nbsp;<\/p>\n<p>This seminar explores Tablet VII of the Epic of Gilgamesh, focusing on Enkidu\u2019s prophetic dreams and his impending death, as well as Gilgamesh\u2019s struggle against fate. Enkidu\u2019s death marks a crucial turning point in the epic, leading the hero towards his quest for immortality. The discussion also examines Mesopotamian beliefs about fate and death, comparing them to Greek mythology and its concept of inescapable destiny.<\/p>\n<p><strong>Main Themes<\/strong><\/p>\n<ol>\n<li><strong>Enkidu\u2019s Prophetic Dream and His Fate<\/strong><br \/>\nEnkidu dreams that the gods have decided on his death. This vision reflects the Mesopotamian belief that fate is unchangeable. The idea that death is predetermined by the gods reinforces the notion that individuals have limited control over their destiny.<\/li>\n<li><strong>The Talking Gate and the Symbolism of the Afterlife<\/strong><br \/>\nBefore his death, Enkidu speaks to a gate, expressing his sorrow and frustration. This event mirrors the animistic beliefs of Mesopotamians, who thought that even inanimate objects had spirits. The gate serves as a symbol of transition between the physical world and the afterlife, emphasizing Enkidu\u2019s acceptance of his fate.<\/li>\n<li><strong>The Concept of Fate in Mesopotamian Thought<\/strong><br \/>\nMesopotamians viewed fate as a decree from the gods that could not be altered. The term <em>\u0160imtu<\/em> (fate) translates to \u201cthat which has been written\u201d, underscoring the idea that human actions cannot change divine decisions. Enkidu\u2019s death exemplifies this rigid view of destiny.<\/li>\n<li><strong>Gilgamesh\u2019s Grief and His Struggle Against Fate<\/strong><br \/>\nEnkidu\u2019s death leaves Gilgamesh devastated and full of rage. For the first time, he confronts the reality of mortality, which leads him to question his own destiny. However, according to Mesopotamian belief, the gods\u2019 decisions are final, making Gilgamesh\u2019s rebellion against fate a doomed effort from the start.<\/li>\n<li><strong>Comparison with Greek Mythology: The Inevitability of Fate<\/strong><br \/>\nThe Mesopotamian notion of fate closely resembles the role of the Moirai (Fates) in Greek mythology. A parallel can be drawn with the myth of Eris\u2019 Golden Apple, which triggers the Trojan War, highlighting the inescapable nature of destiny. Just like Gilgamesh, many Greek heroes struggle against preordained fates but ultimately fail.<\/li>\n<li><strong>The Inevitability of Death and the Human Condition<\/strong><br \/>\nEnkidu\u2019s death is not just a mythological event but also a philosophical reflection on the human condition. Death is an unavoidable truth for all humans, and the Mesopotamians embraced this reality. The prevalence of omens and divination texts suggests that people sought to know their fate in advance, even though they believed it could never be changed.<\/li>\n<\/ol>\n<p><strong>Conclusion<\/strong><\/p>\n<p>This seminar examines Enkidu\u2019s dreams, Mesopotamian beliefs about fate, and Gilgamesh\u2019s emotional transformation. Enkidu\u2019s death serves as a catalyst for Gilgamesh\u2019s existential journey, shifting the epic\u2019s focus from heroism to a deeper philosophical quest. In the next seminar, Gilgamesh\u2019s search for immortality and his journey to find Utnapishtim will be analyzed.<\/p>\n","protected":false},"excerpt":{"rendered":"<p>K\u00dcR\u015eAT DEM\u0130RC\u0130: GILGAMI\u015e OKUMALARI 25. SEM\u0130NER \u00d6ZET\u0130 Bu seminerde G\u0131lgam\u0131\u015f [&hellip;]<\/p>\n","protected":false},"author":1,"featured_media":0,"parent":0,"menu_order":0,"comment_status":"closed","ping_status":"closed","template":"100-width.php","meta":{"footnotes":""},"class_list":["post-3842","page","type-page","status-publish","hentry"],"jetpack_sharing_enabled":true,"_links":{"self":[{"href":"https:\/\/klasikdusunceokulu.com\/index.php\/wp-json\/wp\/v2\/pages\/3842","targetHints":{"allow":["GET"]}}],"collection":[{"href":"https:\/\/klasikdusunceokulu.com\/index.php\/wp-json\/wp\/v2\/pages"}],"about":[{"href":"https:\/\/klasikdusunceokulu.com\/index.php\/wp-json\/wp\/v2\/types\/page"}],"author":[{"embeddable":true,"href":"https:\/\/klasikdusunceokulu.com\/index.php\/wp-json\/wp\/v2\/users\/1"}],"replies":[{"embeddable":true,"href":"https:\/\/klasikdusunceokulu.com\/index.php\/wp-json\/wp\/v2\/comments?post=3842"}],"version-history":[{"count":1,"href":"https:\/\/klasikdusunceokulu.com\/index.php\/wp-json\/wp\/v2\/pages\/3842\/revisions"}],"predecessor-version":[{"id":3844,"href":"https:\/\/klasikdusunceokulu.com\/index.php\/wp-json\/wp\/v2\/pages\/3842\/revisions\/3844"}],"wp:attachment":[{"href":"https:\/\/klasikdusunceokulu.com\/index.php\/wp-json\/wp\/v2\/media?parent=3842"}],"curies":[{"name":"wp","href":"https:\/\/api.w.org\/{rel}","templated":true}]}}