{"id":4625,"date":"2025-04-23T10:59:38","date_gmt":"2025-04-23T07:59:38","guid":{"rendered":"https:\/\/klasikdusunceokulu.com\/?page_id=4625"},"modified":"2025-04-23T10:59:38","modified_gmt":"2025-04-23T07:59:38","slug":"abdullah-kahraman-cessas-el-fusul-fil-usul-2-seminer-ozeti","status":"publish","type":"page","link":"https:\/\/klasikdusunceokulu.com\/index.php\/abdullah-kahraman-cessas-el-fusul-fil-usul-2-seminer-ozeti\/","title":{"rendered":"ABDULLAH KAHRAMAN: CESS\u00c2S, el-FUS\u00dbl F\u0130&#8217;L-US\u00dbL 2. SEM\u0130NER \u00d6ZET\u0130"},"content":{"rendered":"<p><span style=\"color: #3b5163;\"><strong>ABDULLAH KAHRAMAN: CESS\u00c2S, el-FUS\u00dbl F\u0130&#8217;L-US\u00dbL 2. SEM\u0130NER \u00d6ZET\u0130<\/strong><\/span><\/p>\n<p><strong>Ana Temalar:<\/strong><\/p>\n<ol>\n<li><strong> Us\u00fbl \u0130lmi A\u00e7\u0131s\u0131ndan Um\u00fbm Laf\u0131zlar\u0131n\u0131n \u0130\u015flevi ve \u00d6nceli\u011fi<br \/>\n<\/strong>Seminer, Hanef\u00ee gelene\u011finde genel laf\u0131zlar\u0131n (\u02bfum\u00fbm) merkezi konumunu vurgulayarak ba\u015flar. Cess\u00e2s\u2019\u0131n eserine bu konuyla ba\u015flamas\u0131, y\u00f6nteme dair bilin\u00e7li bir tercihtir. Kahraman\u2019a g\u00f6re <em>\u02bfum\u00fbm<\/em>; istihs\u00e2n, ziy\u00e2de, nesh ve tahsis gibi temel us\u00fbl meseleleriyle do\u011frudan ili\u015fkilidir. Hanef\u00ee yakla\u015f\u0131m, hukukun rasyonel ilkelerle \u00f6r\u00fclmesi gerekti\u011fini savunurken, \u015e\u00e2fi\u00eeler taabbud\u00ee ve hadis eksenli bir tutumu \u00f6ne \u00e7\u0131kar\u0131r. Bu fark, rey ehli ve hadis ehli aras\u0131ndaki tarihsel ayr\u0131\u015fman\u0131n temelidir.<\/li>\n<li><strong> Hanef\u00ee-\u015e\u00e2fi\u00ee Ayr\u0131m\u0131: Um\u00fbm ve Yak\u00een Meselesi<br \/>\n<\/strong>Hanef\u00eeler, genel laf\u0131zlar\u0131n del\u00e2letini kesin kabul eder, ancak \u015e\u00e2fi\u00eeler her genel ifadenin ard\u0131nda bir tahsis ihtimali bulundu\u011funu s\u00f6yler. Bu fark, k\u0131yas anlay\u0131\u015f\u0131na da yans\u0131r: Hanef\u00eeler genel ilkelere dayal\u0131 k\u0131yas kurarken, \u015e\u00e2fi\u00eeler \u00f6zel \u00f6rnekler \u00fczerinden, \u00e7o\u011funlukla <em>\u00e2h\u00e2d<\/em> hadislerle h\u00fck\u00fcm \u00fcretir.<\/li>\n<li><strong> Dil, M\u00e2n\u00e2 ve Um\u00fbm Aras\u0131ndaki \u0130li\u015fki<br \/>\n<\/strong>Cess\u00e2s\u2019\u0131n um\u00fbm tan\u0131m\u0131nda hem laf\u0131z (lafz) hem de m\u00e2n\u00e2 (ma\u02bfn\u00e2) unsuru yer al\u0131r. Ancak, kendisinden sonraki \u00f6zellikle Semerkand ekol\u00fc us\u00fblc\u00fcleri, m\u00e2n\u00e2n\u0131n tek ba\u015f\u0131na um\u00fbm ifade edemeyece\u011fini savunur. Bu tart\u0131\u015fma, \u201cm\u00fcslim\u201d, \u201cinsanlar\u201d, \u201cya\u011fmur\u201d gibi kelimelerin ba\u011flamlar\u0131na g\u00f6re ne kadar genellik ta\u015f\u0131yaca\u011f\u0131 gibi meselelerle ilgilidir.<\/li>\n<li><strong> Kur\u2019\u00e2n Ayetleri \u00dczerinden Um\u00fbmun F\u0131kh\u00ee Etkisi<br \/>\n<\/strong>Kahraman, bo\u015fanm\u0131\u015f veya hamile kad\u0131nlarla ilgili ayetler \u00fczerinden \u02bfum\u00fbm\u2019un h\u00fck\u00fcm do\u011furucu i\u015flevini a\u00e7\u0131klar. Hanef\u00eeler, ayr\u0131nt\u0131l\u0131 bir gerek\u00e7e olmad\u0131k\u00e7a lafz\u0131n zahirine sad\u0131k kalmay\u0131, yani her bir h\u00fck\u00fcm c\u00fcmlesini m\u00fcstakil ve genel ge\u00e7er kabul etmeyi savunur. Bu yakla\u015f\u0131m, \u00e7ok say\u0131da ayetin \u201cistisna\u201d yoluyla daralt\u0131lmas\u0131na kar\u015f\u0131 temkinli bir duru\u015f sergiler.<\/li>\n<li><strong> Um\u00fbm Tan\u0131m\u0131 ve S\u0131n\u0131fland\u0131rma Ele\u015ftirileri<br \/>\nS<\/strong>eminerde <em>\u02bf\u00e2m<\/em> kavram\u0131n\u0131n tan\u0131m\u0131 evrimsel bi\u00e7imde ele al\u0131n\u0131r:<strong><br \/>\n(a) Laf\u0131z bir m\u00e2n\u00e2 i\u00e7in vazedilir;<br \/>\n(b) Kullan\u0131m\u0131 belli say\u0131larla s\u0131n\u0131rl\u0131 de\u011fildir;<br \/>\n(c) M\u00e2n\u00e2n\u0131n kapsad\u0131\u011f\u0131 t\u00fcm fertleri i\u00e7erir.<br \/>\n<\/strong>Ayr\u0131ca m\u00fc\u015fkil, m\u00fccmel ve m\u00fc\u015fterek gibi laf\u0131z t\u00fcrleriyle <em>\u02bfum\u00fbm<\/em> aras\u0131ndaki farklar a\u00e7\u0131klan\u0131r.<\/li>\n<li><strong> Um\u00fbmun H\u00fck\u00fcm Ta\u015f\u0131y\u0131c\u0131l\u0131\u011f\u0131 ve Mezheb\u00ee Gerilim<br \/>\n<\/strong>Cess\u00e2s, genel laf\u0131zlar\u0131n kesin bilgi ta\u015f\u0131yabilece\u011fini, ancak bu kesinli\u011fin tahsis ile s\u0131n\u0131rland\u0131r\u0131labilece\u011fini savunur. Kahraman, bu g\u00f6r\u00fc\u015f\u00fcn \u00e2h\u00e2d hadislerin Kur\u2019an\u2019\u0131n genel laf\u0131zlar\u0131n\u0131 tahsis etmesine kar\u015f\u0131 bir koruma i\u015flevi g\u00f6rd\u00fc\u011f\u00fcn\u00fc belirtir. B\u00f6ylece Kur\u2019an\u2019\u0131n lafz\u00ee b\u00fct\u00fcnl\u00fc\u011f\u00fc ve hukuki tutarl\u0131l\u0131\u011f\u0131 korunmu\u015f olur.<\/li>\n<\/ol>\n<p><strong>Sonu\u00e7:<br \/>\n<\/strong>Bu seminer, genel ifadelerin f\u0131k\u0131h usul\u00fcndeki merkezi rol\u00fcn\u00fc, Hanef\u00ee-\u015e\u00e2fi\u00ee ayr\u0131m\u0131n\u0131n bilgi kuramsal temellerini ve dil-anlam-h\u00fck\u00fcm ili\u015fkisini kapsaml\u0131 bi\u00e7imde ele al\u0131r. Cess\u00e2s\u2019\u0131n \u02bfum\u00fbm konusundaki titiz yakla\u015f\u0131m\u0131, Hanef\u00ee us\u00fbl\u00fcn\u00fcn sistemli yap\u0131s\u0131n\u0131 kuran \u00f6nemli ta\u015flardan biri olarak de\u011ferlendirilir. Bir sonraki derste, um\u00fbmun s\u0131n\u0131rlar\u0131 ve tahsis tart\u0131\u015fmalar\u0131 \u00fczerinden f\u0131kh\u00ee delillendirme y\u00f6ntemleri ele al\u0131nacakt\u0131r.<\/p>\n<p><strong>\u00a0<\/strong><\/p>\n<p><strong>Main Themes:<\/strong><\/p>\n<ol>\n<li><strong> The Function and Priority of General Expressions (<\/strong><strong><em>\u02bfUm\u016bm<\/em>) in Legal Theory<\/strong><br \/>\nThe session begins by reaffirming the centrality of general terms in Islamic legal hermeneutics, particularly in the \u1e24anaf\u012b tradition. Cess\u00e2s\u2019 preference to start his work with <em>\u02bfum\u016bm<\/em> is interpreted as a methodological move. Kahraman explains that <em>\u02bfum\u016bm<\/em> connects with crucial subjects like <em>istihs\u0101n<\/em>, <em>ziy\u0101da<\/em>, <em>nas<\/em><em>\u1e2b<\/em>, and <em>ta<\/em><em>\u1e2b<\/em><em>\u1e63\u012b\u1e63<\/em>. This focus stems from the \u1e24anaf\u012b belief that legal rules should be rooted in consistent rational principles\u2014whereas Sh\u0101fi\u02bf\u012bs emphasize worship-based (<em>ta<\/em><em>\u02bfabbud<\/em><em>\u012b<\/em>) rulings. This reflects the broader divergence between rationalist (<em>ahl al-ra<\/em><em>\u02bey<\/em>) and traditionalist (<em>ahl al-<\/em><em>\u1e25ad\u012bth<\/em>) approaches.<\/li>\n<li><strong> The <\/strong><strong>\u1e24anaf\u012b-Sh\u0101fi<\/strong><strong>\u02bf<\/strong><strong>\u012b Debate on Legal Generality and Epistemic Certainty<\/strong><br \/>\nThe discussion highlights how the \u1e24anaf\u012bs accept general terms as <strong>indicating certitude unless specifically restricted<\/strong>, while the Sh\u0101fi\u02bf\u012bs claim that <strong>no general statement exists without implied exceptions<\/strong>. This distinction is linked to differing attitudes toward analogy (<em>qiy\u0101s<\/em>): \u1e24anaf\u012bs seek systematization based on general legal axioms, whereas Sh\u0101fi\u02bf\u012bs work case-by-case through textual reports, especially <em>\u0101<\/em><em>\u1e25\u0101d<\/em> \u1e25ad\u012bths.<\/li>\n<li><strong> The Relationship Between Language, Meaning, and Generalization<\/strong><br \/>\nCess\u00e2s\u2019 alleged definition of general expressions\u2014which includes both <em>laf<\/em><em>\u1e93<\/em> (wording) and <em>ma<\/em><em>\u02bfn<\/em><em>\u0101<\/em> (meaning)\u2014generates debate. Post-Cess\u00e2s scholars, especially from the Samarqand school, reject the idea that meanings (<em>ma<\/em><em>\u02bf<\/em><em>\u0101n<\/em><em>\u012b<\/em>) can independently convey generality. Instead, <em>laf<\/em><em>\u1e93<\/em>-centered definitions dominate later legal theory. Kahraman explains that this debate underscores foundational issues in how concepts like \u201cMuslim,\u201d \u201cpeople,\u201d or even \u201crain\u201d are interpreted as general or specific within legal discourse.<\/li>\n<li><strong> The Juridical Impact of General Expressions in Scriptural Texts<\/strong><br \/>\nKahraman offers multiple Qur\u2019anic examples to show how <em>\u02bfum\u016bm<\/em> affects legal rulings, such as verses on waiting periods for divorced or pregnant women. Cess\u00e2s and the \u1e24anaf\u012bs argue that unless there is a compelling reason, each sentence or clause should be taken independently and literally (<em>\u1e93\u0101hir<\/em>), maintaining its generality. This contrasts with interpretive approaches that seek to harmonize multiple verses by means of exception.<\/li>\n<li><strong> Definitions, Critiques, and Classifications of General Expressions<\/strong><br \/>\nThe seminar traces the evolution of <em>\u02bf<\/em><em>\u0101m<\/em> (general) definitions, comparing early ambiguous formulations with later, more refined definitions that stress:<br \/>\n(a) A term is coined for a meaning;<br \/>\n(b) It is not limited to a specific number of referents;<br \/>\n(c) It encompasses all individuals to whom the meaning applies.<br \/>\nIssues like <em>mutash\u0101bih<\/em>, <em>mujmal<\/em>, and <em>mushtarak<\/em> are also discussed in relation to generality, and their distinction from general terms is emphasized.<\/li>\n<li><strong> Legal Implications and Jurisprudential Tensions<\/strong><br \/>\nCess\u00e2s explores when general terms convey definite or speculative rulings. He sides with the \u1e24anaf\u012b view that <strong>general terms convey certainty unless subject to clear <em>ta<\/em><\/strong><strong><em>\u1e2b<\/em><\/strong><strong><em>\u1e63\u012b\u1e63<\/em><\/strong>. Kahraman notes the broader implications of this position: it limits the power of solitary \u1e25ad\u012bths to override the Qur\u2019an\u2019s general terms, thus protecting the Qur\u2019an\u2019s universality and legal coherence.<\/li>\n<\/ol>\n<p><strong>Conclusion:<\/strong><br \/>\nThis seminar offers a rich reflection on the place of general expressions in Islamic legal theory, mapping both internal \u1e24anaf\u012b developments and broader madhhabic debates. It clarifies why generality (<em>\u02bfum\u016bm<\/em>) is not merely a linguistic issue but lies at the heart of how Islamic law is constructed, interpreted, and applied. The discussion also illustrates how Cess\u00e2s\u2019 theoretical rigor helped shape the \u1e24anaf\u012b legal heritage and its enduring emphasis on structured reasoning.<\/p>\n<p>&nbsp;<\/p>\n<p>&nbsp;<\/p>\n","protected":false},"excerpt":{"rendered":"<p>ABDULLAH KAHRAMAN: CESS\u00c2S, el-FUS\u00dbl F\u0130&#8217;L-US\u00dbL 2. SEM\u0130NER \u00d6ZET\u0130 Ana Temalar: [&hellip;]<\/p>\n","protected":false},"author":1,"featured_media":0,"parent":0,"menu_order":0,"comment_status":"closed","ping_status":"closed","template":"","meta":{"footnotes":""},"class_list":["post-4625","page","type-page","status-publish","hentry"],"jetpack_sharing_enabled":true,"_links":{"self":[{"href":"https:\/\/klasikdusunceokulu.com\/index.php\/wp-json\/wp\/v2\/pages\/4625","targetHints":{"allow":["GET"]}}],"collection":[{"href":"https:\/\/klasikdusunceokulu.com\/index.php\/wp-json\/wp\/v2\/pages"}],"about":[{"href":"https:\/\/klasikdusunceokulu.com\/index.php\/wp-json\/wp\/v2\/types\/page"}],"author":[{"embeddable":true,"href":"https:\/\/klasikdusunceokulu.com\/index.php\/wp-json\/wp\/v2\/users\/1"}],"replies":[{"embeddable":true,"href":"https:\/\/klasikdusunceokulu.com\/index.php\/wp-json\/wp\/v2\/comments?post=4625"}],"version-history":[{"count":1,"href":"https:\/\/klasikdusunceokulu.com\/index.php\/wp-json\/wp\/v2\/pages\/4625\/revisions"}],"predecessor-version":[{"id":4626,"href":"https:\/\/klasikdusunceokulu.com\/index.php\/wp-json\/wp\/v2\/pages\/4625\/revisions\/4626"}],"wp:attachment":[{"href":"https:\/\/klasikdusunceokulu.com\/index.php\/wp-json\/wp\/v2\/media?parent=4625"}],"curies":[{"name":"wp","href":"https:\/\/api.w.org\/{rel}","templated":true}]}}