{"id":5090,"date":"2025-05-09T13:23:02","date_gmt":"2025-05-09T10:23:02","guid":{"rendered":"https:\/\/klasikdusunceokulu.com\/?page_id=5090"},"modified":"2025-05-09T15:10:16","modified_gmt":"2025-05-09T12:10:16","slug":"ekrem-demirlikuseyri-okumalari-6-seminer-ozeti","status":"publish","type":"page","link":"https:\/\/klasikdusunceokulu.com\/index.php\/ekrem-demirlikuseyri-okumalari-6-seminer-ozeti\/","title":{"rendered":"EKREM DEM\u0130RL\u0130,KU\u015eEYR\u0130 OKUMALARI 6. SEM\u0130NER \u00d6ZET\u0130"},"content":{"rendered":"<p><strong>EKREM DEM\u0130RL\u0130,KU\u015eEYR\u0130 OKUMALARI 6. SEM\u0130NER \u00d6ZET\u0130<\/strong><\/p>\n<p><strong>Seminerin Amac\u0131 ve \u0130\u00e7eri\u011fi<\/strong><\/p>\n<p>Bu seminer, Ku\u015feyr\u00ee&#8217;nin &#8220;Tabak\u00e2t&#8221; b\u00f6l\u00fcm\u00fcnde yer verdi\u011fi erken d\u00f6nem s\u00fbf\u00eelerden Bi\u015fr b. H\u00e2ris el-H\u00e2f\u00ee\u2019nin hayat\u0131 ve tasavvuf\u00ee menk\u0131beleri \u00fczerinden, tasavvufun olu\u015fum evresine dair kavramsal \u00e7\u00f6z\u00fcmlemeler yapmay\u0131 ama\u00e7lar. Ekrem Demirli, Bi\u015fr el-H\u00e2f\u00ee \u00f6rne\u011finde ikinci M\u00fcsl\u00fcmanl\u0131k kavram\u0131, erken d\u00f6nem mel\u00e2m\u00ee e\u011filimleri ve tasavvufun s\u00fcnnet merkezli bir disiplin olarak \u015fekilleni\u015fini tart\u0131\u015f\u0131r.<\/p>\n<p><strong>Ana Temalar ve Ba\u015fl\u0131klar<\/strong><\/p>\n<ol>\n<li><strong>Tabak\u00e2t\u0131n Doktrinel \u00d6nemi<\/strong><\/li>\n<\/ol>\n<p>Tasavvuf tarihinde tabak\u00e2t sadece biyografik de\u011fil, do\u011frudan doktrinel bir i\u015fleve sahiptir. Zira s\u00fbf\u00eenin \u015fahsiyeti bizzat tasavvufun tan\u0131m\u0131yla \u00f6zde\u015ftir.<\/p>\n<ol start=\"2\">\n<li><strong>Kurucu As\u0131r ve Bi\u015fr el-H\u00e2f\u00ee\u2019nin Yeri<\/strong><\/li>\n<\/ol>\n<p>Hicr\u00ee 150\u2013300 aras\u0131 d\u00f6nemin \u0130slam d\u00fc\u015f\u00fcncesi a\u00e7\u0131s\u0131ndan kurucu as\u0131r oldu\u011fu belirtilir. Bi\u015fr el-H\u00e2f\u00ee de bu d\u00f6nemin zahid s\u00fbf\u00eelerinden biri olarak \u00f6ne \u00e7\u0131kar. Bu d\u00f6nem, eserlerden ziyade menk\u0131belerle \u015fekillenen bir zihinsel harita sunar.<\/p>\n<ol start=\"3\">\n<li><strong>\u0130kinci M\u00fcsl\u00fcmanl\u0131k ve Tevbe<\/strong><\/li>\n<\/ol>\n<p>Demirli, Bi\u015fr\u2019in t\u00f6vbesini anlatan menk\u0131beyi, \u201cikinci M\u00fcsl\u00fcmanl\u0131k\u201d paradigmas\u0131 ba\u011flam\u0131nda de\u011ferlendirir. Taklid\u00ee \u0130slam\u2019dan tahkik\u00ee \u0130slam\u2019a ge\u00e7i\u015f, tasavvufun ay\u0131rt edici y\u00f6n\u00fcd\u00fcr.<\/p>\n<ol start=\"4\">\n<li><strong>Menk\u0131belerin Epistemolojik De\u011feri ve Ele\u015ftirisi<\/strong><\/li>\n<\/ol>\n<p>Tasavvuf tarihindeki menk\u0131belerin \u00e7o\u011fu zaman bireylerce de\u011fil, onlar\u0131 g\u00f6zlemleyen m\u00fcridlerce kurguland\u0131\u011f\u0131, bu nedenle dikkatle ele al\u0131nmas\u0131 gerekti\u011fi vurgulan\u0131r. Bi\u015fr hakk\u0131nda aktar\u0131lan baz\u0131 rivayetlerin zay\u0131f mant\u0131k yap\u0131s\u0131na dikkat \u00e7ekilir.<\/p>\n<ol start=\"5\">\n<li><strong>S\u00fcnnet, Selef ve \u0130cma Ba\u011flam\u0131nda Tasavvufun Temeli<\/strong><\/li>\n<\/ol>\n<p>Bi\u015fr\u2019in kem\u00e2le ula\u015fmas\u0131n\u0131n nedeni olarak s\u00fcnnete ittiba, salihlere hizmet, nasihat ve ash\u00e2b-ehl-i beyt sevgisi gibi d\u00f6rt ilkeye dayanan bir tasavvuf tan\u0131m\u0131 verilir. Bu, erken d\u00f6nem s\u00fbf\u00eeli\u011fin S\u00fcnn\u00ee \u00e7izgide \u015fekillendi\u011fini g\u00f6sterir.<\/p>\n<ol start=\"6\">\n<li><strong>Mel\u00e2met\u00ee E\u011filimler ve \u201cH\u00e2f\u00ee\u201d Lakab\u0131<\/strong><\/li>\n<\/ol>\n<p>Bi\u015fr\u2019in \u00e7\u0131plak ayakla dola\u015fmas\u0131na y\u00f6nelik ele\u015ftiriler, onun mel\u00e2met\u00ee e\u011filimlerini g\u00f6sterir. Demirli, bu unvan\u0131n terk edilmesine y\u00f6nelik bir uyar\u0131dan mel\u00e2met\u00eeli\u011fe ge\u00e7i\u015f imk\u00e2n\u0131 \u00e7\u0131kar\u0131r ancak Bi\u015fr\u2019in buna tam olarak y\u00f6nelmedi\u011fini belirtir.<\/p>\n<ol start=\"7\">\n<li><strong>Vera, \u0130\u015faret ve \u0130bare Kavramlar\u0131 \u00dczerinden S\u00fbf\u00ee Epistemolojisi<\/strong><\/li>\n<\/ol>\n<p>Z\u00fcnn\u00fbn el-M\u0131sr\u00ee, Seh\u00ee ve Bi\u015fr \u00fczerinden ibare, i\u015faret ve ver\u00e2 kavramlar\u0131 s\u0131ralan\u0131r; Bi\u015fr\u2019in ver\u00e2s\u0131, pratik ahl\u00e2k ve eylem merkezli s\u00fbf\u00eelik anlay\u0131\u015f\u0131n\u0131 temsil eder.<\/p>\n<ol start=\"8\">\n<li><strong>\u0130tibar Arzusu ve Mel\u00e2met\u00eeli\u011fin Ele\u015ftirisi<\/strong><\/li>\n<\/ol>\n<p>Mel\u00e2met\u00eelik, tevh\u00eedi idrak etmenin \u00f6n\u00fcndeki en b\u00fcy\u00fck engel olarak \u201citibar\u201d arzusuna kar\u015f\u0131 bir duru\u015ftur. Tasavvuf, bu arzuyu k\u0131rmak i\u00e7in sosyal g\u00f6r\u00fcn\u00fcrl\u00fc\u011f\u00fc azaltmay\u0131 ama\u00e7lar. Demirli, g\u00fcn\u00fcm\u00fczdeki \u201cmel\u00e2m\u00eelik\u201d iddialar\u0131n\u0131n bu ilkeyle \u00e7eli\u015fti\u011fini belirtir.<\/p>\n<p><strong>Sonu\u00e7<\/strong><\/p>\n<p>Bu seminer, Bi\u015fr el-H\u00e2f\u00ee \u015fahs\u0131nda erken d\u00f6nem tasavvufun temel kavramlar\u0131n\u0131 ortaya koyarken, \u00f6zellikle s\u00fcnnete ittiba ve selef yoluna ba\u011fl\u0131l\u0131k \u00fczerinden S\u00fcnn\u00ee tasavvufun metodolojisini netle\u015ftirir. Ayn\u0131 zamanda menk\u0131be literat\u00fcr\u00fcn\u00fcn ele\u015ftirel okunmas\u0131 gerekti\u011fini vurgulayarak, tasavvufun hem bireysel hem epistemolojik boyutunu \u00e7\u00f6z\u00fcmlemeye \u00e7al\u0131\u015f\u0131r.<\/p>\n<p>&nbsp;<\/p>\n<p><strong>Purpose and Content of the Seminar<\/strong><\/p>\n<p>This seminar analyzes the conceptual foundations of early Sufism through the life and anecdotes of Bishr al-\u1e24\u0101f\u012b, as presented in al-Qushayr\u012b\u2019s \u1e6cabaq\u0101t section. Focusing on the notion of &#8220;second Islam,&#8221; early Mal\u0101m\u012b tendencies, and the development of Sufism as a Sunn\u012b-oriented discipline, Ekrem Demirli offers a critical reading of biographical and doctrinal narratives.<\/p>\n<p><strong>Main Themes and Topics<\/strong><\/p>\n<ol>\n<li><strong>Doctrinal Significance of <\/strong><strong>\u1e6c<\/strong><strong>abaq\u0101t<\/strong><\/li>\n<\/ol>\n<p>In Sufi history, \u1e6dabaq\u0101t literature is not merely biographical but doctrinal: the personality of the Sufi is seen as identical with the definition of Sufism itself.<\/p>\n<ol start=\"2\">\n<li><strong>The Foundational Era and Bishr\u2019s Role<\/strong><\/li>\n<\/ol>\n<p>The period between 150\u2013300 AH is described as Islam\u2019s foundational intellectual phase. Bishr al-\u1e24\u0101f\u012b stands as a prominent ascetic figure within this era, which is shaped more by anecdotes than written texts.<\/p>\n<ol start=\"3\">\n<li><strong>Second Islam and Repentance<\/strong><\/li>\n<\/ol>\n<p>Bishr\u2019s repentance story is interpreted within the paradigm of \u201csecond Islam\u201d\u2014a shift from imitative to verified faith (taql\u012bd to ta\u1e25q\u012bq). This transformation marks Sufism\u2019s distinct path in Islamic spirituality.<\/p>\n<ol start=\"4\">\n<li><strong>Epistemological Value and Critique of Anecdotes<\/strong><\/li>\n<\/ol>\n<p>Demirli critiques how many Sufi anecdotes were crafted by observers rather than the subjects themselves. Some stories about Bishr, though influential, exhibit weak logic and require critical reading.<\/p>\n<ol start=\"5\">\n<li><strong>Sufism Based on Sunnah, Community, and Love for the Family of the Prophet<\/strong><\/li>\n<\/ol>\n<p>Bishr\u2019s path to perfection is linked to four principles: following the Sunnah, serving the righteous, offering counsel, and loving the Ahl al-Bayt. This reflects an early Sufism rooted in Sunn\u012b values and methodology.<\/p>\n<ol start=\"6\">\n<li><strong>Mal\u0101m\u012b Tendencies and the \u201c<\/strong><strong>\u1e24<\/strong><strong>\u0101f\u012b\u201d Epithet<\/strong><\/li>\n<\/ol>\n<p>Bishr\u2019s habit of walking barefoot, which earned him the nickname \u201cal-\u1e24\u0101f\u012b,\u201d is viewed as a reflection of Mal\u0101m\u012b inclinations. However, Demirli notes that Bishr does not fully align with formal Mal\u0101m\u012b doctrines.<\/p>\n<ol start=\"7\">\n<li><strong>Epistemology via Wara<\/strong><strong>\u02bf<\/strong><strong>, Ish<\/strong><strong>\u0101<\/strong><strong>ra, and <\/strong><strong>\u02bf<\/strong><strong>Ib<\/strong><strong>\u0101<\/strong><strong>ra<\/strong><\/li>\n<\/ol>\n<p>Through comparisons with Dh\u016b al-N\u016bn and Sah\u012b, Demirli categorizes Sufi knowledge into expression (\u02bfib\u0101ra), indication (ish\u0101ra), and abstinence (wara\u02bf), with Bishr exemplifying the practical, ethics-centered dimension.<\/p>\n<ol start=\"8\">\n<li><strong>Reputation and the Mal\u0101m\u012b Critique<\/strong><\/li>\n<\/ol>\n<p>Mal\u0101m\u012b Sufism targets the desire for social recognition as the main barrier to true divine knowledge (taw\u1e25\u012bd). To resist this, early Sufis sought invisibility. Demirli criticizes modern claims to \u201cMal\u0101m\u012b\u201d identity as contradicting this ethos.<\/p>\n<p><strong>Conclusion<\/strong><\/p>\n<p>Through the figure of Bishr al-\u1e24\u0101f\u012b, this seminar reveals how early Sufism emerged through biographical and doctrinal synthesis, emphasizing Sunnah-based practice and critical awareness of fame. It underlines the need for a discerning approach to Sufi hagiographies while mapping the epistemological depth of the early tradition.<\/p>\n<p>&nbsp;<\/p>\n","protected":false},"excerpt":{"rendered":"<p>EKREM DEM\u0130RL\u0130,KU\u015eEYR\u0130 OKUMALARI 6. SEM\u0130NER \u00d6ZET\u0130 Seminerin Amac\u0131 ve \u0130\u00e7eri\u011fi [&hellip;]<\/p>\n","protected":false},"author":1,"featured_media":0,"parent":0,"menu_order":0,"comment_status":"closed","ping_status":"closed","template":"","meta":{"footnotes":""},"class_list":["post-5090","page","type-page","status-publish","hentry"],"jetpack_sharing_enabled":true,"_links":{"self":[{"href":"https:\/\/klasikdusunceokulu.com\/index.php\/wp-json\/wp\/v2\/pages\/5090","targetHints":{"allow":["GET"]}}],"collection":[{"href":"https:\/\/klasikdusunceokulu.com\/index.php\/wp-json\/wp\/v2\/pages"}],"about":[{"href":"https:\/\/klasikdusunceokulu.com\/index.php\/wp-json\/wp\/v2\/types\/page"}],"author":[{"embeddable":true,"href":"https:\/\/klasikdusunceokulu.com\/index.php\/wp-json\/wp\/v2\/users\/1"}],"replies":[{"embeddable":true,"href":"https:\/\/klasikdusunceokulu.com\/index.php\/wp-json\/wp\/v2\/comments?post=5090"}],"version-history":[{"count":2,"href":"https:\/\/klasikdusunceokulu.com\/index.php\/wp-json\/wp\/v2\/pages\/5090\/revisions"}],"predecessor-version":[{"id":5209,"href":"https:\/\/klasikdusunceokulu.com\/index.php\/wp-json\/wp\/v2\/pages\/5090\/revisions\/5209"}],"wp:attachment":[{"href":"https:\/\/klasikdusunceokulu.com\/index.php\/wp-json\/wp\/v2\/media?parent=5090"}],"curies":[{"name":"wp","href":"https:\/\/api.w.org\/{rel}","templated":true}]}}