{"id":6051,"date":"2025-06-04T11:54:22","date_gmt":"2025-06-04T08:54:22","guid":{"rendered":"https:\/\/klasikdusunceokulu.com\/?page_id=6051"},"modified":"2025-06-04T11:54:22","modified_gmt":"2025-06-04T08:54:22","slug":"cuneyt-kaya-farabi-el-medinetul-fazila-1-seminer-ozeti","status":"publish","type":"page","link":"https:\/\/klasikdusunceokulu.com\/index.php\/cuneyt-kaya-farabi-el-medinetul-fazila-1-seminer-ozeti\/","title":{"rendered":"C\u00dcNEYT KAYA: FAR\u00c2B\u00ce, el-MED\u00ceNET\u00dc\u2019L-F\u00c2ZILA 1. SEM\u0130NER \u00d6ZET\u0130"},"content":{"rendered":"<p><span style=\"color: #000000;\"><strong>C\u00dcNEYT KAYA: FAR\u00c2B\u00ce, el-MED\u00ceNET\u00dc\u2019L-F\u00c2ZILA 1. SEM\u0130NER \u00d6ZET\u0130<\/strong><\/span><\/p>\n<p><span style=\"color: #000000;\"><strong>Ana Temalar ve Ba\u015fl\u0131klar:<\/strong><\/span><\/p>\n<ol>\n<li><span style=\"color: #000000;\"><strong> Metodolojik Giri\u015f ve R\u00fbs-\u00fc Sem\u00e2niyye Gelene\u011fi<\/strong><\/span><br \/>\n<span style=\"color: #000000;\">Ders, \u0130slam felsefe gelene\u011finde metin okuma usul\u00fcne uygun \u015fekilde \u201cR\u00fbs-\u00fc Sem\u00e2niyye\u201d (sekiz soru) form\u00fcl\u00fcyle a\u00e7\u0131l\u0131r: Yazar ve metnin tan\u0131t\u0131m\u0131, amac\u0131, faydas\u0131, yap\u0131s\u0131, disiplindeki yeri gibi ba\u015fl\u0131klar ele al\u0131n\u0131r. Bu, hem metne sistematik bir giri\u015f sa\u011flar hem de klasik \u015ferh gelene\u011fiyle ba\u011f kurar.<\/span><\/li>\n<li><span style=\"color: #000000;\"><strong> F\u00e2r\u00e2b\u00ee\u2019nin Felsefi Konumu ve Etkisi<\/strong><\/span><br \/>\n<span style=\"color: #000000;\">F\u00e2r\u00e2b\u00ee, Aristoteles sonras\u0131 \u201cMuallim-i S\u00e2n\u00ee\u201d olarak tan\u0131t\u0131l\u0131r. Metinlerinde mant\u0131k, metafizik, siyaset ve ahlak alanlar\u0131nda \u00f6zg\u00fcn bir sistem kurar. K\u0131sa ama \u00f6zl\u00fc eserleriyle Me\u015f\u015f\u00e2\u00ee felsefenin temellerini atar ve \u00f6zellikle \u0130bn S\u00een\u00e2 \u00fczerindeki etkisi vurgulan\u0131r.<\/span><\/li>\n<li><span style=\"color: #000000;\"><strong> El-Med\u00eenet\u00fc\u2019l-F\u00e2z\u0131la\u2019n\u0131n Niteli\u011fi ve \u0130\u00e7eri\u011fi<\/strong><\/span><br \/>\n<span style=\"color: #000000;\">Bu eser, metafizik, epistemoloji, ahlak ve siyaset felsefesini b\u00fct\u00fcnc\u00fcl bir sistem i\u00e7inde sunan nadir F\u00e2r\u00e2b\u00ee metinlerinden biridir. Alt\u0131 k\u0131s\u0131mdan olu\u015fur:<\/span><\/li>\n<\/ol>\n<ol>\n<li><span style=\"color: #000000;\">\u0130lk neden<\/span><\/li>\n<li><span style=\"color: #000000;\">Ay\u00fcst\u00fc varl\u0131klar<\/span><\/li>\n<li><span style=\"color: #000000;\">Ayalt\u0131 varl\u0131klar<\/span><\/li>\n<li><span style=\"color: #000000;\">\u0130nsan ve nefis<\/span><\/li>\n<li><span style=\"color: #000000;\">Erdemli toplum ve kar\u015f\u0131tlar\u0131<\/span><\/li>\n<li><span style=\"color: #000000;\">Sapk\u0131n toplumlar ve g\u00f6r\u00fc\u015fleri<\/span><\/li>\n<\/ol>\n<ol start=\"4\">\n<li><span style=\"color: #000000;\"><strong> \u0130lk Neden ve Tenzih \u00dcslubu<\/strong><\/span><br \/>\n<span style=\"color: #000000;\">Metnin ilk b\u00f6l\u00fcm\u00fc, \u201cilk varl\u0131k\u201d veya \u201cilk neden\u201din ne olmad\u0131\u011f\u0131 \u00fczerinden Tanr\u0131 anlay\u0131\u015f\u0131n\u0131 kurar. F\u00e2r\u00e2b\u00ee, klasik felsefedeki negatif teolojiye (tenzih) yaslanarak bu varl\u0131\u011f\u0131 eksikliklerden ar\u0131nd\u0131r\u0131r. \u0130lk neden, tek, basit, b\u00f6l\u00fcnemez, maddesiz ve bil-fiil ak\u0131ld\u0131r. Ayn\u0131 anda ak\u0131l, akleden ve akledilen\u2019dir. Bu, hem Yunan felsefesi hem de \u0130slam teolojisiyle \u00f6rt\u00fc\u015fen bir Tanr\u0131 tasavvurudur.<\/span><\/li>\n<li><span style=\"color: #000000;\"><strong> Ontolojik M\u00fckemmellik ve A\u015fk\u0131nl\u0131k<\/strong><\/span><br \/>\n<span style=\"color: #000000;\">F\u00e2r\u00e2b\u00ee\u2019ye g\u00f6re ilk neden t\u00fcm varl\u0131\u011f\u0131n kayna\u011f\u0131d\u0131r ve mutlak kemalin temsilcisidir. Ondan ba\u015fka her varl\u0131k eksiklik i\u00e7erir. Tanr\u0131\u2019da potansiyel de\u011fil, tam ve akt\u00fcel varl\u0131k vard\u0131r. Bu a\u015fk\u0131nl\u0131k anlay\u0131\u015f\u0131yla metafizik k\u00f6t\u00fcl\u00fck, varl\u0131ktaki eksiklikle \u00f6zde\u015fle\u015ftirilir.<\/span><\/li>\n<li><span style=\"color: #000000;\"><strong> Bilme, Varl\u0131k ve \u0130drak \u0130li\u015fkisi<\/strong><\/span><br \/>\n<span style=\"color: #000000;\">Bilmek, akletmek ve var olmak e\u015f anlaml\u0131d\u0131r. \u0130lk neden kendisini bilerek varl\u0131\u011f\u0131n\u0131 ger\u00e7ekle\u015ftirir. \u0130nsan\u0131n bu hakikati kavrayabilmesi, bedensel-maddi ba\u011f\u0131ml\u0131l\u0131klardan kurtulmas\u0131yla m\u00fcmk\u00fcnd\u00fcr.<\/span><\/li>\n<\/ol>\n<p><span style=\"color: #000000;\"><strong>Sonu\u00e7:<\/strong><\/span><\/p>\n<p><span style=\"color: #000000;\">\u0130lk derste F\u00e2r\u00e2b\u00ee\u2019nin sistematik d\u00fc\u015f\u00fcncesine giri\u015f yap\u0131l\u0131r. <em>El-Med\u00eenet\u00fc\u2019l-F\u00e2z\u0131la<\/em>, erdemli toplumun fikr\u00ee temellerini kozmoloji ve metafizikle kurar. Tanr\u0131 tasavvuru, a\u015fk\u0131nl\u0131k ve kemal \u00fczerine kuruludur. Bu yap\u0131, sonraki ahlak\u00ee ve siyasal b\u00f6l\u00fcmlerin temel metafizik zemini olarak i\u015flev g\u00f6r\u00fcr.<\/span><\/p>\n<p>&nbsp;<\/p>\n<p><span style=\"color: #000000;\"><strong>Main Themes and Headings:<\/strong><\/span><\/p>\n<ol>\n<li><span style=\"color: #000000;\"><strong> Methodological Introduction: The \u201cR\u016bs al-Sam\u0101niyya\u201d Framework<\/strong><\/span><br \/>\n<span style=\"color: #000000;\">The lesson begins with the classical eight-point introductory method (<em>r\u016bs al-sam\u0101niyya<\/em>), outlining the author, the work\u2019s title, its purpose, benefits, content structure, and place in the discipline. This approach mirrors the traditional Islamic commentary method and provides a systematic entry into the text.<\/span><\/li>\n<li><span style=\"color: #000000;\"><strong> F\u0101r\u0101b\u012b\u2019s Philosophical Position and Legacy<\/strong><\/span><br \/>\n<span style=\"color: #000000;\">F\u0101r\u0101b\u012b is presented as the \u201cSecond Master\u201d (after Aristotle). He is pivotal in developing a comprehensive philosophical system integrating logic, metaphysics, ethics, and political theory. His influence on later thinkers\u2014especially Avicenna\u2014is emphasized.<\/span><\/li>\n<li><span style=\"color: #000000;\"><strong> Structure and Scope of <em>al-Mad\u012bnat al-F\u0101<\/em><\/strong><strong><em>\u1e0dila<\/em><\/strong><\/span><br \/>\n<span style=\"color: #000000;\">The book is one of F\u0101r\u0101b\u012b\u2019s most systematic works, combining metaphysics, epistemology, ethics, and political philosophy. It consists of six main parts:<\/span><\/li>\n<\/ol>\n<ol>\n<li><span style=\"color: #000000;\">The First Cause<\/span><\/li>\n<li><span style=\"color: #000000;\">Supercelestial beings<\/span><\/li>\n<li><span style=\"color: #000000;\">Subcelestial beings<\/span><\/li>\n<li><span style=\"color: #000000;\">The human soul<\/span><\/li>\n<li><span style=\"color: #000000;\">The virtuous city and its opposites<\/span><\/li>\n<li><span style=\"color: #000000;\">Corrupt cities and misguided doctrines<\/span><\/li>\n<\/ol>\n<ol start=\"4\">\n<li><span style=\"color: #000000;\"><strong> The First Cause and the Theology of Negation<\/strong><\/span><br \/>\n<span style=\"color: #000000;\">The first section develops a conception of God through negation (<em>tenz\u012bh<\/em>), describing what God is not. The First Cause is described as singular, indivisible, immaterial, pure actuality, and identical with intellect, the intellecting subject, and the object of intellect. This conception aligns with both Greek philosophical and Islamic theological traditions.<\/span><\/li>\n<li><span style=\"color: #000000;\"><strong> Ontological Perfection and Divine Transcendence<\/strong><\/span><br \/>\n<span style=\"color: #000000;\">F\u0101r\u0101b\u012b presents the First Cause as the origin of all being and the embodiment of absolute perfection. All other existents contain deficiency. Unlike contingent beings, God is pure actuality with no potentiality, reflecting a metaphysical understanding where evil is seen as ontological deficiency.<\/span><\/li>\n<li><span style=\"color: #000000;\"><strong> Knowledge, Being, and Intellectual Intuition<\/strong><\/span><br \/>\n<span style=\"color: #000000;\">For F\u0101r\u0101b\u012b, to exist, to know, and to intellect are identical. The First Cause achieves its own perfection by knowing itself. For human beings, attaining this truth requires liberation from bodily and material limitations.<\/span><\/li>\n<\/ol>\n<p><span style=\"color: #000000;\"><strong>Conclusion:<\/strong><\/span><\/p>\n<p><span style=\"color: #000000;\">This first lesson introduces F\u0101r\u0101b\u012b\u2019s systematic metaphysical vision, which grounds his concept of the virtuous city. The work begins with a theocentric ontology that defines God as absolute perfection and the ultimate source of order. This metaphysical framework becomes the foundation for the ethical and political teachings developed in the subsequent sections of the text.<\/span><\/p>\n<p>&nbsp;<\/p>\n<p>&nbsp;<\/p>\n","protected":false},"excerpt":{"rendered":"<p>C\u00dcNEYT KAYA: FAR\u00c2B\u00ce, el-MED\u00ceNET\u00dc\u2019L-F\u00c2ZILA 1. SEM\u0130NER \u00d6ZET\u0130 Ana Temalar ve [&hellip;]<\/p>\n","protected":false},"author":1,"featured_media":0,"parent":0,"menu_order":0,"comment_status":"closed","ping_status":"closed","template":"","meta":{"footnotes":""},"class_list":["post-6051","page","type-page","status-publish","hentry"],"jetpack_sharing_enabled":true,"_links":{"self":[{"href":"https:\/\/klasikdusunceokulu.com\/index.php\/wp-json\/wp\/v2\/pages\/6051","targetHints":{"allow":["GET"]}}],"collection":[{"href":"https:\/\/klasikdusunceokulu.com\/index.php\/wp-json\/wp\/v2\/pages"}],"about":[{"href":"https:\/\/klasikdusunceokulu.com\/index.php\/wp-json\/wp\/v2\/types\/page"}],"author":[{"embeddable":true,"href":"https:\/\/klasikdusunceokulu.com\/index.php\/wp-json\/wp\/v2\/users\/1"}],"replies":[{"embeddable":true,"href":"https:\/\/klasikdusunceokulu.com\/index.php\/wp-json\/wp\/v2\/comments?post=6051"}],"version-history":[{"count":1,"href":"https:\/\/klasikdusunceokulu.com\/index.php\/wp-json\/wp\/v2\/pages\/6051\/revisions"}],"predecessor-version":[{"id":6052,"href":"https:\/\/klasikdusunceokulu.com\/index.php\/wp-json\/wp\/v2\/pages\/6051\/revisions\/6052"}],"wp:attachment":[{"href":"https:\/\/klasikdusunceokulu.com\/index.php\/wp-json\/wp\/v2\/media?parent=6051"}],"curies":[{"name":"wp","href":"https:\/\/api.w.org\/{rel}","templated":true}]}}