{"id":6073,"date":"2025-06-04T12:20:49","date_gmt":"2025-06-04T09:20:49","guid":{"rendered":"https:\/\/klasikdusunceokulu.com\/?page_id=6073"},"modified":"2025-06-04T12:20:49","modified_gmt":"2025-06-04T09:20:49","slug":"omer-turker-el-medinetul-fazila-5-seminer-ozeti","status":"publish","type":"page","link":"https:\/\/klasikdusunceokulu.com\/index.php\/omer-turker-el-medinetul-fazila-5-seminer-ozeti\/","title":{"rendered":"\u00d6MER T\u00dcRKER: el-MED\u00ceNET\u00dc\u2019L-F\u00c2ZILA 5. SEM\u0130NER \u00d6ZET\u0130"},"content":{"rendered":"<p><span style=\"color: #000000;\"><strong>\u00d6MER T\u00dcRKER: el-MED\u00ceNET\u00dc\u2019L-F\u00c2ZILA 5. SEM\u0130NER \u00d6ZET\u0130<\/strong><\/span><\/p>\n<p><span style=\"color: #000000;\"><strong>Ana Temalar ve Ba\u015fl\u0131klar:<\/strong><\/span><\/p>\n<ol>\n<li><span style=\"color: #000000;\"><strong> Tabi\u00ee Cisimlerin Ortaya \u00c7\u0131k\u0131\u015f\u0131 ve Kozmik Nedensellik<\/strong><\/span><br \/>\n<span style=\"color: #000000;\">F\u00e2r\u00e2b\u00ee\u2019ye g\u00f6re olu\u015f ve bozulu\u015fa tabi cisimler (heyul\u00e2n\u00ee varl\u0131klar), do\u011frudan faal ak\u0131ldan de\u011fil, semav\u00ee k\u00fcrelerin hareketlerinin uyumu ve z\u0131tl\u0131\u011f\u0131 neticesinde ortaya \u00e7\u0131kar. Bu cisimlerin formu faal ak\u0131ldan gelirken, madd\u00ee terkibi k\u00fcresel hareketlerin kombinasyonlar\u0131na dayan\u0131r. Bu farkl\u0131l\u0131k, akl\u0131n do\u011frudan sebep olamayaca\u011f\u0131 de\u011fi\u015fime a\u00e7\u0131k varl\u0131klar\u0131n ba\u015fka yollarla varl\u0131\u011fa geldi\u011fini g\u00f6sterir.<\/span><\/li>\n<li><span style=\"color: #000000;\"><strong> Olu\u015f\u2013Bozulu\u015f, Z\u0131tl\u0131k ve \u0130mk\u00e2n\u0131n Zirvesi<\/strong><\/span><br \/>\n<span style=\"color: #000000;\">Tabiat d\u00fcnyas\u0131, birbirine d\u00f6n\u00fc\u015febilen d\u00f6rt unsurun (toprak, su, hava, ate\u015f) kar\u015f\u0131tl\u0131\u011f\u0131 \u00fczerinden i\u015fler. Bu z\u0131tl\u0131k, ayn\u0131 zamanda imk\u00e2n\u0131n en u\u00e7 s\u0131n\u0131rlar\u0131n\u0131 temsil eder. Varl\u0131kta en alt mertebeyi te\u015fkil eden tabi\u00ee cisimler, zorunluluk de\u011fil imk\u00e2n temelinde varl\u0131k kazan\u0131r. Ancak t\u00fcr olarak varl\u0131klar\u0131n\u0131 s\u00fcrd\u00fcrseler de birey olarak devaml\u0131l\u0131klar\u0131 m\u00fcmk\u00fcn de\u011fildir.<\/span><\/li>\n<li><span style=\"color: #000000;\"><strong> \u0130lahi \u0130rade ve Tedbir: K\u00f6t\u00fcl\u00fck Probleminin Reddi<\/strong><\/span><br \/>\n<span style=\"color: #000000;\">Sud\u00fbr teorisine g\u00f6re Tanr\u0131\u2019n\u0131n \u201cilahi inayeti\u201d, her varl\u0131\u011fa bulundu\u011fu mertebeye uygun olan\u0131 sa\u011flar. Dolay\u0131s\u0131yla alemde ger\u00e7ek anlamda bir eksiklik veya k\u00f6t\u00fcl\u00fckten s\u00f6z edilemez. K\u00f6t\u00fcl\u00fck, sadece insan\u0131n iradi olarak kemal potansiyelinden geri durmas\u0131yla m\u00fcmk\u00fcn olur. Evrende her varl\u0131k, kendi yerine ve d\u00fczeyine g\u00f6re \u201cadalet\u201dle yerle\u015ftirilmi\u015ftir.<\/span><\/li>\n<li><span style=\"color: #000000;\"><strong> Canl\u0131 T\u00fcrlerinin Bekas\u0131 ve G\u00f6ksel Etki<\/strong><\/span><br \/>\n<span style=\"color: #000000;\">F\u00e2r\u00e2b\u00ee baz\u0131 t\u00fcrlerin kendi i\u00e7lerinden \u00fcreyerek varl\u0131klar\u0131n\u0131 s\u00fcrd\u00fcrebildiklerini, baz\u0131lar\u0131n\u0131n ise g\u00f6ksel etkilerle yeniden ortaya \u00e7\u0131kt\u0131\u011f\u0131n\u0131 belirtir. T\u00fcrlerin varl\u0131\u011f\u0131n\u0131n kesintiye u\u011frad\u0131\u011f\u0131 zamanlar bile ilahi d\u00fczenin bir par\u00e7as\u0131d\u0131r. Bu da t\u00fcrsel devaml\u0131l\u0131\u011f\u0131n bazen semav\u00ee sebeplere ba\u011fl\u0131 oldu\u011funu g\u00f6sterir.<\/span><\/li>\n<li><span style=\"color: #000000;\"><strong> Nefis G\u00fc\u00e7leri ve \u0130nsani Yap\u0131n\u0131n B\u00fct\u00fcnl\u00fc\u011f\u00fc<\/strong><\/span><br \/>\n<span style=\"color: #000000;\">\u0130nsanda beslenme, duyum, m\u00fctehayyile (hayal), ak\u0131l ve arzu g\u00fc\u00e7leri aras\u0131nda hiyerar\u015fik bir yap\u0131 vard\u0131r. Arzu g\u00fcc\u00fc t\u00fcm kuvvelere ili\u015ferek onlar\u0131n fiile ge\u00e7mesini sa\u011flar. F\u00e2r\u00e2b\u00ee\u2019ye g\u00f6re bu g\u00fc\u00e7ler kalpte toplan\u0131r ve beden siyasetinin metaforu olarak toplumsal d\u00fczene uygulan\u0131r. Akl\u0131n y\u00f6neticili\u011fi alt\u0131nda t\u00fcm kuvveler tek bir bireyde birle\u015ferek \u201cnefsin birli\u011fi\u201dni olu\u015fturur.<\/span><\/li>\n<\/ol>\n<p><span style=\"color: #000000;\"><strong>Sonu\u00e7:<\/strong><\/span><\/p>\n<ol>\n<li><span style=\"color: #000000;\">seminer, F\u00e2r\u00e2b\u00ee\u2019nin kozmolojik ve antropolojik tasavvurunu birle\u015ftirerek evrendeki her varl\u0131\u011f\u0131n ilahi adalet ve inayetle yerli yerine yerle\u015ftirildi\u011fini savunur. K\u00f6t\u00fcl\u00fc\u011f\u00fcn reel de\u011fil izaf\u00ee bir durum oldu\u011funu ileri s\u00fcrer. \u0130nsan yap\u0131s\u0131ndaki kuvveler aras\u0131ndaki i\u015f birli\u011fi, bireysel ve toplumsal d\u00fczenin metafizik temellerini olu\u015fturur. Varl\u0131k hiyerar\u015fisi, ahlak\u00ee ve siyasal sorumlulu\u011fun zeminini in\u015fa eder.<\/span><\/li>\n<\/ol>\n<p>&nbsp;<\/p>\n<p><span style=\"color: #000000;\"><strong>Main Themes and Headings:<\/strong><\/span><\/p>\n<ol>\n<li><span style=\"color: #000000;\"><strong> Emergence of Natural Bodies and Cosmic Causality<\/strong><\/span><br \/>\n<span style=\"color: #000000;\">According to F\u0101r\u0101b\u012b, perishable corporeal beings (hylomorphic entities) do not originate directly from the Active Intellect. Rather, they result from the interplay of celestial spheres whose contrasting and harmonious movements generate physical compositions. While their forms derive from the Active Intellect, their material substrates stem from celestial motion, signifying that mutable beings arise from secondary\u2014not direct\u2014causes.<\/span><\/li>\n<li><span style=\"color: #000000;\"><strong> Generation, Corruption, and the Apex of Potentiality<\/strong><\/span><br \/>\n<span style=\"color: #000000;\">The sublunar world operates through the opposition of the four elements (earth, water, air, fire), representing the highest level of potentiality in existence. These natural bodies, positioned at the lowest tier of being, exist not through necessity but through possibility. Although their species may endure, individual entities are transient and impermanent.<\/span><\/li>\n<li><span style=\"color: #000000;\"><strong> Divine Providence and the Rejection of the Problem of Evil<\/strong><\/span><br \/>\n<span style=\"color: #000000;\">F\u0101r\u0101b\u012b\u2019s emanationist model posits that divine providence (<em>\u02bfin\u0101ya<\/em>) grants each being what is suitable to its ontological rank. Therefore, what appears as &#8220;evil&#8221; or deficiency is merely relative and not ontologically real. True evil only occurs when rational beings fail to realize their potential. The universe is structured in justice, with all things perfectly ordered according to their nature.<\/span><\/li>\n<li><span style=\"color: #000000;\"><strong> Continuity of Species and Celestial Influence<\/strong><\/span><br \/>\n<span style=\"color: #000000;\">Some species maintain continuity through natural reproduction, while others reappear through celestial intervention. Even temporal interruptions in species existence are part of the divine plan. Thus, celestial causes play an essential role in maintaining the diversity and renewal of life forms.<\/span><\/li>\n<li><span style=\"color: #000000;\"><strong> Faculties of the Soul and the Unity of Human Nature<\/strong><\/span><br \/>\n<span style=\"color: #000000;\">The human soul is composed of hierarchical faculties: nutrition, perception, imagination, reason, and desire. The faculty of desire interacts with all others and enables their realization. F\u0101r\u0101b\u012b emphasizes that these faculties are unified under the governance of the intellect, with the heart as their central point\u2014an idea mirrored in his metaphor of political order.<\/span><\/li>\n<\/ol>\n<p><span style=\"color: #000000;\"><strong>Conclusion:<\/strong><\/span><\/p>\n<p><span style=\"color: #000000;\">In this seminar, F\u0101r\u0101b\u012b\u2019s cosmology and anthropology are interwoven into a coherent metaphysical vision. All beings are positioned through divine justice and providence, and evil is reinterpreted as a lack of fulfillment rather than a substantive flaw. The harmony among the soul\u2019s faculties reflects the metaphysical order of the cosmos, offering a foundational model for ethical and political structure based on the unity of reason and existence.<\/span><\/p>\n<p>&nbsp;<\/p>\n","protected":false},"excerpt":{"rendered":"<p>\u00d6MER T\u00dcRKER: el-MED\u00ceNET\u00dc\u2019L-F\u00c2ZILA 5. SEM\u0130NER \u00d6ZET\u0130 Ana Temalar ve Ba\u015fl\u0131klar: [&hellip;]<\/p>\n","protected":false},"author":1,"featured_media":0,"parent":0,"menu_order":0,"comment_status":"closed","ping_status":"closed","template":"","meta":{"footnotes":""},"class_list":["post-6073","page","type-page","status-publish","hentry"],"jetpack_sharing_enabled":true,"_links":{"self":[{"href":"https:\/\/klasikdusunceokulu.com\/index.php\/wp-json\/wp\/v2\/pages\/6073","targetHints":{"allow":["GET"]}}],"collection":[{"href":"https:\/\/klasikdusunceokulu.com\/index.php\/wp-json\/wp\/v2\/pages"}],"about":[{"href":"https:\/\/klasikdusunceokulu.com\/index.php\/wp-json\/wp\/v2\/types\/page"}],"author":[{"embeddable":true,"href":"https:\/\/klasikdusunceokulu.com\/index.php\/wp-json\/wp\/v2\/users\/1"}],"replies":[{"embeddable":true,"href":"https:\/\/klasikdusunceokulu.com\/index.php\/wp-json\/wp\/v2\/comments?post=6073"}],"version-history":[{"count":1,"href":"https:\/\/klasikdusunceokulu.com\/index.php\/wp-json\/wp\/v2\/pages\/6073\/revisions"}],"predecessor-version":[{"id":6074,"href":"https:\/\/klasikdusunceokulu.com\/index.php\/wp-json\/wp\/v2\/pages\/6073\/revisions\/6074"}],"wp:attachment":[{"href":"https:\/\/klasikdusunceokulu.com\/index.php\/wp-json\/wp\/v2\/media?parent=6073"}],"curies":[{"name":"wp","href":"https:\/\/api.w.org\/{rel}","templated":true}]}}