{"id":6904,"date":"2025-08-13T14:48:44","date_gmt":"2025-08-13T11:48:44","guid":{"rendered":"https:\/\/klasikdusunceokulu.com\/?page_id=6904"},"modified":"2025-08-13T14:48:44","modified_gmt":"2025-08-13T11:48:44","slug":"arapca-ii-seviye-dersleri-182-seminer-ozeti","status":"publish","type":"page","link":"https:\/\/klasikdusunceokulu.com\/index.php\/arapca-ii-seviye-dersleri-182-seminer-ozeti\/","title":{"rendered":"ARAP\u00c7A II. SEV\u0130YE DERSLER\u0130 182. SEM\u0130NER \u00d6ZET\u0130"},"content":{"rendered":"<p><span style=\"color: #000000;\"><strong>ARAP\u00c7A II. SEV\u0130YE DERSLER\u0130 182. SEM\u0130NER \u00d6ZET\u0130<\/strong><\/span><\/p>\n<p><span style=\"color: #000000;\"><strong>Dersin Amac\u0131 ve \u0130\u00e7eri\u011fi<\/strong><\/span><\/p>\n<p><span style=\"color: #000000;\">Bu ders, Arap\u00e7ada sonu elif-i maks\u00fbra (\u0649) ile biten ve \u00f6zel \u00e7ekim kurallar\u0131na tabi olan maks\u00fbr isimleri tan\u0131tmay\u0131 ama\u00e7lar. Maks\u00fbr isimlerin merf\u00fb, mens\u00fbb ve mecr\u00fbr durumlar\u0131ndaki i\u02bfrab \u00f6zellikleri, yaz\u0131m farklar\u0131, \u00e7ekim zorluklar\u0131 ve anlam ba\u011flam\u0131ndaki kullan\u0131mlar\u0131 \u00fczerinde durulur. \u00d6\u011frencilerin bu t\u00fcr isimleri tan\u0131mas\u0131, do\u011fru \u00e7ekimlemesi ve metin i\u00e7inde yorumlayabilmesi hedeflenir.<\/span><\/p>\n<p>&nbsp;<\/p>\n<p><span style=\"color: #000000;\"><strong>Ana Temalar<\/strong><\/span><\/p>\n<ol>\n<li><span style=\"color: #000000;\"><strong>Maks\u00fbr \u0130simlerin Tan\u0131m\u0131 ve \u00d6zellikleri<\/strong><\/span><\/li>\n<\/ol>\n<p><span style=\"color: #000000;\">Maks\u00fbr isimler, son harfi elif-i maks\u00fbra (\u0649) olan isimlerdir. Bu harf g\u00f6r\u00fcn\u00fc\u015fte elif&#8217;e benzese de asl\u0131nda ye harfi bi\u00e7iminde yaz\u0131l\u0131r, ancak elif gibi okunur. \u00d6rnekler:<\/span><\/p>\n<p>&nbsp;<\/p>\n<p><span style=\"color: #000000;\">\u0627\u0644\u062f\u0651\u064f\u0646\u0652\u064a\u064e\u0627 (d\u00fcnya)<\/span><\/p>\n<p>&nbsp;<\/p>\n<p><span style=\"color: #000000;\">\u0627\u0644\u0652\u0639\u064f\u0635\u064e\u0627 (de\u011fnek)<\/span><\/p>\n<p>&nbsp;<\/p>\n<p><span style=\"color: #000000;\">\u0627\u0644\u0652\u0641\u064e\u062a\u064e\u0649 (gen\u00e7 adam)<\/span><\/p>\n<p>&nbsp;<\/p>\n<p><span style=\"color: #000000;\">Bu isimler laf\u0131z olarak m\u00fcfret (tekil) ve \u00e7o\u011funlukla mu\u011fal\u00e2 veya m\u00fcennes anlam\u0131 ta\u015f\u0131yan kelimelerdir.<\/span><\/p>\n<p>&nbsp;<\/p>\n<ol start=\"2\">\n<li><span style=\"color: #000000;\"><strong>\u0130\u2018rab ve \u00c7ekim Kurallar\u0131<\/strong><\/span><\/li>\n<\/ol>\n<p><span style=\"color: #000000;\">Maks\u00fbr isimler \u00fc\u00e7 h\u00e2lde \u00e7ekilir:<\/span><\/p>\n<p>&nbsp;<\/p>\n<p><span style=\"color: #000000;\">Merf\u00fb (nominative): Sonunda elif-i maks\u00fbra kal\u0131r (\u0627\u0644\u0652\u0641\u064e\u062a\u064e\u0649 \u2013 gen\u00e7 adam [\u00f6zne]).<\/span><\/p>\n<p>&nbsp;<\/p>\n<p><span style=\"color: #000000;\">Mens\u00fbb (accusative): Ayn\u0131 \u015fekilde g\u00f6r\u00fcn\u00fcr (\u0631\u064e\u0623\u064e\u064a\u0652\u062a\u064f \u0627\u0644\u0652\u0641\u064e\u062a\u064e\u0649 \u2013 genci g\u00f6rd\u00fcm).<\/span><\/p>\n<p>&nbsp;<\/p>\n<p><span style=\"color: #000000;\">Mecr\u00fbr (genitive): Harf-i cerr almas\u0131na ra\u011fmen g\u00f6r\u00fcn\u00fc\u015f de\u011fi\u015fmez (\u0645\u064e\u0631\u064e\u0631\u0652\u062a\u064f \u0628\u0650\u0627\u0644\u0652\u0641\u064e\u062a\u064e\u0649 \u2013 gencin yan\u0131ndan ge\u00e7tim).<\/span><\/p>\n<p>&nbsp;<\/p>\n<p><span style=\"color: #000000;\">Yani lafzen de\u011fi\u015fiklik olmaks\u0131z\u0131n, sadece ba\u011flamdan anla\u015f\u0131l\u0131r. Bu da maks\u00fbr isimlerin mahallen mecr\u00fbr veya mens\u00fbb olu\u015funa yol a\u00e7ar.<\/span><\/p>\n<p>&nbsp;<\/p>\n<ol start=\"3\">\n<li><span style=\"color: #000000;\"><strong>\u00c7o\u011ful Yap\u0131lar\u0131 ve Yaz\u0131m \u00d6zellikleri<\/strong><\/span><\/li>\n<\/ol>\n<p><span style=\"color: #000000;\">Maks\u00fbr isimlerin \u00e7o\u011ful yap\u0131lmas\u0131nda baz\u0131 yaz\u0131m farkl\u0131l\u0131klar\u0131 g\u00f6r\u00fcl\u00fcr:<\/span><\/p>\n<p>&nbsp;<\/p>\n<p><span style=\"color: #000000;\">\u0639\u064f\u0635\u064e\u0627 \u2192 \u0639\u064f\u0635\u0650\u064a\u0651<\/span><\/p>\n<p>&nbsp;<\/p>\n<p><span style=\"color: #000000;\">\u0641\u064e\u062a\u064b\u0649 \u2192 \u0641\u0650\u062a\u0652\u064a\u064e\u0629<\/span><\/p>\n<p>&nbsp;<\/p>\n<p><span style=\"color: #000000;\">Bu \u00e7o\u011fullar yaz\u0131mda ye harfine a\u00e7\u0131k\u00e7a d\u00f6ner, bu da elif-i maks\u00fbran\u0131n orijinalde ye k\u00f6kenli oldu\u011funu g\u00f6sterir. Bu durum \u00f6\u011frencilerin \u00f6zellikle laf\u0131z-anlam ayr\u0131m\u0131n\u0131 do\u011fru yapmas\u0131n\u0131 gerektirir.<\/span><\/p>\n<p>&nbsp;<\/p>\n<p><span style=\"color: #000000;\">Ders boyunca pek \u00e7ok \u00f6rnek ve al\u0131\u015ft\u0131rma ile bu t\u00fcr isimlerin i\u2018rabda nas\u0131l anla\u015f\u0131laca\u011f\u0131, fiil-sonras\u0131 kullan\u0131mlar\u0131, ve muzaf h\u00e2lleri a\u00e7\u0131klan\u0131r.<\/span><\/p>\n<p>&nbsp;<\/p>\n<p><span style=\"color: #000000;\"><strong>Sonu\u00e7<\/strong><\/span><\/p>\n<p><span style=\"color: #000000;\">Bu ders sayesinde \u00f6\u011frenciler, maks\u00fbr isimleri do\u011fru tan\u0131y\u0131p \u00e7ekimleyebilir, farkl\u0131 h\u00e2llerdeki i\u2018rablar\u0131n\u0131 do\u011fru ba\u011flamda anlayabilir h\u00e2le gelirler. Bu yap\u0131lar\u0131n g\u00f6r\u00fcn\u00fc\u015fte sabit, ancak konumuna g\u00f6re de\u011fi\u015fken i\u015flevleri, Arap\u00e7a dil yap\u0131s\u0131n\u0131n derinliklerini anlamak a\u00e7\u0131s\u0131ndan olduk\u00e7a \u00f6nemlidir. \u00d6\u011frenciler klasik ve modern metinlerde kar\u015f\u0131la\u015ft\u0131klar\u0131 bu isimlerle ilgili yaz\u0131m, i\u2018rab ve anlam bilgilerini b\u00fct\u00fcnc\u00fcl \u015fekilde peki\u015ftirir.<\/span><\/p>\n<p>&nbsp;<\/p>\n<p><span style=\"color: #000000;\"><strong>Purpose and Content<\/strong><\/span><\/p>\n<p><span style=\"color: #000000;\">This lesson introduces learners to a specific group of Arabic nouns called maks\u016br nouns\u2014those ending with alif maq\u1e63\u016bra (\u0649). These nouns present particular grammatical and orthographic challenges due to their fixed spelling despite changing syntactic roles (nominative, accusative, genitive). The lesson aims to familiarize students with the i\u02bfr\u0101b behavior, declension characteristics, and contextual usage of these nouns in reading, writing, and interpretation.<\/span><\/p>\n<p>&nbsp;<\/p>\n<p><span style=\"color: #000000;\"><strong>Main Themes<\/strong><\/span><\/p>\n<ol>\n<li><span style=\"color: #000000;\"><strong>Definition and Characteristics of Maks\u016br Nouns<\/strong><\/span><\/li>\n<\/ol>\n<p><span style=\"color: #000000;\">Maks\u016br nouns are defined as those whose final letter is alif maq\u1e63\u016bra, a form that looks like a y\u0101\u02be (\u0649) but is pronounced like an alif. Examples include:<\/span><\/p>\n<p>&nbsp;<\/p>\n<p><span style=\"color: #000000;\">\u0627\u0644\u062f\u0651\u064f\u0646\u0652\u064a\u064e\u0627 (al-duny\u0101 \u2013 the world)<\/span><\/p>\n<p>&nbsp;<\/p>\n<p><span style=\"color: #000000;\">\u0627\u0644\u0652\u0639\u064f\u0635\u064e\u0627 (al-\u02bfu\u1e63\u0101 \u2013 the stick)<\/span><\/p>\n<p>&nbsp;<\/p>\n<p><span style=\"color: #000000;\">\u0627\u0644\u0652\u0641\u064e\u062a\u064e\u0649 (al-fat\u0101 \u2013 the young man)<\/span><\/p>\n<p>&nbsp;<\/p>\n<p><span style=\"color: #000000;\">These nouns are typically mufrad (singular) and often have feminine or abstract meanings despite being grammatically masculine.<\/span><\/p>\n<p>&nbsp;<\/p>\n<ol start=\"2\">\n<li><span style=\"color: #000000;\"><strong>Grammatical Behavior (I\u02bfr\u0101b) and Declension<\/strong><\/span><\/li>\n<\/ol>\n<p><span style=\"color: #000000;\">Maks\u016br nouns display a unique declension pattern:<\/span><\/p>\n<p>&nbsp;<\/p>\n<p><span style=\"color: #000000;\">Nominative (merf\u016b\u02bf): Remain with alif maq\u1e63\u016bra (\u0627\u0644\u0652\u0641\u064e\u062a\u064e\u0649 \u2013 as subject).<\/span><\/p>\n<p>&nbsp;<\/p>\n<p><span style=\"color: #000000;\">Accusative (men\u1e63\u016bb): No change in spelling (\u0631\u064e\u0623\u064e\u064a\u0652\u062a\u064f \u0627\u0644\u0652\u0641\u064e\u062a\u064e\u0649 \u2013 I saw the young man).<\/span><\/p>\n<p>&nbsp;<\/p>\n<p><span style=\"color: #000000;\">Genitive (mecr\u016br): Also appears unchanged (\u0645\u064e\u0631\u064e\u0631\u0652\u062a\u064f \u0628\u0650\u0627\u0644\u0652\u0641\u064e\u062a\u064e\u0649 \u2013 I passed by the young man).<\/span><\/p>\n<p>&nbsp;<\/p>\n<p><span style=\"color: #000000;\">In all three cases, the written form remains the same, meaning the grammatical case is understood through context and sentence structure, rather than visual change. Thus, these nouns are often analyzed as being &#8220;declined by position (ma\u1e25all)&#8221;, not by form.<\/span><\/p>\n<p>&nbsp;<\/p>\n<ol start=\"3\">\n<li><span style=\"color: #000000;\"><strong>Plural Forms and Orthographic Notes<\/strong><\/span><\/li>\n<\/ol>\n<p><span style=\"color: #000000;\">Maks\u016br nouns often shift their ending to a clear y\u0101\u02be in the plural, revealing their original root:<\/span><\/p>\n<p>&nbsp;<\/p>\n<p><span style=\"color: #000000;\">\u0639\u064f\u0635\u064e\u0627 \u2192 \u0639\u064f\u0635\u0650\u064a\u0651<\/span><\/p>\n<p>&nbsp;<\/p>\n<p><span style=\"color: #000000;\">\u0641\u064e\u062a\u064b\u0649 \u2192 \u0641\u0650\u062a\u0652\u064a\u064e\u0629<\/span><\/p>\n<p>&nbsp;<\/p>\n<p><span style=\"color: #000000;\">This transformation highlights that the alif maq\u1e63\u016bra is etymologically derived from y\u0101\u02be, even if it behaves like an alif in the singular. The lesson emphasizes correct interpretation of such plural forms and their agreement with verbs, adjectives, and syntactic elements.<\/span><\/p>\n<p>&nbsp;<\/p>\n<p><span style=\"color: #000000;\">Multiple examples and sentence exercises are provided to reinforce these rules and help learners identify maks\u016br nouns in various contexts (e.g., as objects, i\u1e0d\u0101fa constructions, or subjects in nominal\/verbal sentences).<\/span><\/p>\n<p>&nbsp;<\/p>\n<p><span style=\"color: #000000;\"><strong>Conclusion<\/strong><\/span><\/p>\n<p><span style=\"color: #000000;\">This lesson enables students to recognize, interpret, and correctly use maks\u016br nouns in Classical and Modern Standard Arabic. By mastering their static spelling but context-sensitive case behavior, learners deepen their understanding of Arabic syntax and morphology. The lesson supports more accurate comprehension and translation of literary, religious, and formal texts where maks\u016br nouns frequently occur.<\/span><\/p>\n","protected":false},"excerpt":{"rendered":"<p>ARAP\u00c7A II. SEV\u0130YE DERSLER\u0130 182. SEM\u0130NER \u00d6ZET\u0130 Dersin Amac\u0131 ve [&hellip;]<\/p>\n","protected":false},"author":1,"featured_media":0,"parent":0,"menu_order":0,"comment_status":"closed","ping_status":"closed","template":"","meta":{"footnotes":""},"class_list":["post-6904","page","type-page","status-publish","hentry"],"jetpack_sharing_enabled":true,"_links":{"self":[{"href":"https:\/\/klasikdusunceokulu.com\/index.php\/wp-json\/wp\/v2\/pages\/6904","targetHints":{"allow":["GET"]}}],"collection":[{"href":"https:\/\/klasikdusunceokulu.com\/index.php\/wp-json\/wp\/v2\/pages"}],"about":[{"href":"https:\/\/klasikdusunceokulu.com\/index.php\/wp-json\/wp\/v2\/types\/page"}],"author":[{"embeddable":true,"href":"https:\/\/klasikdusunceokulu.com\/index.php\/wp-json\/wp\/v2\/users\/1"}],"replies":[{"embeddable":true,"href":"https:\/\/klasikdusunceokulu.com\/index.php\/wp-json\/wp\/v2\/comments?post=6904"}],"version-history":[{"count":1,"href":"https:\/\/klasikdusunceokulu.com\/index.php\/wp-json\/wp\/v2\/pages\/6904\/revisions"}],"predecessor-version":[{"id":6905,"href":"https:\/\/klasikdusunceokulu.com\/index.php\/wp-json\/wp\/v2\/pages\/6904\/revisions\/6905"}],"wp:attachment":[{"href":"https:\/\/klasikdusunceokulu.com\/index.php\/wp-json\/wp\/v2\/media?parent=6904"}],"curies":[{"name":"wp","href":"https:\/\/api.w.org\/{rel}","templated":true}]}}