{"id":6906,"date":"2025-08-13T14:50:15","date_gmt":"2025-08-13T11:50:15","guid":{"rendered":"https:\/\/klasikdusunceokulu.com\/?page_id=6906"},"modified":"2025-08-13T14:50:15","modified_gmt":"2025-08-13T11:50:15","slug":"arapca-ii-seviye-dersleri-183-seminer-ozeti","status":"publish","type":"page","link":"https:\/\/klasikdusunceokulu.com\/index.php\/arapca-ii-seviye-dersleri-183-seminer-ozeti\/","title":{"rendered":"ARAP\u00c7A II. SEV\u0130YE DERSLER\u0130 183. SEM\u0130NER \u00d6ZET\u0130"},"content":{"rendered":"<p><span style=\"color: #000000;\"><strong>ARAP\u00c7A II. SEV\u0130YE DERSLER\u0130 183. SEM\u0130NER \u00d6ZET\u0130<\/strong><\/span><\/p>\n<p>&nbsp;<\/p>\n<p><span style=\"color: #000000;\"><strong>Dersin Amac\u0131 ve \u0130\u00e7eri\u011fi<\/strong><\/span><\/p>\n<p><span style=\"color: #000000;\">Bu ders, maks\u00fbr isimlerin (sonu elif-i maks\u00fbra yani (\u0649) ile biten isimler) mans\u00fbb (nesne, mef\u02bf\u00fbl bih) olarak kullan\u0131mlar\u0131n\u0131 konu edinir. Bir \u00f6nceki derste bu isimlerin mecr\u00fbr ve merf\u00fb hallerinin i\u015flendi\u011fi bilgiler temel al\u0131narak, bu derste \u00f6zellikle fiil c\u00fcmlelerinde nesne olarak geldiklerinde maks\u00fbr isimlerin nas\u0131l anla\u015f\u0131lmas\u0131 gerekti\u011fi \u00fczerinde durulmu\u015ftur. Maks\u00fbr isimlerin yaz\u0131m\u0131n\u0131n de\u011fi\u015fmemesi nedeniyle mans\u00fbb hallerinin takdiren oldu\u011fu vurgulan\u0131r ve ba\u011flamdan nas\u0131l anla\u015f\u0131laca\u011f\u0131 \u00f6rneklerle \u00f6\u011fretilir.<\/span><\/p>\n<p>&nbsp;<\/p>\n<p><span style=\"color: #000000;\"><strong>Ana Temalar<\/strong><\/span><\/p>\n<ol>\n<li><span style=\"color: #000000;\"><strong>Maks\u00fbr \u0130simlerde Mans\u00fbb Olma \u00d6zelli\u011fi<\/strong><\/span><\/li>\n<\/ol>\n<p><span style=\"color: #000000;\">Maks\u00fbr isimler, sonlar\u0131ndaki elif-i maks\u00fbran\u0131n sabit yaz\u0131m\u0131 nedeniyle mans\u00fbb (\u2013e, \u2013i) olduklar\u0131nda bile d\u0131\u015far\u0131dan g\u00f6r\u00fcn\u00fcr bir de\u011fi\u015fiklik g\u00f6stermez. Bu sebeple bu isimler \u201ctakdiren mans\u00fbb\u201d kabul edilir. \u00d6rne\u011fin:<\/span><\/p>\n<p>&nbsp;<\/p>\n<p><span style=\"color: #000000;\">\u062f\u064e\u062e\u064e\u0644\u0652\u062a\u064f \u0627\u0644\u0652\u0645\u064e\u0642\u0652\u0647\u064e\u0649 \u2013 (Kahvehaneye girdim.)<\/span><\/p>\n<p><span style=\"color: #000000;\">Burada \u0627\u0644\u0645\u0642\u0647\u0649 kelimesi nesnedir, ancak elif-i maks\u00fbra nedeniyle \u015fekil de\u011fi\u015fikli\u011fi yoktur.<\/span><\/p>\n<p>&nbsp;<\/p>\n<ol start=\"2\">\n<li><span style=\"color: #000000;\"><strong>Mef\u02bf\u00fbl Bih Olarak G\u00f6rev Yapmalar\u0131<\/strong><\/span><\/li>\n<\/ol>\n<p><span style=\"color: #000000;\">Maks\u00fbr isimlerin en \u00e7ok kar\u015f\u0131la\u015f\u0131lan mans\u00fbb kullan\u0131m\u0131 mef\u02bf\u00fbl bih (y\u00fcklemin do\u011frudan nesnesi) olmalar\u0131d\u0131r. Ancak her fiil mef\u02bf\u00fbl almaz; bu nedenle mef\u02bf\u00fbl alabilen fiillerle kurulan c\u00fcmlelerde maks\u00fbr isimlerin mans\u00fbb oldu\u011fu anla\u015f\u0131lmal\u0131d\u0131r. \u00d6rnek:<\/span><\/p>\n<p>&nbsp;<\/p>\n<p><span style=\"color: #000000;\">\u0631\u064e\u0623\u064e\u064a\u0652\u062a\u064f \u0645\u064f\u0648\u0633\u064e\u0649 \u2013 M\u00fbs\u00e2\u2019y\u0131 g\u00f6rd\u00fcm.<\/span><\/p>\n<p>&nbsp;<\/p>\n<p><span style=\"color: #000000;\">Bu durumda M\u00fbs\u00e2 ismi takdiren mans\u00fbb olup nesnedir.<\/span><\/p>\n<p>&nbsp;<\/p>\n<ol start=\"3\">\n<li><span style=\"color: #000000;\"><strong>Uygulamal\u0131 C\u00fcmle \u00d6rnekleri<\/strong><\/span><\/li>\n<\/ol>\n<p><span style=\"color: #000000;\">Derste onlarca \u00f6rnekle maks\u00fbr isimlerin mans\u00fbb h\u00e2li g\u00f6sterilmi\u015ftir:<\/span><\/p>\n<p>&nbsp;<\/p>\n<p><span style=\"color: #000000;\">\u0634\u064e\u0643\u064e\u0631\u0652\u062a\u064f \u0645\u064f\u0648\u0633\u064e\u0649 \u0639\u064e\u0644\u064e\u0649 \u0625\u0650\u0643\u0652\u0631\u064e\u0627\u0645\u0650\u0647\u0650 \u2013 M\u00fbs\u00e2\u2019ya ikram\u0131 i\u00e7in te\u015fekk\u00fcr ettim.<\/span><\/p>\n<p>&nbsp;<\/p>\n<p><span style=\"color: #000000;\">\u0631\u064e\u0623\u064e\u064a\u0652\u062a\u064f\u0645\u064f \u0627\u0644\u0652\u0645\u064f\u0633\u0652\u062a\u064e\u0634\u0652\u0641\u064e\u0649 \u0627\u0644\u0652\u062c\u064e\u062f\u0650\u064a\u062f\u064e \u2013 Yeni hastaneyi g\u00f6rd\u00fcn\u00fcz m\u00fc?<\/span><\/p>\n<p>&nbsp;<\/p>\n<p><span style=\"color: #000000;\">\u064a\u064e\u0632\u064f\u0648\u0631\u064f \u0627\u0644\u0633\u0651\u064f\u064a\u0651\u064e\u0627\u062d\u064f \u0628\u064f\u0648\u0631\u0652\u0635\u064e\u0627 \u0643\u064e\u062b\u0650\u064a\u0631\u064b\u0627 \u2013 Turistler s\u0131k s\u0131k Bursa\u2019y\u0131 ziyaret eder.<\/span><\/p>\n<p>&nbsp;<\/p>\n<p><span style=\"color: #000000;\">Ayr\u0131ca muzaf, s\u0131fat tamlamas\u0131, nekre-m\u00e2rifelik ili\u015fkisi gibi daha karma\u015f\u0131k yap\u0131larda da kullan\u0131mlar \u00f6rneklendirilmi\u015ftir.<\/span><\/p>\n<p>&nbsp;<\/p>\n<ol start=\"4\">\n<li><span style=\"color: #000000;\"><strong>S\u0131fatlar\u0131n Uyum Kurallar\u0131<\/strong><\/span><\/li>\n<\/ol>\n<p><span style=\"color: #000000;\">Maks\u00fbr isimlere gelen s\u0131fatlar mans\u00fbb olduklar\u0131nda, maks\u00fbr ismin kendisi g\u00f6r\u00fcn\u00fcrde de\u011fi\u015fmese bile s\u0131fat fetha ile g\u00f6r\u00fcn\u00fcr \u015fekilde mans\u00fbb olur:<\/span><\/p>\n<p>&nbsp;<\/p>\n<p><span style=\"color: #000000;\">\u0631\u064e\u0623\u064e\u064a\u0652\u062a\u064f \u0627\u0644\u0652\u0645\u064f\u0633\u0652\u062a\u064e\u0634\u0652\u0641\u064e\u0649 \u0627\u0644\u0652\u062c\u064e\u062f\u0650\u064a\u062f\u064e \u2013 Yeni hastaneyi g\u00f6rd\u00fcm.<\/span><\/p>\n<p><span style=\"color: #000000;\">\u2192 \u0627\u0644\u0645\u0633\u062a\u0634\u0641\u0649 takdiren mans\u00fbb, \u0627\u0644\u062c\u062f\u064a\u062f\u064e lafzen mans\u00fbb.<\/span><\/p>\n<p>&nbsp;<\/p>\n<p><span style=\"color: #000000;\"><strong>Sonu\u00e7<\/strong><\/span><\/p>\n<p><span style=\"color: #000000;\">Bu ders, maks\u00fbr isimlerin mans\u00fbb h\u00e2lde yaz\u0131m de\u011fi\u015fikli\u011fi g\u00f6stermemesine ra\u011fmen nas\u0131l do\u011fru \u015fekilde anla\u015f\u0131laca\u011f\u0131n\u0131 \u00f6\u011fretir. \u00d6\u011frenciler, fiil\u2013\u00f6zne\u2013nesne ili\u015fkisini ba\u011flam \u00fczerinden analiz ederek do\u011fru i\u02bfrab takdiri yapmay\u0131 \u00f6\u011frenir. B\u00f6ylece Kur\u2019an metinleri, klasik metinler ve modern Arap\u00e7a yaz\u0131 dilinde takdir\u00ee mans\u00fbb yap\u0131lar\u0131n tan\u0131nmas\u0131 ve yorumlanmas\u0131 konusunda yetkinlik kazan\u0131rlar.<\/span><\/p>\n<p>&nbsp;<\/p>\n<p><span style=\"color: #000000;\"><strong>Purpose and Content<\/strong><\/span><\/p>\n<p><span style=\"color: #000000;\">This lesson focuses on the accusative usage (man\u1e63\u016bb form) of maks\u016br nouns\u2014nouns ending with alif maq\u1e63\u016bra (\u0649). As a continuation of previous lessons on maks\u016br nouns in nominative and genitive contexts, this session emphasizes how these nouns function when serving as direct objects (maf\u02bf\u016bl bihi) in verbal sentences. The goal is to train students to identify and interpret these nouns correctly despite their fixed orthographic form, which does not visually change with case endings.<\/span><\/p>\n<p>&nbsp;<\/p>\n<p><span style=\"color: #000000;\"><strong>Main Themes<\/strong><\/span><\/p>\n<ol>\n<li><span style=\"color: #000000;\"><strong>The Nature of Maks\u016br Nouns in the Accusative Case<\/strong><\/span><\/li>\n<\/ol>\n<p><span style=\"color: #000000;\">Maks\u016br nouns do not visually reflect case endings because their final letter is immutably written as alif maq\u1e63\u016bra. Therefore, when these nouns are in the accusative case, we say they are &#8220;accusative by implication&#8221; (takd\u012bran man\u1e63\u016bb). For instance:<\/span><\/p>\n<p>&nbsp;<\/p>\n<p><span style=\"color: #000000;\">\u062f\u064e\u062e\u064e\u0644\u0652\u062a\u064f \u0627\u0644\u0652\u0645\u064e\u0642\u0652\u0647\u064e\u0649 (I entered the coffeehouse)<\/span><\/p>\n<p><span style=\"color: #000000;\">Here, \u0627\u0644\u0645\u0642\u0647\u0649 is the direct object, yet it ends with a fixed alif maq\u1e63\u016bra, requiring mental acknowledgment of its accusative status.<\/span><\/p>\n<p>&nbsp;<\/p>\n<ol start=\"2\">\n<li><span style=\"color: #000000;\"><strong>Syntactic Function: Maf\u02bf\u016bl Bihi<\/strong><\/span><\/li>\n<\/ol>\n<p><span style=\"color: #000000;\">The primary grammatical role addressed is that of the direct object (maf\u02bf\u016bl bihi), which is usually in the accusative. The lesson explains that not every verb takes a direct object, paralleling transitive\/intransitive distinctions in languages like Turkish or English. When a maks\u016br noun is a direct object, it is takd\u012bran man\u1e63\u016bb, inferred via context, not through visible vowel endings.<\/span><\/p>\n<p>&nbsp;<\/p>\n<ol start=\"3\">\n<li><span style=\"color: #000000;\"><strong>Multiple Examples in Context<\/strong><\/span><\/li>\n<\/ol>\n<p><span style=\"color: #000000;\">Dozens of practical examples illustrate how maks\u016br nouns appear in accusative constructions. Some examples include:<\/span><\/p>\n<p>&nbsp;<\/p>\n<p><span style=\"color: #000000;\">\u0634\u064e\u0643\u064e\u0631\u0652\u062a\u064f \u0645\u064f\u0648\u0633\u064e\u0649 \u0639\u064e\u0644\u064e\u0649 \u0625\u0650\u0643\u0652\u0631\u064e\u0627\u0645\u0650\u0647\u0650<\/span><\/p>\n<p><span style=\"color: #000000;\">(I thanked M\u016bs\u0101 for his kindness) \u2192 M\u016bs\u0101 is maf\u02bf\u016bl bihi, takd\u012bran man\u1e63\u016bb.<\/span><\/p>\n<p>&nbsp;<\/p>\n<p><span style=\"color: #000000;\">\u0631\u064e\u0623\u064e\u064a\u0652\u062a\u064f\u0645\u064f \u0627\u0644\u0652\u0645\u064f\u0633\u0652\u062a\u064e\u0634\u0652\u0641\u064e\u0649 \u0627\u0644\u0652\u062c\u064e\u062f\u0650\u064a\u062f\u064e<\/span><\/p>\n<p><span style=\"color: #000000;\">(Did you see the new hospital?) \u2192 al-mustashf\u0101 is the object, takd\u012bran man\u1e63\u016bb.<\/span><\/p>\n<p>&nbsp;<\/p>\n<p><span style=\"color: #000000;\">\u064a\u064e\u0632\u064f\u0648\u0631\u064f \u0627\u0644\u0633\u0651\u064f\u064a\u0651\u064e\u0627\u062d\u064f \u0628\u064f\u0648\u0631\u0652\u0635\u064e\u0627 \u0643\u064e\u062b\u0650\u064a\u0631\u064b\u0627<\/span><\/p>\n<p><span style=\"color: #000000;\">(Tourists frequently visit Bursa) \u2192 Bursa is maf\u02bf\u016bl bihi, takd\u012bran man\u1e63\u016bb.<\/span><\/p>\n<p>&nbsp;<\/p>\n<p><span style=\"color: #000000;\">The lesson also incorporates plural maks\u016br forms, compound structures (e.g., with \u02bei\u1e0d\u0101fa), and the use of these nouns in passive voice and negated constructions.<\/span><\/p>\n<p>&nbsp;<\/p>\n<ol start=\"4\">\n<li><span style=\"color: #000000;\"><strong>Grammatical Alignment of Adjectives<\/strong><\/span><\/li>\n<\/ol>\n<p><span style=\"color: #000000;\">When adjectives follow maks\u016br nouns functioning as objects, they too must appear in the accusative form, and their visible vowel endings reflect this\u2014even if the noun itself does not:<\/span><\/p>\n<p>&nbsp;<\/p>\n<p><span style=\"color: #000000;\">\u0631\u064e\u0623\u064e\u064a\u0652\u062a\u064f \u0627\u0644\u0652\u0645\u064f\u0633\u0652\u062a\u064e\u0634\u0652\u0641\u064e\u0649 \u0627\u0644\u0652\u062c\u064e\u062f\u0650\u064a\u062f\u064e<\/span><\/p>\n<p><span style=\"color: #000000;\">(al-mustashf\u0101 is takd\u012bran man\u1e63\u016bb, al-jad\u012bd shows visible fat\u1e25a).<\/span><\/p>\n<p>&nbsp;<\/p>\n<p><span style=\"color: #000000;\"><strong>Conclusion<\/strong><\/span><\/p>\n<p><span style=\"color: #000000;\">This lesson reinforces the idea that maks\u016br nouns must be interpreted through syntactic analysis, not mere morphology. Learners are trained to recognize accusative contexts and apply correct reasoning, especially when identifying maf\u02bf\u016bl bihi. By studying numerous examples across diverse structures, students enhance their ability to navigate the subtleties of Arabic i\u02bfr\u0101b where visual markers are absent.<\/span><\/p>\n<p>&nbsp;<\/p>\n","protected":false},"excerpt":{"rendered":"<p>ARAP\u00c7A II. SEV\u0130YE DERSLER\u0130 183. SEM\u0130NER \u00d6ZET\u0130 &nbsp; Dersin Amac\u0131 [&hellip;]<\/p>\n","protected":false},"author":1,"featured_media":0,"parent":0,"menu_order":0,"comment_status":"closed","ping_status":"closed","template":"","meta":{"footnotes":""},"class_list":["post-6906","page","type-page","status-publish","hentry"],"jetpack_sharing_enabled":true,"_links":{"self":[{"href":"https:\/\/klasikdusunceokulu.com\/index.php\/wp-json\/wp\/v2\/pages\/6906","targetHints":{"allow":["GET"]}}],"collection":[{"href":"https:\/\/klasikdusunceokulu.com\/index.php\/wp-json\/wp\/v2\/pages"}],"about":[{"href":"https:\/\/klasikdusunceokulu.com\/index.php\/wp-json\/wp\/v2\/types\/page"}],"author":[{"embeddable":true,"href":"https:\/\/klasikdusunceokulu.com\/index.php\/wp-json\/wp\/v2\/users\/1"}],"replies":[{"embeddable":true,"href":"https:\/\/klasikdusunceokulu.com\/index.php\/wp-json\/wp\/v2\/comments?post=6906"}],"version-history":[{"count":1,"href":"https:\/\/klasikdusunceokulu.com\/index.php\/wp-json\/wp\/v2\/pages\/6906\/revisions"}],"predecessor-version":[{"id":6907,"href":"https:\/\/klasikdusunceokulu.com\/index.php\/wp-json\/wp\/v2\/pages\/6906\/revisions\/6907"}],"wp:attachment":[{"href":"https:\/\/klasikdusunceokulu.com\/index.php\/wp-json\/wp\/v2\/media?parent=6906"}],"curies":[{"name":"wp","href":"https:\/\/api.w.org\/{rel}","templated":true}]}}