{"id":6924,"date":"2025-08-16T13:37:44","date_gmt":"2025-08-16T10:37:44","guid":{"rendered":"https:\/\/klasikdusunceokulu.com\/?page_id=6924"},"modified":"2025-08-16T13:37:44","modified_gmt":"2025-08-16T10:37:44","slug":"arapca-ii-seviye-dersleri-191-seminer-ozeti","status":"publish","type":"page","link":"https:\/\/klasikdusunceokulu.com\/index.php\/arapca-ii-seviye-dersleri-191-seminer-ozeti\/","title":{"rendered":"ARAP\u00c7A II. SEV\u0130YE DERSLER\u0130 191. SEM\u0130NER \u00d6ZET\u0130"},"content":{"rendered":"<p><span style=\"color: #000000;\"><strong>ARAP\u00c7A II. SEV\u0130YE DERSLER\u0130 191. SEM\u0130NER \u00d6ZET\u0130<\/strong><\/span><\/p>\n<p><span style=\"color: #000000;\"><strong>Seminerin Amac\u0131 ve \u0130\u00e7eri\u011fi<\/strong><\/span><\/p>\n<p><span style=\"color: #000000;\">Bu seminer, Arap\u00e7ada \u201cn\u00e2\u201d zamirinin (\u0646\u064e\u0627) mans\u00fbp muttas\u0131l yani biti\u015fik nesne (mef\u2018\u00fbl\u00fcn bih) zamiri olarak kullan\u0131m\u0131 \u00fczerine odaklanm\u0131\u015ft\u0131r. \u00d6\u011frencilerin, bu zamirin fail zamiri ile kar\u0131\u015ft\u0131r\u0131lmamas\u0131 gerekti\u011fini anlamalar\u0131, do\u011fru gramatik ay\u0131rt etme y\u00f6ntemlerini \u00f6\u011frenmeleri ve farkl\u0131 fiil kiplerinde nas\u0131l i\u015fledi\u011fini uygulamal\u0131 olarak g\u00f6rmeleri ama\u00e7lanm\u0131\u015ft\u0131r. Ders, klasik metinlerde ve g\u00fcnl\u00fck Arap\u00e7ada \u201cn\u00e2\u201d zamirinin do\u011fru analizine y\u00f6nelik \u00f6rneklerle zenginle\u015ftirilmi\u015ftir.<\/span><\/p>\n<p><span style=\"color: #000000;\"><strong>Ana Temalar<\/strong><\/span><\/p>\n<ol>\n<li><span style=\"color: #000000;\"><strong>\u201c<\/strong><strong>\u0646\u064e\u0627<\/strong><strong>\u201d Zamirinin \u0130ki G\u00f6revi<\/strong><\/span><\/li>\n<\/ol>\n<p><span style=\"color: #000000;\">Fail zamiri (\u00f6zne): Ketebn\u00e2 (\u0643\u064e\u062a\u064e\u0628\u0652\u0646\u064e\u0627) \u2013 \u201cBiz yazd\u0131k.\u201d<\/span><\/p>\n<p><span style=\"color: #000000;\">Mef\u2018\u00fbl zamiri (nesne): Keteben\u00e2 (\u0643\u064e\u062a\u064e\u0628\u064e\u0646\u064e\u0627) \u2013 \u201cO bizi yazd\u0131.\u201d<\/span><\/p>\n<p><span style=\"color: #000000;\">Ayr\u0131m: Fiilden hemen \u00f6nceki harfin harekesine bak\u0131l\u0131r. Sakinse fail, harekeli ise mef\u2018\u00fbld\u00fcr.<\/span><\/p>\n<ol start=\"2\">\n<li><span style=\"color: #000000;\"><strong>Fiil Kiplerine G\u00f6re Kullan\u0131m\u0131<\/strong><\/span><\/li>\n<\/ol>\n<p><span style=\"color: #000000;\">M\u00e2z\u00ee: \u0641\u064e\u0647\u0650\u0645\u064e\u0646\u064e\u0627 (o bizi anlad\u0131)<\/span><\/p>\n<p><span style=\"color: #000000;\">Muz\u00e2r\u00ee: \u064a\u064e\u0641\u0652\u0647\u064e\u0645\u064f\u0646\u064e\u0627 (o bizi anl\u0131yor)<\/span><\/p>\n<p><span style=\"color: #000000;\">Emir: \u0627\u0650\u0641\u0652\u0647\u064e\u0645\u0652\u0646\u064e\u0627 (bizi anla)<\/span><\/p>\n<p><span style=\"color: #000000;\">Nehy: \u0644\u064e\u0627 \u062a\u064e\u0638\u0652\u0644\u0650\u0645\u0652\u0646\u064e\u0627 (bize zulmetme)<\/span><\/p>\n<ol start=\"3\">\n<li><span style=\"color: #000000;\"><strong>Zamirin Mahalli \u0130\u2018rab\u0131 ve \u0130r\u00e2bs\u0131zl\u0131\u011f\u0131<\/strong><\/span><\/li>\n<\/ol>\n<p><span style=\"color: #000000;\">\u201c\u0646\u064e\u0627\u201d zamiri harekesizdir; ancak bulundu\u011fu konuma g\u00f6re mahallen mans\u00fbptur (fiilden etkilendi\u011fi i\u00e7in).<\/span><\/p>\n<ol start=\"4\">\n<li><span style=\"color: #000000;\"><strong>Tamlama, Soru ve Olumsuzlukta Kullan\u0131m<\/strong><\/span><\/li>\n<\/ol>\n<p><span style=\"color: #000000;\">Soru: \u0647\u064e\u0644\u0652 \u0641\u064e\u0647\u0650\u0645\u0652\u062a\u064f\u0645\u064f\u0648\u0646\u064e\u0627\u061f \u2013 \u201cBizi anlad\u0131n\u0131z m\u0131?\u201d<\/span><\/p>\n<p><span style=\"color: #000000;\">Olumsuz: \u0644\u064e\u0645\u0652 \u064a\u064e\u0634\u0652\u0643\u064f\u0631\u0652\u0646\u064e\u0627 \u2013 \u201cBize te\u015fekk\u00fcr etmedi.\u201d<\/span><\/p>\n<p><span style=\"color: #000000;\">Dua: \u0671\u0644\u0644\u0651\u064e\u0647\u064f\u0645\u0651\u064e \u0671\u0646\u0652\u0635\u064f\u0631\u0652\u0646\u064e\u0627 \u2013 \u201cAllah\u2019\u0131m, bize yard\u0131m et!\u201d<\/span><\/p>\n<ol start=\"5\">\n<li><span style=\"color: #000000;\"><strong>Fiil-Zamir Uyumu ve Zamir S\u0131ras\u0131<\/strong><\/span><\/li>\n<\/ol>\n<p><span style=\"color: #000000;\">Fiil + Fail zamiri + \u0646\u064e\u0627 mef\u2018\u00fbl zamiri \u015feklinde bir s\u0131ralama olu\u015fabilir.<\/span><\/p>\n<p><span style=\"color: #000000;\">\u00d6rnek: \u0647\u064e\u0632\u064e\u0645\u0652\u062a\u064f\u0645\u064f\u0648\u0646\u064e\u0627 \u2013 \u201cBizi yendiniz.\u201d<\/span><\/p>\n<p><span style=\"color: #000000;\">Burada \u062a\u064f\u0645 fail, \u0646\u064e\u0627 mef\u2018\u00fbld\u00fcr.<\/span><\/p>\n<ol start=\"6\">\n<li><span style=\"color: #000000;\"><strong>G\u00fcnl\u00fck, Kur\u2019\u00e2n\u00ee ve Literer \u00d6rnekler \u00dczerinden Uygulama<\/strong><\/span><\/li>\n<\/ol>\n<p><span style=\"color: #000000;\">Kur\u2019\u00e2n\u00ee: \u0625\u0650\u0646\u0651\u064e\u0627 \u062e\u064e\u0644\u064e\u0642\u0652\u0646\u064e\u0627 \u2013 \u201c\u015e\u00fcphesiz biz yaratt\u0131k.\u201d<\/span><\/p>\n<p><span style=\"color: #000000;\">G\u00fcnl\u00fck: \u0623\u064e\u0646\u0652\u062a\u064e \u0644\u064e\u0645\u0652 \u062a\u064e\u0639\u0652\u0631\u0650\u0641\u0652\u0646\u064e\u0627 \u2013 \u201cSen bizi tan\u0131mad\u0131n.\u201d<\/span><\/p>\n<p><span style=\"color: #000000;\">Literer: \u0633\u064e\u0631\u0651\u064e\u0646\u064e\u0627 \u0646\u064e\u062c\u064e\u0627\u062d\u064f\u0643\u064e \u2013 \u201cSenin ba\u015far\u0131n bizi sevindirdi.\u201d<\/span><\/p>\n<p><span style=\"color: #000000;\"><strong>Sonu\u00e7<\/strong><\/span><\/p>\n<p><span style=\"color: #000000;\">Bu seminer, \u00f6\u011frencilerin \u201cn\u00e2\u201d zamirinin fail mi yoksa mef\u2018\u00fbl m\u00fc oldu\u011funa karar verebilmeleri i\u00e7in gerekli gramer bilgisi ve sezgisel fark\u0131ndal\u0131\u011f\u0131 kazand\u0131rmay\u0131 ama\u00e7lam\u0131\u015ft\u0131r. \u00d6rneklerle desteklenen uygulamalar sayesinde, bu yap\u0131n\u0131n farkl\u0131 fiil kiplerinde nas\u0131l \u00e7al\u0131\u015ft\u0131\u011f\u0131, zamir \u00f6ncesi harflerin harekesinin belirleyici oldu\u011fu ve irab\u0131n\u0131n konumdan kaynakland\u0131\u011f\u0131 anla\u015f\u0131lm\u0131\u015ft\u0131r. Ders sonunda kat\u0131l\u0131mc\u0131lar, \u201cn\u00e2\u201d zamirini i\u00e7eren c\u00fcmleleri gramer a\u00e7\u0131s\u0131ndan \u00e7\u00f6z\u00fcmleyebilir ve \u00fcretilebilir h\u00e2le gelmi\u015ftir.<\/span><\/p>\n<p>&nbsp;<\/p>\n<p><span style=\"color: #000000;\"><strong>Purpose and Content of the Seminar<\/strong><\/span><\/p>\n<p><span style=\"color: #000000;\">This seminar focused on the use of the Arabic first-person plural object pronoun \u201c\u0646\u064e\u0627\u201d as a mans\u016bb (accusative) attached pronoun, especially in its role as the direct object (maf\u02bf\u016bl bihi) in verbal sentences. A key aim was to distinguish between its use as a subject (f\u0101\u02bfil) and as an object (maf\u02bf\u016bl), helping learners correctly interpret its function based on context and grammatical structure. The session included examples from classical, Qur\u2019anic, and contemporary usage, highlighting the role of vowel signs and syntactic positioning.<\/span><\/p>\n<p><span style=\"color: #000000;\"><strong>Main Themes<\/strong><\/span><\/p>\n<ol>\n<li><span style=\"color: #000000;\"><strong>Dual Function of \u201c<\/strong><strong>\u0646\u064e\u0627<\/strong><strong>\u201d<\/strong><\/span><\/li>\n<\/ol>\n<p><span style=\"color: #000000;\">As subject (f\u0101\u02bfil): \u0643\u064e\u062a\u064e\u0628\u0652\u0646\u064e\u0627 \u2013 \u201cWe wrote.\u201d<\/span><\/p>\n<p><span style=\"color: #000000;\">As object (maf\u02bf\u016bl bihi): \u0643\u064e\u062a\u064e\u0628\u064e\u0646\u064e\u0627 \u2013 \u201cHe wrote us.\u201d<\/span><\/p>\n<p><span style=\"color: #000000;\">The key difference lies in the preceding vowel: if the letter before \u201c\u0646\u064e\u0627\u201d is voweled, it is likely an object; if suk\u016bn, then it\u2019s a subject.<\/span><\/p>\n<ol start=\"2\">\n<li><span style=\"color: #000000;\"><strong>Use Across Verb Forms<\/strong><\/span><\/li>\n<\/ol>\n<p><span style=\"color: #000000;\">Past tense: \u0641\u064e\u0647\u0650\u0645\u064e\u0646\u064e\u0627 \u2013 \u201cHe understood us.\u201d<\/span><\/p>\n<p><span style=\"color: #000000;\">Present tense: \u064a\u064e\u0641\u0652\u0647\u064e\u0645\u064f\u0646\u064e\u0627 \u2013 \u201cHe understands us.\u201d<\/span><\/p>\n<p><span style=\"color: #000000;\">Imperative: \u0627\u0650\u0641\u0652\u0647\u064e\u0645\u0652\u0646\u064e\u0627 \u2013 \u201cUnderstand us!\u201d<\/span><\/p>\n<p><span style=\"color: #000000;\">Negative command: \u0644\u064e\u0627 \u062a\u064e\u0638\u0652\u0644\u0650\u0645\u0652\u0646\u064e\u0627 \u2013 \u201cDo not wrong us!\u201d<\/span><\/p>\n<ol start=\"3\">\n<li><span style=\"color: #000000;\"><strong>I<\/strong><strong>\u02bf<\/strong><strong>r<\/strong><strong>\u0101<\/strong><strong>b: Functional Accusative Without Marking<\/strong><\/span><\/li>\n<\/ol>\n<p><span style=\"color: #000000;\">Though \u201c\u0646\u064e\u0627\u201d carries no visible diacritic, it is accusative in meaning (ma\u1e25allan mans\u016bb) when functioning as a direct object.<\/span><\/p>\n<ol start=\"4\">\n<li><span style=\"color: #000000;\"><strong>In Questions, Negation, and Supplication<\/strong><\/span><\/li>\n<\/ol>\n<p><span style=\"color: #000000;\">Question: \u0647\u064e\u0644\u0652 \u0641\u064e\u0647\u0650\u0645\u0652\u062a\u064f\u0645\u064f\u0648\u0646\u064e\u0627\u061f \u2013 \u201cDid you understand us?\u201d<\/span><\/p>\n<p><span style=\"color: #000000;\">Negation: \u0644\u064e\u0645\u0652 \u064a\u064e\u0634\u0652\u0643\u064f\u0631\u0652\u0646\u064e\u0627 \u2013 \u201cHe did not thank us.\u201d<\/span><\/p>\n<p><span style=\"color: #000000;\">Supplication: \u0671\u0644\u0644\u0651\u064e\u0647\u064f\u0645\u0651\u064e \u0671\u0646\u0652\u0635\u064f\u0631\u0652\u0646\u064e\u0627 \u2013 \u201cO Allah, help us!\u201d<\/span><\/p>\n<ol start=\"5\">\n<li><span style=\"color: #000000;\"><strong>Pronoun Position and Verb Agreement<\/strong><\/span><\/li>\n<\/ol>\n<p><span style=\"color: #000000;\">In complex forms, \u201c\u0646\u064e\u0627\u201d follows the subject and verb, with clear separation of roles:<\/span><\/p>\n<p><span style=\"color: #000000;\">\ud83e\udc7a \u0647\u064e\u0632\u064e\u0645\u0652\u062a\u064f\u0645\u064f\u0648\u0646\u064e\u0627 \u2013 \u201cYou defeated us.\u201d<\/span><\/p>\n<p><span style=\"color: #000000;\">(\u062a\u064f\u0645 = subject, \u0646\u064e\u0627 = object)<\/span><\/p>\n<ol start=\"6\">\n<li><span style=\"color: #000000;\"><strong>Applications in Qur\u2019anic, Literary, and Daily Usage<\/strong><\/span><\/li>\n<\/ol>\n<p><span style=\"color: #000000;\">Qur\u2019an: \u0625\u0650\u0646\u0651\u064e\u0627 \u062e\u064e\u0644\u064e\u0642\u0652\u0646\u064e\u0627 \u2013 \u201cIndeed, We created.\u201d<\/span><\/p>\n<p><span style=\"color: #000000;\">Colloquial: \u0623\u064e\u0646\u0652\u062a\u064e \u0644\u064e\u0645\u0652 \u062a\u064e\u0639\u0652\u0631\u0650\u0641\u0652\u0646\u064e\u0627 \u2013 \u201cYou did not know us.\u201d<\/span><\/p>\n<p><span style=\"color: #000000;\">Literary: \u0633\u064e\u0631\u0651\u064e\u0646\u064e\u0627 \u0646\u064e\u062c\u064e\u0627\u062d\u064f\u0643\u064e \u2013 \u201cYour success pleased us.\u201d<\/span><\/p>\n<p><span style=\"color: #000000;\"><strong>Conclusion<\/strong><\/span><\/p>\n<p><span style=\"color: #000000;\">This seminar equipped students with the ability to correctly identify and interpret the role of the \u201c\u0646\u064e\u0627\u201d pronoun in Arabic sentences. By mastering the distinction between subject and object usage, recognizing signs through vowel patterns, and analyzing verb-pronoun combinations, learners developed a clearer understanding of Arabic syntactic structure. Such awareness is vital for parsing Qur\u2019anic text, classical literature, and accurate modern usage.<\/span><\/p>\n<p>&nbsp;<\/p>\n","protected":false},"excerpt":{"rendered":"<p>ARAP\u00c7A II. SEV\u0130YE DERSLER\u0130 191. SEM\u0130NER \u00d6ZET\u0130 Seminerin Amac\u0131 ve [&hellip;]<\/p>\n","protected":false},"author":1,"featured_media":0,"parent":0,"menu_order":0,"comment_status":"closed","ping_status":"closed","template":"","meta":{"footnotes":""},"class_list":["post-6924","page","type-page","status-publish","hentry"],"jetpack_sharing_enabled":true,"_links":{"self":[{"href":"https:\/\/klasikdusunceokulu.com\/index.php\/wp-json\/wp\/v2\/pages\/6924","targetHints":{"allow":["GET"]}}],"collection":[{"href":"https:\/\/klasikdusunceokulu.com\/index.php\/wp-json\/wp\/v2\/pages"}],"about":[{"href":"https:\/\/klasikdusunceokulu.com\/index.php\/wp-json\/wp\/v2\/types\/page"}],"author":[{"embeddable":true,"href":"https:\/\/klasikdusunceokulu.com\/index.php\/wp-json\/wp\/v2\/users\/1"}],"replies":[{"embeddable":true,"href":"https:\/\/klasikdusunceokulu.com\/index.php\/wp-json\/wp\/v2\/comments?post=6924"}],"version-history":[{"count":1,"href":"https:\/\/klasikdusunceokulu.com\/index.php\/wp-json\/wp\/v2\/pages\/6924\/revisions"}],"predecessor-version":[{"id":6925,"href":"https:\/\/klasikdusunceokulu.com\/index.php\/wp-json\/wp\/v2\/pages\/6924\/revisions\/6925"}],"wp:attachment":[{"href":"https:\/\/klasikdusunceokulu.com\/index.php\/wp-json\/wp\/v2\/media?parent=6924"}],"curies":[{"name":"wp","href":"https:\/\/api.w.org\/{rel}","templated":true}]}}