{"id":6995,"date":"2025-10-26T22:00:53","date_gmt":"2025-10-26T19:00:53","guid":{"rendered":"https:\/\/klasikdusunceokulu.com\/?page_id=6995"},"modified":"2025-10-26T22:00:53","modified_gmt":"2025-10-26T19:00:53","slug":"arapca-i-seviye-dersleri-9-seminer-ozeti","status":"publish","type":"page","link":"https:\/\/klasikdusunceokulu.com\/index.php\/arapca-i-seviye-dersleri-9-seminer-ozeti\/","title":{"rendered":"ARAP\u00c7A I. SEV\u0130YE DERSLER\u0130 9. SEM\u0130NER \u00d6ZET\u0130"},"content":{"rendered":"<p><span style=\"color: #000000;\"><strong>ARAP\u00c7A I. SEV\u0130YE DERSLER\u0130 9. SEM\u0130NER \u00d6ZET\u0130<\/strong><\/span><\/p>\n<p><span style=\"color: #000000;\"><strong>Seminerin Amac\u0131<\/strong><\/span><\/p>\n<p><span style=\"color: #000000;\">Bu seminerin temel amac\u0131, Arap\u00e7a\u2019da ikili (tesniye) isimlerin yap\u0131s\u0131n\u0131, i\u015flevini ve kullan\u0131m kurallar\u0131n\u0131 \u00f6\u011fretmektir. Arap\u00e7a\u2019da say\u0131 kategorisi yaln\u0131zca tekil ve \u00e7o\u011ful ile s\u0131n\u0131rl\u0131 de\u011fildir; ikili form, yaln\u0131zca iki varl\u0131\u011f\u0131 ifade etmek i\u00e7in kullan\u0131lan \u00f6zel bir yap\u0131d\u0131r. Bu ba\u011flamda, \u00f6\u011frencilerin tesniye yap\u0131lar\u0131n\u0131 hem bi\u00e7imsel hem de sentaktik d\u00fczeyde tan\u0131mas\u0131 ve do\u011fru \u015fekilde kullanmas\u0131 hedeflenmi\u015ftir.<\/span><\/p>\n<p><span style=\"color: #000000;\"><strong>Ana Temalar<\/strong><\/span><\/p>\n<ol>\n<li><span style=\"color: #000000;\"><strong> Tesniye Kavram\u0131n\u0131n Tan\u0131m\u0131 ve \u0130\u015flevi<\/strong><\/span><\/li>\n<\/ol>\n<p><span style=\"color: #000000;\">Arap\u00e7a\u2019da \u201cikilik\u201d kavram\u0131, belirli iki varl\u0131\u011f\u0131n ifade edilmesi gerekti\u011finde devreye girer. T\u00fcrk\u00e7e\u2019de genellikle \u201ciki kitap\u201d gibi ifadelerle aktar\u0131lan bu anlam, Arap\u00e7a\u2019da \u00f6zel ekler arac\u0131l\u0131\u011f\u0131yla tek bir kelimede g\u00f6sterilir. Tesniye, hem eril hem de di\u015fil isimlere uygulanabilir ve c\u00fcmlede \u00f6zne, nesne ya da mef\u2019\u00fbl gibi g\u00f6revlerde bulunabilir.<\/span><\/p>\n<ol start=\"2\">\n<li><span style=\"color: #000000;\"><strong> \u0130kili Yap\u0131n\u0131n Kurallar\u0131 ve Bi\u00e7imbilimsel Ekler<\/strong><\/span><\/li>\n<\/ol>\n<p><span style=\"color: #000000;\">Seminerin ana oda\u011f\u0131, ikili formun nas\u0131l olu\u015fturuldu\u011fudur:<\/span><\/p>\n<ul>\n<li><span style=\"color: #000000;\">Tekil ismin sonuna nominatif h\u00e2l i\u00e7in \u0640\u064e\u0627\u0646\u0650 (\u2013\u0101ni),<\/span><\/li>\n<li><span style=\"color: #000000;\">Accusative ve genitive h\u00e2lleri i\u00e7in \u0640\u064e\u064a\u0652\u0646\u0650 (\u2013ayni) eklenir.<\/span><\/li>\n<\/ul>\n<p><span style=\"color: #000000;\"><strong>\u00d6rnekler:<\/strong><\/span><\/p>\n<ul>\n<li><span style=\"color: #000000;\"><strong>\u0643\u0650\u062a\u064e\u0627\u0628\u064c (kitap) \u2192 <\/strong><strong>\u0643\u0650\u062a\u064e\u0627\u0628\u064e\u0627\u0646\u0650 (iki kitap \u2013 \u00f6znedir)<\/strong><\/span><\/li>\n<li><span style=\"color: #000000;\"><strong>\u0642\u064e\u0644\u064e\u0645\u064c (kalem) \u2192 <\/strong><strong>\u0642\u064e\u0644\u064e\u0645\u064e\u064a\u0652\u0646\u0650 (iki kalemi \u2013 nesnedir)<\/strong><\/span><\/li>\n<li><span style=\"color: #000000;\"><strong>\u0645\u064e\u062f\u0652\u0631\u064e\u0633\u064e\u0629\u064c (okul) \u2192 <\/strong><strong>\u0645\u064e\u062f\u0652\u0631\u064e\u0633\u064e\u062a\u064e\u0627\u0646\u0650 (iki okul)<\/strong><\/span><\/li>\n<\/ul>\n<p><span style=\"color: #000000;\">Bu kurallar, ismin c\u00fcmledeki g\u00f6revine g\u00f6re farkl\u0131 eklerin kullan\u0131lmas\u0131n\u0131 zorunlu k\u0131lar ve b\u00f6ylece \u00f6\u011frencinin h\u00e2l bilgisiyle ili\u015fkilendirilerek \u00f6\u011fretilir.<\/span><\/p>\n<ol start=\"3\">\n<li><span style=\"color: #000000;\"><strong> \u0130kili \u0130simlerde Uyum ve C\u00fcmle Yap\u0131s\u0131<\/strong><\/span><\/li>\n<\/ol>\n<p><span style=\"color: #000000;\">Tesniye formuna giren isimlerle birlikte kullan\u0131lan s\u0131fat, zamir ve fiillerin de ikillik uyumuna girmesi gerekir. Bu, Arap\u00e7a\u2019da gramatikal uyumun temel ilkelerindendir. Seminerde bu ba\u011flamda demonstratif zamirler ve s\u0131fatlarla birlikte kullan\u0131m \u00f6rnekleri de verilmi\u015ftir:<\/span><\/p>\n<ul>\n<li><span style=\"color: #000000;\"><strong>\u0642\u064e\u0644\u064e\u0645\u064e\u0627\u0646\u0650 <\/strong><strong>\u062c\u064e\u062f\u0650\u064a\u062f\u064e\u0627\u0646\u0650 (iki yeni kalem)<\/strong><\/span><\/li>\n<li><span style=\"color: #000000;\"><strong>\u0637\u064e\u0627\u0644\u0650\u0628\u064e\u0627\u0646\u0650 <\/strong><strong>\u0646\u064e\u0627\u062c\u0650\u062d\u064e\u0627\u0646\u0650 (iki ba\u015far\u0131l\u0131 \u00f6\u011frenci)<\/strong><\/span><\/li>\n<li><span style=\"color: #000000;\"><strong>\u0647\u064e\u0630\u064e\u0627\u0646\u0650 (bu ikisi \u2013 eril)<\/strong><\/span><\/li>\n<li><span style=\"color: #000000;\"><strong>\u0647\u064e\u0627\u062a\u064e\u0627\u0646\u0650 (bu ikisi \u2013 di\u015fil)<\/strong><\/span><\/li>\n<\/ul>\n<p><span style=\"color: #000000;\">\u00d6\u011frenciler bu yap\u0131lar\u0131 \u00f6rnek c\u00fcmleler i\u00e7inde kullanarak hem bi\u00e7imsel hem de anlamsal d\u00fczeyde peki\u015ftirme yaparlar.<\/span><\/p>\n<p><span style=\"color: #000000;\"><strong>Sonu\u00e7<\/strong><\/span><\/p>\n<p><span style=\"color: #000000;\">Bu seminer, Arap\u00e7a\u2019daki ikili say\u0131 kategorisini detayl\u0131 bi\u00e7imde inceleyerek \u00f6\u011frencilerin hem yap\u0131sal hem de i\u015flevsel a\u00e7\u0131dan bu formu i\u00e7selle\u015ftirmesini hedeflemi\u015ftir. Bi\u00e7imbilimsel kurallar ve \u00f6rnek c\u00fcmleler \u00fczerinden yap\u0131lan a\u00e7\u0131klamalar sayesinde, \u00f6\u011frenciler yaln\u0131zca kurallar\u0131 ezberlemekle kalmay\u0131p, ikili isimleri uygun ba\u011flamlarda do\u011fru \u015fekilde kullanma becerisi kazanm\u0131\u015ft\u0131r. Tesniye yap\u0131s\u0131n\u0131n gramer i\u00e7indeki yeri anla\u015f\u0131lm\u0131\u015f; c\u00fcmle i\u00e7inde s\u0131fat, zamir ve fiil ile olan ili\u015fkileri netle\u015ftirilmi\u015ftir. Bu da Arap\u00e7a dil becerisinde \u00f6nemli bir e\u015fi\u011fin a\u015f\u0131lmas\u0131 anlam\u0131na gelir.<\/span><\/p>\n<p>&nbsp;<\/p>\n<p><span style=\"color: #000000;\"><strong>Purpose of the Seminar<\/strong><\/span><\/p>\n<p><span style=\"color: #000000;\">This seminar aims to introduce students to the concept of dual nouns (tathniyah) in Arabic\u2014a morphological category distinct from both singular and plural forms. The dual form is a unique grammatical feature of Semitic languages and is used to specifically indicate that a noun refers to exactly two entities. The seminar\u2019s goal is to help learners recognize, construct, and correctly use dual noun forms, both in isolation and within full sentence structures.<\/span><\/p>\n<p><span style=\"color: #000000;\"><strong>Key Themes<\/strong><\/span><\/p>\n<ol>\n<li><span style=\"color: #000000;\"><strong> Definition and Function of the Dual Form in Arabic<\/strong><\/span><\/li>\n<\/ol>\n<p><span style=\"color: #000000;\">Unlike English and many other languages, Arabic possesses a grammatically distinct dual number. It applies to both masculine and feminine nouns and is formed by appending a specific suffix to the singular noun. The dual form is used to precisely denote two items, people, or concepts and requires agreement with verbs, adjectives, and pronouns in number and gender.<\/span><\/p>\n<ol start=\"2\">\n<li><span style=\"color: #000000;\"><strong> Formation Rules of the Dual<\/strong><\/span><\/li>\n<\/ol>\n<p><span style=\"color: #000000;\">The seminar focuses on the rules for forming the dual:<\/span><\/p>\n<ul>\n<li><span style=\"color: #000000;\">For most singular nouns ending in a consonant, the suffix \u0640\u064e\u0627\u0646\u0650 (\u2013\u0101ni) is added in the nominative case.<\/span><\/li>\n<li><span style=\"color: #000000;\">In the accusative and genitive cases, the suffix becomes \u0640\u064e\u064a\u0652\u0646\u0650 (\u2013ayni).<\/span><\/li>\n<\/ul>\n<p><span style=\"color: #000000;\"><strong>Examples:<\/strong><\/span><\/p>\n<ul>\n<li><span style=\"color: #000000;\"><strong>\u0643\u0650\u062a\u064e\u0627\u0628\u064c<\/strong> (book) \u2192 <strong>\u0643\u0650\u062a\u064e\u0627\u0628\u064e\u0627\u0646\u0650<\/strong> (two books)<\/span><\/li>\n<li><span style=\"color: #000000;\"><strong>\u0642\u064e\u0644\u064e\u0645\u064c<\/strong> (pen) \u2192 <strong>\u0642\u064e\u0644\u064e\u0645\u064e\u0627\u0646\u0650<\/strong> (two pens)<\/span><\/li>\n<li><span style=\"color: #000000;\"><strong>\u0645\u064e\u062f\u0652\u0631\u064e\u0633\u064e\u0629\u064c<\/strong> (school) \u2192 <strong>\u0645\u064e\u062f\u0652\u0631\u064e\u0633\u064e\u062a\u064e\u0627\u0646\u0650<\/strong> (two schools)<\/span><\/li>\n<\/ul>\n<p><span style=\"color: #000000;\">In cases requiring accusative or genitive:<\/span><\/p>\n<ul>\n<li><span style=\"color: #000000;\"><strong>\u0643\u0650\u062a\u064e\u0627\u0628\u064e\u064a\u0652\u0646\u0650<\/strong> (of or about two books)<\/span><\/li>\n<li><span style=\"color: #000000;\"><strong>\u0642\u064e\u0644\u064e\u0645\u064e\u064a\u0652\u0646\u0650<\/strong> (of or about two pens)<\/span><\/li>\n<\/ul>\n<p><span style=\"color: #000000;\">These transformations are foundational for understanding noun-verb agreement and the syntactic behavior of duals in various sentence positions.<\/span><\/p>\n<ol start=\"3\">\n<li><span style=\"color: #000000;\"><strong> Morphological Agreement and Usage<\/strong><\/span><\/li>\n<\/ol>\n<p><span style=\"color: #000000;\">The seminar further highlights how adjectives, demonstratives, and verbs must agree in number with the dual noun. For instance:<\/span><\/p>\n<ul>\n<li><span style=\"color: #000000;\"><strong>\u0642\u064e\u0644\u064e\u0645\u064e\u0627\u0646\u0650 <\/strong><strong>\u062c\u064e\u062f\u0650\u064a\u062f\u064e\u0627\u0646\u0650<\/strong> (two new pens)<\/span><\/li>\n<li><span style=\"color: #000000;\"><strong>\u0637\u064e\u0627\u0644\u0650\u0628\u064e\u0627\u0646\u0650 <\/strong><strong>\u0646\u064e\u0627\u062c\u0650\u062d\u064e\u0627\u0646\u0650<\/strong> (two successful students)<\/span><\/li>\n<\/ul>\n<p><span style=\"color: #000000;\">This section also introduces demonstrative pronouns in the dual:<\/span><\/p>\n<ul>\n<li><span style=\"color: #000000;\"><strong>\u0647\u064e\u0630\u064e\u0627\u0646\u0650<\/strong> (these two, masculine)<\/span><\/li>\n<li><span style=\"color: #000000;\"><strong>\u0647\u064e\u0627\u062a\u064e\u0627\u0646\u0650<\/strong> (these two, feminine)<\/span><\/li>\n<\/ul>\n<p><span style=\"color: #000000;\">Students practice these constructions in varied syntactic environments to ensure both morphological accuracy and contextual fluency.<\/span><\/p>\n<p><span style=\"color: #000000;\"><strong>Conclusion<\/strong><\/span><\/p>\n<p><span style=\"color: #000000;\">This seminar deepens students\u2019 understanding of the dual form as a central grammatical structure in Arabic. Through rule-based instruction and contextual examples, learners develop proficiency in identifying, producing, and utilizing dual nouns in correct agreement with related grammatical elements. Mastery of this structure enables more nuanced expression and comprehension, serving as a crucial step in progressing toward intermediate-level Arabic grammar competence.<\/span><\/p>\n<p>&nbsp;<\/p>\n","protected":false},"excerpt":{"rendered":"<p>ARAP\u00c7A I. SEV\u0130YE DERSLER\u0130 9. SEM\u0130NER \u00d6ZET\u0130 Seminerin Amac\u0131 Bu [&hellip;]<\/p>\n","protected":false},"author":1,"featured_media":0,"parent":0,"menu_order":0,"comment_status":"closed","ping_status":"closed","template":"","meta":{"footnotes":""},"class_list":["post-6995","page","type-page","status-publish","hentry"],"jetpack_sharing_enabled":true,"_links":{"self":[{"href":"https:\/\/klasikdusunceokulu.com\/index.php\/wp-json\/wp\/v2\/pages\/6995","targetHints":{"allow":["GET"]}}],"collection":[{"href":"https:\/\/klasikdusunceokulu.com\/index.php\/wp-json\/wp\/v2\/pages"}],"about":[{"href":"https:\/\/klasikdusunceokulu.com\/index.php\/wp-json\/wp\/v2\/types\/page"}],"author":[{"embeddable":true,"href":"https:\/\/klasikdusunceokulu.com\/index.php\/wp-json\/wp\/v2\/users\/1"}],"replies":[{"embeddable":true,"href":"https:\/\/klasikdusunceokulu.com\/index.php\/wp-json\/wp\/v2\/comments?post=6995"}],"version-history":[{"count":2,"href":"https:\/\/klasikdusunceokulu.com\/index.php\/wp-json\/wp\/v2\/pages\/6995\/revisions"}],"predecessor-version":[{"id":6997,"href":"https:\/\/klasikdusunceokulu.com\/index.php\/wp-json\/wp\/v2\/pages\/6995\/revisions\/6997"}],"wp:attachment":[{"href":"https:\/\/klasikdusunceokulu.com\/index.php\/wp-json\/wp\/v2\/media?parent=6995"}],"curies":[{"name":"wp","href":"https:\/\/api.w.org\/{rel}","templated":true}]}}