{"id":7366,"date":"2025-11-04T15:50:27","date_gmt":"2025-11-04T12:50:27","guid":{"rendered":"https:\/\/klasikdusunceokulu.com\/?page_id=7366"},"modified":"2025-11-04T15:50:27","modified_gmt":"2025-11-04T12:50:27","slug":"saygin-gunenc-klasik-yunanca-dersleri-29-seminer-ozeti","status":"publish","type":"page","link":"https:\/\/klasikdusunceokulu.com\/index.php\/saygin-gunenc-klasik-yunanca-dersleri-29-seminer-ozeti\/","title":{"rendered":"SAYGIN G\u00dcNEN\u00c7, KLAS\u0130K YUNANCA DERSLER\u0130 29. SEM\u0130NER \u00d6ZET\u0130"},"content":{"rendered":"<p><span style=\"color: #000000;\"><strong>SAYGIN G\u00dcNEN\u00c7, KLAS\u0130K YUNANCA DERSLER\u0130 29. SEM\u0130NER \u00d6ZET\u0130<\/strong><\/span><\/p>\n<p><span style=\"color: #000000;\"><strong>Dersin Amac\u0131 ve Kapsam\u0131<\/strong><\/span><\/p>\n<p><span style=\"color: #000000;\">Bu dersin amac\u0131, g\u00f6r\u00fcn\u00fc\u015fte eril gibi \u00e7ekimlenen ancak di\u015fil cinsiyet ta\u015f\u0131yan ve -\u03bf\u03c2 ile biten isimleri sistematik bi\u00e7imde tan\u0131tmakt\u0131r. Ayn\u0131 zamanda, isim tamlamalar\u0131nda genetivus objectivus kullan\u0131m\u0131n\u0131n i\u015flevsel y\u00f6n\u00fc ve k\u00fclt\u00fcrel ba\u011flam\u0131 a\u00e7\u0131klanmaktad\u0131r. Morfoloji, semantik ve s\u00f6z varl\u0131\u011f\u0131n\u0131n k\u00fclt\u00fcrel-tarihsel iz d\u00fc\u015f\u00fcmleri birlikte geli\u015ftirilir.<\/span><\/p>\n<p><span style=\"color: #000000;\"><strong>Ana Temalar<\/strong><\/span><\/p>\n<p><span style=\"color: #000000;\"><strong>1\ufe0f. <\/strong><strong>\u00a0-\u03bf\u03c2 ile Biten Femininum \u0130simler<\/strong><\/span><\/p>\n<p><span style=\"color: #000000;\">Bu isimler:<\/span><\/p>\n<ul>\n<li><span style=\"color: #000000;\">2. \u00e7ekim kurallar\u0131yla \u00e7ekilir,<\/span><\/li>\n<li><span style=\"color: #000000;\">ancak artikuluslar\u0131 feminen olup \u1f21 ile ba\u015flar.<\/span><\/li>\n<\/ul>\n<p><span style=\"color: #000000;\">\u00d6rnek kelimeler:<\/span><\/p>\n<ul>\n<li><span style=\"color: #000000;\">\u1f21 \u03bd\u1f79\u03c3\u03bf\u03c2 (hastal\u0131k)<\/span><\/li>\n<li><span style=\"color: #000000;\">\u1f21 \u03bd\u1fc6\u03c3\u03bf\u03c2 (ada)<\/span><\/li>\n<li><span style=\"color: #000000;\">\u1f21 \u1f41\u03b4\u1f79\u03c2 (yol)<\/span><\/li>\n<li><span style=\"color: #000000;\">\u1f21 \u1f24\u03c0\u03b5\u03b9\u03c1\u03bf\u03c2 (anakara)<\/span><\/li>\n<li><span style=\"color: #000000;\">\u1f21 \u1f04\u03bc\u03c0\u03b5\u03bb\u03bf\u03c2 (\u00fcz\u00fcm ba\u011f\u0131)<\/span><\/li>\n<li><span style=\"color: #000000;\">\u1f21 \u0391\u1f34\u03b3\u03c5\u03c0\u03c4\u03bf\u03c2 (M\u0131s\u0131r)<\/span><\/li>\n<\/ul>\n<p><span style=\"color: #000000;\">\u27a1 \u00c7ekim logos gibi yap\u0131l\u0131r fakat artikel ho \u2192 he olarak de\u011fi\u015fir.<\/span><\/p>\n<p><span style=\"color: #000000;\"><strong>2\ufe0f.<\/strong><strong>\u00a0\u0130ki Bitimli S\u0131fatlar\u0131n G\u00f6sterimi<\/strong><\/span><\/p>\n<p><span style=\"color: #000000;\">Maskulinum ve femininum ayn\u0131 formu, neutrum farkl\u0131 formu al\u0131r:<\/span><\/p>\n<table>\n<thead>\n<tr>\n<td><span style=\"color: #000000;\"><strong>S\u0131fat<\/strong><\/span><\/td>\n<td><span style=\"color: #000000;\"><strong>M\/F<\/strong><\/span><\/td>\n<td><span style=\"color: #000000;\"><strong>N<\/strong><\/span><\/td>\n<td><span style=\"color: #000000;\"><strong>Anlam<\/strong><\/span><\/td>\n<\/tr>\n<\/thead>\n<tbody>\n<tr>\n<td><span style=\"color: #000000;\">\u1f04-\u03b4\u03b7\u03bb\u03bf\u03c2<\/span><\/td>\n<td><span style=\"color: #000000;\">\u1f00-\u03b4\u03b7\u03bb\u03bf\u03c2<\/span><\/td>\n<td><span style=\"color: #000000;\">\u1f04-\u03b4\u03b7\u03bb\u03bf\u03bd<\/span><\/td>\n<td><span style=\"color: #000000;\">belirsiz<\/span><\/td>\n<\/tr>\n<tr>\n<td><span style=\"color: #000000;\">\u1f04-\u03b4\u03b9\u03ba\u03bf\u03c2<\/span><\/td>\n<td><span style=\"color: #000000;\">\u1f04-\u03b4\u03b9\u03ba\u03bf\u03c2<\/span><\/td>\n<td><span style=\"color: #000000;\">\u1f04-\u03b4\u03b9\u03ba\u03bf\u03bd<\/span><\/td>\n<td><span style=\"color: #000000;\">adaletsiz<\/span><\/td>\n<\/tr>\n<tr>\n<td><span style=\"color: #000000;\">\u1f14\u03bd-\u03b4\u03bf\u03be\u03bf\u03c2<\/span><\/td>\n<td><span style=\"color: #000000;\">\u1f14\u03bd\u03b4\u03bf\u03be\u03bf\u03c2<\/span><\/td>\n<td><span style=\"color: #000000;\">\u1f14\u03bd\u03b4\u03bf\u03be\u03bf\u03bd<\/span><\/td>\n<td><span style=\"color: #000000;\">\u015fanl\u0131, \u00fcnl\u00fc<\/span><\/td>\n<\/tr>\n<tr>\n<td><span style=\"color: #000000;\">\u1f55\u03c0-\u03b7\u03ba\u03bf\u03c2<\/span><\/td>\n<td><span style=\"color: #000000;\">\u1f55\u03c0\u03b7\u03ba\u03bf\u03c2<\/span><\/td>\n<td><span style=\"color: #000000;\">\u1f55\u03c0\u03b7\u03ba\u03bf\u03bd<\/span><\/td>\n<td><span style=\"color: #000000;\">tabi olan<\/span><\/td>\n<\/tr>\n<tr>\n<td><span style=\"color: #000000;\">\u1f04-\u03c0\u03b9\u03c3\u03c4\u03bf\u03c2<\/span><\/td>\n<td><span style=\"color: #000000;\">\u1f04\u03c0\u03b9\u03c3\u03c4\u03bf\u03c2<\/span><\/td>\n<td><span style=\"color: #000000;\">\u1f04\u03c0\u03b9\u03c3\u03c4\u03bf\u03bd<\/span><\/td>\n<td><span style=\"color: #000000;\">g\u00fcvenilmez<\/span><\/td>\n<\/tr>\n<\/tbody>\n<\/table>\n<p><span style=\"color: #000000;\">\ud83d\udccd <em>Tonlamada bile\u015fik yap\u0131larda vurgunun sola kayma e\u011filimi vurgulan\u0131r.<\/em><\/span><\/p>\n<p><span style=\"color: #000000;\"><strong>3\ufe0f.<\/strong><strong>\u00a0Etimoloji ve K\u00fclt\u00fcrel A\u00e7\u0131l\u0131mlar<\/strong><\/span><\/p>\n<p><span style=\"color: #000000;\">\u00d6rnekler:<\/span><\/p>\n<ul>\n<li><span style=\"color: #000000;\">\u03b4\u03af\u03ba\u03b7 \u2192 adalet + ceza kavram d\u00fcnyas\u0131<\/span><\/li>\n<li><span style=\"color: #000000;\">\u03c6\u03cd\u03bb\u03b1\u03be \/ \u03c6\u03c5\u03bb\u03ac\u03c4\u03c4\u03c9 \u2192 koruma, devlet d\u00fczeni (Platon\u2019un \u201ckoruyucular\u0131\u201d)<\/span><\/li>\n<li><span style=\"color: #000000;\">\u1f2d\u03bb\u03b9\u03bf\u03c2 \u2192 g\u00fcne\u015f k\u00fclt\u00fc, mitolojik g\u00f6ndermeler<\/span><\/li>\n<li><span style=\"color: #000000;\">\u03ba\u03bf\u03bb\u03bf\u03c3\u03c3\u03cc\u03c2 \u2192 dev heykel ve Antik k\u00fclt\u00fcrde temsil g\u00fcc\u00fc<\/span><\/li>\n<li><span style=\"color: #000000;\">\u1f14\u03c7\u03c9 \/ \u1f00\u03c0\u03ad\u03c7\u03c9 \u2192 durum bildiren <em>medium<\/em> etki<\/span><\/li>\n<\/ul>\n<p><span style=\"color: #000000;\">Bu a\u00e7\u0131klamalar Yunancan\u0131n soyut kavramlar \u00fcretme g\u00fcc\u00fcn\u00fc g\u00f6sterir.<\/span><\/p>\n<p><span style=\"color: #000000;\"><strong>4\ufe0f.<\/strong><strong>\u00a0Genetivus Objectivus Kullan\u0131m\u0131<\/strong><\/span><\/p>\n<p><span style=\"color: #000000;\">G\u00fc\u00e7, h\u00e2kimiyet ve otorite bildiren yap\u0131lar\u0131n nesnesi genetivus yap\u0131l\u0131r.<\/span><\/p>\n<p><span style=\"color: #000000;\">\u00d6rnek:<\/span><br \/>\n<span style=\"color: #000000;\">\u1f55\u03c0\u03b7\u03ba\u03cc\u03bf\u03b9 \u1f26\u03c3\u03b1\u03bd \u03c4\u1ff6\u03bd \u1fec\u03bf\u03b4\u03af\u03c9\u03bd<\/span><br \/>\n<span style=\"color: #000000;\">\u2192 \u201cRodoslular\u0131n egemenli\u011fi alt\u0131ndayd\u0131lar\u201d<\/span><\/p>\n<p><span style=\"color: #000000;\">Ek olarak:<\/span><\/p>\n<ul>\n<li><span style=\"color: #000000;\">ayr\u0131lma \/ uzakla\u015fma \u2192 <em>Genetivus separativus<\/em><\/span><\/li>\n<li><span style=\"color: #000000;\">mesafe bildirimi \u2192 <em>Accusativus Spatii<\/em><\/span><\/li>\n<li><span style=\"color: #000000;\">-e \/ -i\u00e7in ili\u015fkisi \u2192 <em>Dativus relationis<\/em><\/span><\/li>\n<\/ul>\n<p><span style=\"color: #000000;\"><strong>Sonu\u00e7<\/strong><\/span><\/p>\n<p><span style=\"color: #000000;\">Bu ders, bi\u00e7imsel olarak ikinci \u00e7ekime giren fakat cinsiyet bak\u0131m\u0131ndan di\u015fil olan -\u03bf\u03c2 sonlu isimlerin sistematik bi\u00e7imde ay\u0131rt edilmesini sa\u011flar. \u0130ki bitimli s\u0131fatlar arac\u0131l\u0131\u011f\u0131yla morfoloji\u2013anlam ili\u015fkisi netle\u015firken, genetivus objectivus ve di\u011fer h\u00e2l kullan\u0131mlar\u0131 \u00fczerinden sentaktik bilin\u00e7 peki\u015ftirilir. Etimolojik ve k\u00fclt\u00fcrel a\u00e7\u0131klamalar sayesinde \u00f6\u011frenci, dilsel bilgiyi yaln\u0131zca kural d\u00fczeyinde de\u011fil, antik d\u00fc\u015f\u00fcnce ve ya\u015fam ba\u011flam\u0131 i\u00e7inde yorumlama yetkinli\u011fi kazan\u0131r.<\/span><\/p>\n<p>&nbsp;<\/p>\n<p><span style=\"color: #000000;\"><strong>Purpose and Scope<\/strong><\/span><\/p>\n<p><span style=\"color: #000000;\">This lesson focuses on feminine nouns ending in -\u03bf\u03c2 which are declined like second-declension masculine nouns while retaining feminine gender. Additionally, it introduces the functional use of the genetivus objectivus in expressing power relations, separation, and conceptual complementarity. The aim is to strengthen both morphological competence and cultural-semantic awareness.<\/span><\/p>\n<p><span style=\"color: #000000;\"><strong>Main Themes<\/strong><\/span><\/p>\n<p><span style=\"color: #000000;\"><strong>1\ufe0f.<\/strong><strong>\u00a0Feminine Nouns in -\u03bf\u03c2<\/strong><\/span><\/p>\n<p><span style=\"color: #000000;\">Characteristics:<\/span><\/p>\n<ul>\n<li><span style=\"color: #000000;\">Morphology of 2nd declension<\/span><\/li>\n<li><span style=\"color: #000000;\">Feminine article and agreement: \u1f21<\/span><\/li>\n<\/ul>\n<p><span style=\"color: #000000;\">Examples:<\/span><\/p>\n<ul>\n<li><span style=\"color: #000000;\">\u1f21 \u03bd\u1f79\u03c3\u03bf\u03c2 (disease)<\/span><\/li>\n<li><span style=\"color: #000000;\">\u1f21 \u03bd\u1fc6\u03c3\u03bf\u03c2 (island)<\/span><\/li>\n<li><span style=\"color: #000000;\">\u1f21 \u1f41\u03b4\u1f79\u03c2 (road)<\/span><\/li>\n<li><span style=\"color: #000000;\">\u1f21 \u1f24\u03c0\u03b5\u03b9\u03c1\u03bf\u03c2 (mainland)<\/span><\/li>\n<li><span style=\"color: #000000;\">\u1f21 \u1f04\u03bc\u03c0\u03b5\u03bb\u03bf\u03c2 (vine)<\/span><\/li>\n<li><span style=\"color: #000000;\">\u1f21 \u0391\u1f34\u03b3\u03c5\u03c0\u03c4\u03bf\u03c2 (Egypt)<\/span><\/li>\n<\/ul>\n<p><span style=\"color: #000000;\">Thus: <em>formally masculine \u2192 grammatically feminine<\/em><\/span><\/p>\n<p><span style=\"color: #000000;\"><strong>2\ufe0f.<\/strong><strong>\u00a0Two-Ending Adjectives<\/strong><\/span><\/p>\n<ul>\n<li><span style=\"color: #000000;\">Masculine = Feminine form<\/span><\/li>\n<li><span style=\"color: #000000;\">Neuter distinct<\/span><\/li>\n<\/ul>\n<table>\n<thead>\n<tr>\n<td><span style=\"color: #000000;\"><strong>Adj.<\/strong><\/span><\/td>\n<td><span style=\"color: #000000;\"><strong>M\/F<\/strong><\/span><\/td>\n<td><span style=\"color: #000000;\"><strong>N<\/strong><\/span><\/td>\n<td><span style=\"color: #000000;\"><strong>Meaning<\/strong><\/span><\/td>\n<\/tr>\n<\/thead>\n<tbody>\n<tr>\n<td><span style=\"color: #000000;\">\u1f00-\u03b4\u03b7\u03bb\u03bf\u03c2<\/span><\/td>\n<td><span style=\"color: #000000;\">\u1f00\u03b4\u03b7\u03bb\u03bf\u03c2<\/span><\/td>\n<td><span style=\"color: #000000;\">\u1f04\u03b4\u03b7\u03bb\u03bf\u03bd<\/span><\/td>\n<td><span style=\"color: #000000;\">obscure<\/span><\/td>\n<\/tr>\n<tr>\n<td><span style=\"color: #000000;\">\u1f04\u03b4\u03b9\u03ba\u03bf\u03c2<\/span><\/td>\n<td><span style=\"color: #000000;\">\u1f04\u03b4\u03b9\u03ba\u03bf\u03c2<\/span><\/td>\n<td><span style=\"color: #000000;\">\u1f04\u03b4\u03b9\u03ba\u03bf\u03bd<\/span><\/td>\n<td><span style=\"color: #000000;\">unjust<\/span><\/td>\n<\/tr>\n<tr>\n<td><span style=\"color: #000000;\">\u1f14\u03bd\u03b4\u03bf\u03be\u03bf\u03c2<\/span><\/td>\n<td><span style=\"color: #000000;\">\u1f14\u03bd\u03b4\u03bf\u03be\u03bf\u03c2<\/span><\/td>\n<td><span style=\"color: #000000;\">\u1f14\u03bd\u03b4\u03bf\u03be\u03bf\u03bd<\/span><\/td>\n<td><span style=\"color: #000000;\">glorious<\/span><\/td>\n<\/tr>\n<tr>\n<td><span style=\"color: #000000;\">\u1f55\u03c0\u03b7\u03ba\u03bf\u03c2<\/span><\/td>\n<td><span style=\"color: #000000;\">\u1f55\u03c0\u03b7\u03ba\u03bf\u03c2<\/span><\/td>\n<td><span style=\"color: #000000;\">\u1f55\u03c0\u03b7\u03ba\u03bf\u03bd<\/span><\/td>\n<td><span style=\"color: #000000;\">subject to<\/span><\/td>\n<\/tr>\n<tr>\n<td><span style=\"color: #000000;\">\u1f04\u03c0\u03b9\u03c3\u03c4\u03bf\u03c2<\/span><\/td>\n<td><span style=\"color: #000000;\">\u1f04\u03c0\u03b9\u03c3\u03c4\u03bf\u03c2<\/span><\/td>\n<td><span style=\"color: #000000;\">\u1f04\u03c0\u03b9\u03c3\u03c4\u03bf\u03bd<\/span><\/td>\n<td><span style=\"color: #000000;\">unreliable<\/span><\/td>\n<\/tr>\n<\/tbody>\n<\/table>\n<p><span style=\"color: #000000;\">\ud83d\udccc Accent tends to move leftward in compound adjectives.<\/span><\/p>\n<p><span style=\"color: #000000;\"><strong>3\ufe0f.<\/strong><strong>\u00a0Etymology &amp; Cultural Insight<\/strong><\/span><\/p>\n<p><span style=\"color: #000000;\">Key notes:<\/span><\/p>\n<ul>\n<li><span style=\"color: #000000;\">\u03b4\u03af\u03ba\u03b7 as justice + punishment duality<\/span><\/li>\n<li><span style=\"color: #000000;\">\u03c6\u03cd\u03bb\u03b1\u03be and Platonic political vocabulary<\/span><\/li>\n<li><span style=\"color: #000000;\">\u1f2d\u03bb\u03b9\u03bf\u03c2 and mythological symbolism<\/span><\/li>\n<li><span style=\"color: #000000;\">\u03ba\u03bf\u03bb\u03bf\u03c3\u03c3\u03cc\u03c2 and monumental representation<\/span><\/li>\n<li><span style=\"color: #000000;\">\u1f14\u03c7\u03c9 \/ \u1f00\u03c0\u03ad\u03c7\u03c9 as states of being<\/span><\/li>\n<\/ul>\n<p><span style=\"color: #000000;\">\u27a1 Enriches vocabulary through philosophical and historical context.<\/span><\/p>\n<p><span style=\"color: #000000;\"><strong>4\ufe0f.<\/strong><strong>\u00a0Genetivus Objectivus<\/strong><\/span><\/p>\n<p><span style=\"color: #000000;\">Used especially with:<\/span><\/p>\n<ul>\n<li><span style=\"color: #000000;\">authority<\/span><\/li>\n<li><span style=\"color: #000000;\">control<\/span><\/li>\n<li><span style=\"color: #000000;\">dominance<\/span><\/li>\n<\/ul>\n<p><span style=\"color: #000000;\">Example:<\/span><br \/>\n<span style=\"color: #000000;\">\u1f55\u03c0\u03b7\u03ba\u03cc\u03bf\u03b9 \u1f26\u03c3\u03b1\u03bd \u03c4\u1ff6\u03bd \u1fec\u03bf\u03b4\u03af\u03c9\u03bd<\/span><br \/>\n<span style=\"color: #000000;\">\u2192 \u201cthey were under the authority of the Rhodians\u201d<\/span><\/p>\n<p><span style=\"color: #000000;\">Other case relations reinforced:<\/span><\/p>\n<ul>\n<li><span style=\"color: #000000;\">Genetivus separativus (from)<\/span><\/li>\n<li><span style=\"color: #000000;\">Accusativus spatii (distance)<\/span><\/li>\n<li><span style=\"color: #000000;\">Dativus relationis (for, in relation to)<\/span><\/li>\n<\/ul>\n<p><span style=\"color: #000000;\"><strong>Conclusion<\/strong><\/span><\/p>\n<p><span style=\"color: #000000;\">This lesson enhances the learner\u2019s ability to distinguish nouns whose grammatical gender does not align with their declensional patterns. Through two-ending adjectives and functional case systems, students improve both form recognition and semantic interpretation. Cultural-linguistic discussions further integrate grammar into a larger philological understanding of the ancient Greek worldview.<\/span><\/p>\n<p>&nbsp;<\/p>\n","protected":false},"excerpt":{"rendered":"<p>SAYGIN G\u00dcNEN\u00c7, KLAS\u0130K YUNANCA DERSLER\u0130 29. SEM\u0130NER \u00d6ZET\u0130 Dersin Amac\u0131 [&hellip;]<\/p>\n","protected":false},"author":1,"featured_media":0,"parent":0,"menu_order":0,"comment_status":"closed","ping_status":"closed","template":"","meta":{"footnotes":""},"class_list":["post-7366","page","type-page","status-publish","hentry"],"jetpack_sharing_enabled":true,"_links":{"self":[{"href":"https:\/\/klasikdusunceokulu.com\/index.php\/wp-json\/wp\/v2\/pages\/7366","targetHints":{"allow":["GET"]}}],"collection":[{"href":"https:\/\/klasikdusunceokulu.com\/index.php\/wp-json\/wp\/v2\/pages"}],"about":[{"href":"https:\/\/klasikdusunceokulu.com\/index.php\/wp-json\/wp\/v2\/types\/page"}],"author":[{"embeddable":true,"href":"https:\/\/klasikdusunceokulu.com\/index.php\/wp-json\/wp\/v2\/users\/1"}],"replies":[{"embeddable":true,"href":"https:\/\/klasikdusunceokulu.com\/index.php\/wp-json\/wp\/v2\/comments?post=7366"}],"version-history":[{"count":1,"href":"https:\/\/klasikdusunceokulu.com\/index.php\/wp-json\/wp\/v2\/pages\/7366\/revisions"}],"predecessor-version":[{"id":7367,"href":"https:\/\/klasikdusunceokulu.com\/index.php\/wp-json\/wp\/v2\/pages\/7366\/revisions\/7367"}],"wp:attachment":[{"href":"https:\/\/klasikdusunceokulu.com\/index.php\/wp-json\/wp\/v2\/media?parent=7366"}],"curies":[{"name":"wp","href":"https:\/\/api.w.org\/{rel}","templated":true}]}}