{"id":7383,"date":"2025-11-04T16:05:57","date_gmt":"2025-11-04T13:05:57","guid":{"rendered":"https:\/\/klasikdusunceokulu.com\/?page_id=7383"},"modified":"2025-11-04T16:05:57","modified_gmt":"2025-11-04T13:05:57","slug":"saygin-gunenc-klasik-yunanca-dersleri-37-seminer-ozeti","status":"publish","type":"page","link":"https:\/\/klasikdusunceokulu.com\/index.php\/saygin-gunenc-klasik-yunanca-dersleri-37-seminer-ozeti\/","title":{"rendered":"SAYGIN G\u00dcNEN\u00c7, KLAS\u0130K YUNANCA DERSLER\u0130 37. SEM\u0130NER \u00d6ZET\u0130"},"content":{"rendered":"<p><span style=\"color: #000000;\"><strong>SAYGIN G\u00dcNEN\u00c7, KLAS\u0130K YUNANCA DERSLER\u0130 37. SEM\u0130NER \u00d6ZET\u0130<\/strong><\/span><\/p>\n<p><span style=\"color: #000000;\"><strong>Dersin Amac\u0131 ve Kapsam\u0131<\/strong><\/span><\/p>\n<p><span style=\"color: #000000;\">Bu ders, 3. isim \u00e7ekiminin -\u03bd ile biten g\u00f6vdeli (likvida) isimlerini \u00f6\u011fretmek \u00fczere haz\u0131rlanm\u0131\u015ft\u0131r. Dersin amac\u0131, g\u00f6vde belirleme, vurgu kurallar\u0131 ve ses uyumlar\u0131n\u0131 metin temelli \u00f6rneklerle a\u00e7\u0131klayarak \u00f6\u011frenciyi 3. \u00e7ekimin tamam\u0131na h\u00e2kim bir seviyeye ta\u015f\u0131makt\u0131r. Ayr\u0131ca k\u00fclt\u00fcrel terminolojiyle ili\u015fkili kelime alanlar\u0131 \u00fczerinden anlamsal ba\u011flam g\u00fc\u00e7lendirilir.<\/span><\/p>\n<p><span style=\"color: #000000;\"><strong>Ana Temalar<\/strong><\/span><\/p>\n<p><span style=\"color: #000000;\"><strong>1\ufe0f.<\/strong><strong>\u00a0Likvida G\u00f6vdeli Kelimelerin \u00d6zellikleri<\/strong><\/span><\/p>\n<ul>\n<li><span style=\"color: #000000;\">G\u00f6vde sonu likvidad\u0131r: -\u03bd<\/span><\/li>\n<li><span style=\"color: #000000;\">\u00dc\u00e7\u00fcnc\u00fc \u00e7ekime aittir ancak g\u00f6vde sabitli\u011fi y\u00fcksektir<\/span><\/li>\n<li><span style=\"color: #000000;\">Cinsiyet \u00e7o\u011funlukla maskulinum olmakla birlikte, s\u00f6zl\u00fck kontrol\u00fc gereklidir<\/span><\/li>\n<\/ul>\n<p><span style=\"color: #000000;\"><strong>2\ufe0f.<\/strong><strong>\u00a0\u00c7ekim Sistemati\u011fi<\/strong><\/span><\/p>\n<p><span style=\"color: #000000;\">G\u00f6vde genitivus singularisten elde edilir \u2192 -\u03bf\u03c2 d\u00fc\u015fer<\/span><\/p>\n<table>\n<thead>\n<tr>\n<td><span style=\"color: #000000;\"><strong>Durum<\/strong><\/span><\/td>\n<td><span style=\"color: #000000;\"><strong>\u00d6rnek: <\/strong><strong>\u1f00\u03b3\u03ce\u03bd<\/strong><\/span><\/td>\n<td><span style=\"color: #000000;\"><strong>A\u00e7\u0131klama<\/strong><\/span><\/td>\n<\/tr>\n<\/thead>\n<tbody>\n<tr>\n<td><span style=\"color: #000000;\">Nom. sg.<\/span><\/td>\n<td><span style=\"color: #000000;\">\u1f00\u03b3\u03ce\u03bd<\/span><\/td>\n<td><span style=\"color: #000000;\">tek heceli \u2192 vurgu de\u011fi\u015febilir<\/span><\/td>\n<\/tr>\n<tr>\n<td><span style=\"color: #000000;\">Gen. sg.<\/span><\/td>\n<td><span style=\"color: #000000;\">\u1f00\u03b3\u1ff6\u03bd\u03bf\u03c2<\/span><\/td>\n<td><span style=\"color: #000000;\">g\u00f6vde: <em>\u1f00\u03b3\u03c9\u03bd-<\/em><\/span><\/td>\n<\/tr>\n<tr>\n<td><span style=\"color: #000000;\">Dat. pl.<\/span><\/td>\n<td><span style=\"color: #000000;\">\u1f00\u03b3\u1ff6\u03c3\u03b9(\u03bd)<\/span><\/td>\n<td><span style=\"color: #000000;\"><strong>\u03bd<\/strong> d\u00fc\u015fmesi karakteristik<\/span><\/td>\n<\/tr>\n<\/tbody>\n<\/table>\n<p><span style=\"color: #000000;\">Fonolojik \u00f6zellik:<\/span><\/p>\n<ul>\n<li><span style=\"color: #000000;\">dat. pl.-\u03c3\u03b9(\u03bd) ekinde \u03bd geniz uyumuyla kaybolabilir \u2192 ba\u011flamsal form<\/span><\/li>\n<\/ul>\n<p><span style=\"color: #000000;\"><strong>3\ufe0f.<\/strong><strong>\u00a0S\u00f6z Varl\u0131\u011f\u0131 ve K\u00fclt\u00fcrel Alan<\/strong><\/span><\/p>\n<p><span style=\"color: #000000;\">Metinde i\u015flenen baz\u0131 \u00f6nemli kelimeler:<\/span><\/p>\n<table>\n<thead>\n<tr>\n<td><span style=\"color: #000000;\"><strong>Kelime<\/strong><\/span><\/td>\n<td><span style=\"color: #000000;\"><strong>Anlam<\/strong><\/span><\/td>\n<td><span style=\"color: #000000;\"><strong>K\u00fclt\u00fcrel Ba\u011f<\/strong><\/span><\/td>\n<\/tr>\n<\/thead>\n<tbody>\n<tr>\n<td><span style=\"color: #000000;\">\u03bb\u03b9\u03bc\u03ae\u03bd \u2013 \u03bb\u03b9\u03bc\u03ad\u03bd\u03bf\u03c2<\/span><\/td>\n<td><span style=\"color: #000000;\">liman<\/span><\/td>\n<td><span style=\"color: #000000;\">denizcilik k\u00fclt\u00fcr\u00fc<\/span><\/td>\n<\/tr>\n<tr>\n<td><span style=\"color: #000000;\">\u03b4\u03b1\u03af\u03bc\u03c9\u03bd \u2013 \u03b4\u03b1\u03af\u03bc\u03bf\u03bd\u03bf\u03c2<\/span><\/td>\n<td><span style=\"color: #000000;\">ilahi varl\u0131k<\/span><\/td>\n<td><span style=\"color: #000000;\"><em>demon<\/em> kelimesinin k\u00f6keni<\/span><\/td>\n<\/tr>\n<tr>\n<td><span style=\"color: #000000;\">\u03c7\u03b9\u03ce\u03bd \u2013 \u03c7\u03b9\u03cc\u03bd\u03bf\u03c2<\/span><\/td>\n<td><span style=\"color: #000000;\">kar<\/span><\/td>\n<td><span style=\"color: #000000;\">mevsimsel sembolizm<\/span><\/td>\n<\/tr>\n<tr>\n<td><span style=\"color: #000000;\">\u1f00\u03b3\u03ce\u03bd \u2013 \u1f00\u03b3\u1ff6\u03bd\u03bf\u03c2<\/span><\/td>\n<td><span style=\"color: #000000;\">yar\u0131\u015fma<\/span><\/td>\n<td><span style=\"color: #000000;\">agon k\u00fclt\u00fc, festival sporlar\u0131<\/span><\/td>\n<\/tr>\n<tr>\n<td><span style=\"color: #000000;\">\u03bc\u03ae\u03bd \u2013 \u03bc\u03b7\u03bd\u03cc\u03c2<\/span><\/td>\n<td><span style=\"color: #000000;\">ay<\/span><\/td>\n<td><span style=\"color: #000000;\">takvim ve rit\u00fcel hesaplamalar<\/span><\/td>\n<\/tr>\n<\/tbody>\n<\/table>\n<p><span style=\"color: #000000;\">Bu kelimeler Yunan k\u00fclt\u00fcr\u00fcnde tanr\u0131-insan-toplum ili\u015fkisini yans\u0131t\u0131r.<\/span><\/p>\n<p><span style=\"color: #000000;\"><strong>4\ufe0f.<\/strong><strong>\u00a0S\u0131fatlarla Uyum<\/strong><\/span><\/p>\n<ul>\n<li><span style=\"color: #000000;\">-\u03c9\u03bd, -\u03bf\u03bd ile biten iki bitimli s\u0131fatlar \u2192 ayn\u0131 kurall\u0131ca \u00e7ekilir<\/span><br \/>\n<span style=\"color: #000000;\">\u00d6rn: \u03b5\u1f50\u03b4\u03b1\u03af\u03bc\u03c9\u03bd \u2192 \u03b5\u1f50\u03b4\u03b1\u03af\u03bc\u03bf\u03bd\u03bf\u03c2<\/span><br \/>\n<span style=\"color: #000000;\">\u2192 S\u0131fat\u2013isim uyumu morfolojik esnekli\u011fe dayan\u0131r.<\/span><\/li>\n<\/ul>\n<p><span style=\"color: #000000;\"><strong>Sonu\u00e7<\/strong><\/span><\/p>\n<p><span style=\"color: #000000;\">Bu ders, 3. \u00e7ekim sisteminin en \u00f6nemli alt gruplar\u0131ndan biri olan likvida g\u00f6vdelilerin form, vurgu ve fonetik \u00f6zelliklerini b\u00fct\u00fcnc\u00fcl bi\u00e7imde ele al\u0131r. \u00d6\u011frenci, g\u00f6vde tan\u0131mlama ve \u00e7ekim ilkelerini uygulamal\u0131 \u00f6rneklerle kavrayarak metin \u00e7\u00f6z\u00fcmlemesinde hata oran\u0131n\u0131 d\u00fc\u015f\u00fcr\u00fcr. B\u00f6ylece 3. isim \u00e7ekimi yap\u0131lar\u0131, s\u00f6zl\u00fck referans\u0131yla birlikte philolojik okuma yetisini g\u00fc\u00e7lendiren sa\u011flam bir temel h\u00e2line gelir.<\/span><\/p>\n<p>&nbsp;<\/p>\n<p><span style=\"color: #000000;\"><strong>Purpose and Scope<\/strong><\/span><\/p>\n<p><span style=\"color: #000000;\">This lesson focuses on liquid-stem nouns of the 3rd declension, specifically those ending in -\u03bd. Its purpose is to strengthen mastery over stem identification, accent rules, and phonological behavior while reinforcing cultural vocabulary within authentic text contexts.<\/span><\/p>\n<p><span style=\"color: #000000;\"><strong>Main Themes<\/strong><\/span><\/p>\n<p><span style=\"color: #000000;\"><strong>1\ufe0f.<\/strong><strong>\u00a0Characteristics of Liquid Stems<\/strong><\/span><\/p>\n<ul>\n<li><span style=\"color: #000000;\">Stems ending in nu (-\u03bd)<\/span><\/li>\n<li><span style=\"color: #000000;\">Mostly masculine<\/span><\/li>\n<li><span style=\"color: #000000;\">Require consistent lexical confirmation<\/span><\/li>\n<\/ul>\n<p><span style=\"color: #000000;\">\u27a1 High stem stability distinguishes them within the 3rd declension.<\/span><\/p>\n<p><span style=\"color: #000000;\"><strong>2\ufe0f.<\/strong><strong>\u00a0Declension Principles<\/strong><\/span><\/p>\n<table>\n<thead>\n<tr>\n<td><span style=\"color: #000000;\"><strong>Case<\/strong><\/span><\/td>\n<td><span style=\"color: #000000;\"><strong>Example: <\/strong><strong>\u1f00\u03b3\u03ce\u03bd<\/strong><\/span><\/td>\n<td><span style=\"color: #000000;\"><strong>Note<\/strong><\/span><\/td>\n<\/tr>\n<\/thead>\n<tbody>\n<tr>\n<td><span style=\"color: #000000;\">Nom. sg.<\/span><\/td>\n<td><span style=\"color: #000000;\">\u1f00\u03b3\u03ce\u03bd<\/span><\/td>\n<td><span style=\"color: #000000;\">monosyllabic \u2192 accent may shift<\/span><\/td>\n<\/tr>\n<tr>\n<td><span style=\"color: #000000;\">Gen. sg.<\/span><\/td>\n<td><span style=\"color: #000000;\">\u1f00\u03b3\u1ff6\u03bd\u03bf\u03c2<\/span><\/td>\n<td><span style=\"color: #000000;\">stem: <em>\u1f00\u03b3\u03c9\u03bd-<\/em><\/span><\/td>\n<\/tr>\n<tr>\n<td><span style=\"color: #000000;\">Dat. pl.<\/span><\/td>\n<td><span style=\"color: #000000;\">\u1f00\u03b3\u1ff6\u03c3\u03b9(\u03bd)<\/span><\/td>\n<td><span style=\"color: #000000;\"><strong>nu-drop<\/strong> due to nasal assimilation<\/span><\/td>\n<\/tr>\n<\/tbody>\n<\/table>\n<p><span style=\"color: #000000;\">Key phonological feature:<\/span><br \/>\n<span style=\"color: #000000;\">-\u03c3\u03b9(\u03bd) dative plural marker loses -\u03bd depending on its phonetic environment.<\/span><\/p>\n<p><span style=\"color: #000000;\"><strong>3\ufe0f.<\/strong><strong>\u00a0Lexical and Cultural Dimension<\/strong><\/span><\/p>\n<p><span style=\"color: #000000;\">Vocabulary encountered:<\/span><\/p>\n<table>\n<thead>\n<tr>\n<td><span style=\"color: #000000;\"><strong>Greek<\/strong><\/span><\/td>\n<td><span style=\"color: #000000;\"><strong>Meaning<\/strong><\/span><\/td>\n<td><span style=\"color: #000000;\"><strong>Cultural Insight<\/strong><\/span><\/td>\n<\/tr>\n<\/thead>\n<tbody>\n<tr>\n<td><span style=\"color: #000000;\">\u03bb\u03b9\u03bc\u03ae\u03bd<\/span><\/td>\n<td><span style=\"color: #000000;\">harbor<\/span><\/td>\n<td><span style=\"color: #000000;\">naval identity of Greek poleis<\/span><\/td>\n<\/tr>\n<tr>\n<td><span style=\"color: #000000;\">\u03b4\u03b1\u03af\u03bc\u03c9\u03bd<\/span><\/td>\n<td><span style=\"color: #000000;\">divine force<\/span><\/td>\n<td><span style=\"color: #000000;\">later shift to negative \u201cdemon\u201d<\/span><\/td>\n<\/tr>\n<tr>\n<td><span style=\"color: #000000;\">\u03c7\u03b9\u03ce\u03bd<\/span><\/td>\n<td><span style=\"color: #000000;\">snow<\/span><\/td>\n<td><span style=\"color: #000000;\">seasonal imagery<\/span><\/td>\n<\/tr>\n<tr>\n<td><span style=\"color: #000000;\">\u1f00\u03b3\u03ce\u03bd<\/span><\/td>\n<td><span style=\"color: #000000;\">contest<\/span><\/td>\n<td><span style=\"color: #000000;\">athletic &amp; ritual competition<\/span><\/td>\n<\/tr>\n<tr>\n<td><span style=\"color: #000000;\">\u03bc\u03ae\u03bd<\/span><\/td>\n<td><span style=\"color: #000000;\">month<\/span><\/td>\n<td><span style=\"color: #000000;\">lunar-based calendar systems<\/span><\/td>\n<\/tr>\n<\/tbody>\n<\/table>\n<p><span style=\"color: #000000;\">These terms reveal Greek conceptions of ritual, society, and nature.<\/span><\/p>\n<p><span style=\"color: #000000;\"><strong>4\ufe0f.<\/strong><strong>\u00a0Adjectival Agreement<\/strong><\/span><\/p>\n<p><span style=\"color: #000000;\">Two-ending adjectives (-\u03c9\u03bd, -\u03bf\u03bd):<\/span><\/p>\n<ul>\n<li><span style=\"color: #000000;\">Decline according to the same rules<\/span><\/li>\n<li><span style=\"color: #000000;\">Used frequently with religious &amp; philosophical vocabulary<\/span><\/li>\n<\/ul>\n<p><span style=\"color: #000000;\">\u27a1 Enhances syntactic flexibility in interpretation.<\/span><\/p>\n<p><span style=\"color: #000000;\"><strong>Conclusion<\/strong><\/span><\/p>\n<p><span style=\"color: #000000;\">This lesson integrates morphology, phonology, and cultural semantics to reinforce advanced proficiency in third-declension noun behavior. Recognizing liquid stems and their dative plural patterns significantly improves reading accuracy and philological analysis in Classical Greek texts.<\/span><\/p>\n<p>&nbsp;<\/p>\n","protected":false},"excerpt":{"rendered":"<p>SAYGIN G\u00dcNEN\u00c7, KLAS\u0130K YUNANCA DERSLER\u0130 37. SEM\u0130NER \u00d6ZET\u0130 Dersin Amac\u0131 [&hellip;]<\/p>\n","protected":false},"author":1,"featured_media":0,"parent":0,"menu_order":0,"comment_status":"closed","ping_status":"closed","template":"","meta":{"footnotes":""},"class_list":["post-7383","page","type-page","status-publish","hentry"],"jetpack_sharing_enabled":true,"_links":{"self":[{"href":"https:\/\/klasikdusunceokulu.com\/index.php\/wp-json\/wp\/v2\/pages\/7383","targetHints":{"allow":["GET"]}}],"collection":[{"href":"https:\/\/klasikdusunceokulu.com\/index.php\/wp-json\/wp\/v2\/pages"}],"about":[{"href":"https:\/\/klasikdusunceokulu.com\/index.php\/wp-json\/wp\/v2\/types\/page"}],"author":[{"embeddable":true,"href":"https:\/\/klasikdusunceokulu.com\/index.php\/wp-json\/wp\/v2\/users\/1"}],"replies":[{"embeddable":true,"href":"https:\/\/klasikdusunceokulu.com\/index.php\/wp-json\/wp\/v2\/comments?post=7383"}],"version-history":[{"count":1,"href":"https:\/\/klasikdusunceokulu.com\/index.php\/wp-json\/wp\/v2\/pages\/7383\/revisions"}],"predecessor-version":[{"id":7384,"href":"https:\/\/klasikdusunceokulu.com\/index.php\/wp-json\/wp\/v2\/pages\/7383\/revisions\/7384"}],"wp:attachment":[{"href":"https:\/\/klasikdusunceokulu.com\/index.php\/wp-json\/wp\/v2\/media?parent=7383"}],"curies":[{"name":"wp","href":"https:\/\/api.w.org\/{rel}","templated":true}]}}